{"id":10816,"date":"2022-11-21T16:29:11","date_gmt":"2022-11-21T15:29:11","guid":{"rendered":"https:\/\/www.gerontim.com\/?page_id=10816"},"modified":"2025-10-27T15:07:51","modified_gmt":"2025-10-27T14:07:51","slug":"preparation-evaluation-has-esms","status":"publish","type":"page","link":"https:\/\/www.gerontim.com\/fr\/prestations\/preparation-evaluation-has-esms\/","title":{"rendered":"\u00c9valuation HAS : comment r\u00e9ussir sa pr\u00e9paration et s\u00e9curiser sa conformit\u00e9 ?"},"content":{"rendered":"\t\t<div data-elementor-type=\"wp-post\" data-elementor-id=\"10816\" class=\"elementor elementor-10816\" data-elementor-post-type=\"page\">\n\t\t\t\t\t\t<section class=\"elementor-section elementor-top-section elementor-element elementor-element-a4d2f4e elementor-section-content-middle elementor-reverse-tablet elementor-reverse-mobile elementor-section-boxed elementor-section-height-default elementor-section-height-default\" data-id=\"a4d2f4e\" data-element_type=\"section\" data-e-type=\"section\" id=\"intro\">\n\t\t\t\t\t\t<div class=\"elementor-container elementor-column-gap-default\">\n\t\t\t\t\t<div class=\"elementor-column elementor-col-33 elementor-top-column elementor-element elementor-element-4a9c84b\" data-id=\"4a9c84b\" data-element_type=\"column\" data-e-type=\"column\" data-settings=\"{&quot;background_background&quot;:&quot;classic&quot;}\">\n\t\t\t<div class=\"elementor-widget-wrap elementor-element-populated\">\n\t\t\t\t\t\t<div class=\"elementor-element elementor-element-a2916e7 credit elementor-hidden-phone elementor-widget elementor-widget-image\" data-id=\"a2916e7\" data-element_type=\"widget\" data-e-type=\"widget\" data-widget_type=\"image.default\">\n\t\t\t\t<div class=\"elementor-widget-container\">\n\t\t\t\t\t\t\t\t\t\t\t\t<figure class=\"wp-caption\">\n\t\t\t\t\t\t\t\t\t\t<img fetchpriority=\"high\" decoding=\"async\" width=\"768\" height=\"768\" src=\"https:\/\/www.gerontim.com\/wp-content\/uploads\/2022\/11\/auto-evaluation-qualite-etablissements-services-medicosociaux-esms-768x768.png\" class=\"attachment-medium_large size-medium_large wp-image-10889\" alt=\"Guider les ESMS dans la pr\u00e9paration \u00e0 l&#039;\u00e9valuation HAS et le d\u00e9veloppement d\u2019une d\u00e9marche qualit\u00e9\" srcset=\"https:\/\/www.gerontim.com\/wp-content\/uploads\/2022\/11\/auto-evaluation-qualite-etablissements-services-medicosociaux-esms-768x768.png 768w, https:\/\/www.gerontim.com\/wp-content\/uploads\/2022\/11\/auto-evaluation-qualite-etablissements-services-medicosociaux-esms-300x300.png 300w, https:\/\/www.gerontim.com\/wp-content\/uploads\/2022\/11\/auto-evaluation-qualite-etablissements-services-medicosociaux-esms-1024x1024.png 1024w, https:\/\/www.gerontim.com\/wp-content\/uploads\/2022\/11\/auto-evaluation-qualite-etablissements-services-medicosociaux-esms-150x150.png 150w, https:\/\/www.gerontim.com\/wp-content\/uploads\/2022\/11\/elementor\/thumbs\/auto-evaluation-qualite-etablissements-services-medicosociaux-esms-q90ianmor3vadpch93hjl4742s225rsk2bsb7ih9sg.png 200w, https:\/\/www.gerontim.com\/wp-content\/uploads\/2022\/11\/auto-evaluation-qualite-etablissements-services-medicosociaux-esms.png 1080w\" sizes=\"(max-width: 768px) 100vw, 768px\" \/>\t\t\t\t\t\t\t\t\t\t\t<figcaption class=\"widget-image-caption wp-caption-text\">Cr\u00e9dit : Makyzz \/ Freepik<\/figcaption>\n\t\t\t\t\t\t\t\t\t\t<\/figure>\n\t\t\t\t\t\t\t\t\t<\/div>\n\t\t\t\t<\/div>\n\t\t\t\t\t<\/div>\n\t\t<\/div>\n\t\t\t\t<div class=\"elementor-column elementor-col-66 elementor-top-column elementor-element elementor-element-73d734a\" data-id=\"73d734a\" data-element_type=\"column\" data-e-type=\"column\" data-settings=\"{&quot;background_background&quot;:&quot;classic&quot;}\">\n\t\t\t<div class=\"elementor-widget-wrap elementor-element-populated\">\n\t\t\t\t\t<div class=\"elementor-background-overlay\"><\/div>\n\t\t\t\t\t\t<div class=\"elementor-section elementor-inner-section elementor-element elementor-element-efdc309 fond-vert elementor-section-boxed elementor-section-height-default elementor-section-height-default\" data-id=\"efdc309\" data-element_type=\"section\" data-e-type=\"section\" data-settings=\"{&quot;background_background&quot;:&quot;classic&quot;}\">\n\t\t\t\t\t\t<div class=\"elementor-container elementor-column-gap-default\">\n\t\t\t\t\t<div class=\"elementor-column elementor-col-100 elementor-inner-column elementor-element elementor-element-cb73e84\" data-id=\"cb73e84\" data-element_type=\"column\" data-e-type=\"column\">\n\t\t\t<div class=\"elementor-widget-wrap elementor-element-populated\">\n\t\t\t\t\t\t<div class=\"elementor-element elementor-element-ea6d3de elementor-invisible elementor-widget elementor-widget-text-editor\" data-id=\"ea6d3de\" data-element_type=\"widget\" data-e-type=\"widget\" data-settings=\"{&quot;_animation&quot;:&quot;fadeIn&quot;}\" data-widget_type=\"text-editor.default\">\n\t\t\t\t<div class=\"elementor-widget-container\">\n\t\t\t\t\t\t\t\t\t<p><strong>L\u2019\u00e9valuation HAS des \u00c9tablissements et Services M\u00e9dico-Sociaux<\/strong> \u2013 EHPAD, EHPA, R\u00e9sidences Autonomie, SAAD et SSIAD \u2013 est une obligation r\u00e9glementaire issue de la loi du 2 janvier 2002. Depuis 2022, elle repose sur le <strong><a rel=\"noreferrer noopener\" href=\"https:\/\/www.has-sante.fr\/jcms\/p_3324490\/fr\/evaluation-des-essms-referentiel-et-manuel\">r\u00e9f\u00e9rentiel national de la Haute Autorit\u00e9 de Sant\u00e9 (HAS)<\/a><\/strong>, structur\u00e9 autour de 3 m\u00e9thodes d\u2019\u00e9valuation et 157 crit\u00e8res, dont 18 crit\u00e8res imp\u00e9ratifs.<\/p>\t\t\t\t\t\t\t\t<\/div>\n\t\t\t\t<\/div>\n\t\t\t\t\t<\/div>\n\t\t<\/div>\n\t\t\t\t\t<\/div>\n\t\t<\/div>\n\t\t\t\t\t<\/div>\n\t\t<\/div>\n\t\t\t\t\t<\/div>\n\t\t<\/section>\n\t\t\t\t<section class=\"elementor-section elementor-top-section elementor-element elementor-element-6971b51 elementor-section-boxed elementor-section-height-default elementor-section-height-default\" data-id=\"6971b51\" data-element_type=\"section\" data-e-type=\"section\" data-settings=\"{&quot;background_background&quot;:&quot;classic&quot;}\">\n\t\t\t\t\t\t\t<div class=\"elementor-background-overlay\"><\/div>\n\t\t\t\t\t\t\t<div class=\"elementor-container elementor-column-gap-default\">\n\t\t\t\t\t<div class=\"elementor-column elementor-col-100 elementor-top-column elementor-element elementor-element-179be31\" data-id=\"179be31\" data-element_type=\"column\" data-e-type=\"column\">\n\t\t\t<div class=\"elementor-widget-wrap elementor-element-populated\">\n\t\t\t\t\t\t<div class=\"elementor-element elementor-element-15d294c elementor-widget elementor-widget-text-editor\" data-id=\"15d294c\" data-element_type=\"widget\" data-e-type=\"widget\" data-widget_type=\"text-editor.default\">\n\t\t\t\t<div class=\"elementor-widget-container\">\n\t\t\t\t\t\t\t\t\t<p style=\"text-align: justify;\">Au-del\u00e0 de son caract\u00e8re obligatoire, la <strong>certification HAS<\/strong> est un enjeu strat\u00e9gique majeur. Son bon d\u00e9roulement conditionne le renouvellement de l\u2019autorisation de fonctionnement des ESMS et la reconnaissance de la <strong>qualit\u00e9 de l\u2019accompagnement<\/strong> propos\u00e9. Depuis <a href=\"https:\/\/www.gerontim.com\/fr\/articles\/actus\/modalites-de-publication-des-rapports-evaluations-decret-2024\/\">le d\u00e9cret du 5 d\u00e9cembre 2024<\/a>, cette \u00e9valuation prend une dimension encore plus d\u00e9terminante, car ses r\u00e9sultats sont d\u00e9sormais rendus publics et accessibles.<\/p>\t\t\t\t\t\t\t\t<\/div>\n\t\t\t\t<\/div>\n\t\t\t\t\t<\/div>\n\t\t<\/div>\n\t\t\t\t\t<\/div>\n\t\t<\/section>\n\t\t\t\t<section class=\"elementor-section elementor-top-section elementor-element elementor-element-02dbd2f elementor-section-boxed elementor-section-height-default elementor-section-height-default\" data-id=\"02dbd2f\" data-element_type=\"section\" data-e-type=\"section\">\n\t\t\t\t\t\t<div class=\"elementor-container elementor-column-gap-default\">\n\t\t\t\t\t<div class=\"elementor-column elementor-col-100 elementor-top-column elementor-element elementor-element-3bedff8\" data-id=\"3bedff8\" data-element_type=\"column\" data-e-type=\"column\">\n\t\t\t<div class=\"elementor-widget-wrap elementor-element-populated\">\n\t\t\t\t\t\t<div class=\"elementor-element elementor-element-488160e title-h3 elementor-widget elementor-widget-uael-advanced-heading\" data-id=\"488160e\" data-element_type=\"widget\" data-e-type=\"widget\" data-widget_type=\"uael-advanced-heading.default\">\n\t\t\t\t<div class=\"elementor-widget-container\">\n\t\t\t\t\t\n\t\t<div class=\"uael-module-content uael-heading-wrapper\">\n\t\t\t\t\t\t\n\t\t\t<h2 class=\"uael-heading\">\n\t\t\t\t\t\t\t\t\t\t<span class=\"uael-heading-text elementor-inline-editing uael-size--default\" data-elementor-setting-key=\"heading_title\" data-elementor-inline-editing-toolbar=\"basic\">Pourquoi pr\u00e9parer son \u00e9valuation HAS ?<\/span>\n\t\t\t\t\t\t\t<\/h2>\n\n\t\t\t\n\t\t\t\t\t\t<div class=\"uael-module-content uael-separator-parent\">\n\t\t\t\t\t\t\t\t\t\t\t\t\t<div class=\"uael-separator\"><\/div>\n\t\t\t\t\t\t\t<\/div>\n\t\t\t\n\t\t\t\n\t\t\t\t\t\t<\/div>\n\t\t\t\t\t\t<\/div>\n\t\t\t\t<\/div>\n\t\t\t\t<div class=\"elementor-element elementor-element-a0fd103 elementor-widget elementor-widget-text-editor\" data-id=\"a0fd103\" data-element_type=\"widget\" data-e-type=\"widget\" data-widget_type=\"text-editor.default\">\n\t\t\t\t<div class=\"elementor-widget-container\">\n\t\t\t\t\t\t\t\t\t<p>L\u2019\u00e9valuation HAS ne se r\u00e9sume pas \u00e0 une r\u00e9ponse \u00e0 une obligation r\u00e9glementaire. Elle constitue un v\u00e9ritable <strong>outil de pilotage et d\u2019optimisation de la gestion de la qualit\u00e9<\/strong>.<\/p><p>En s\u2019y pr\u00e9parant activement, les structures m\u00e9dico-sociales transforment cette d\u00e9marche en un levier strat\u00e9gique pour renforcer leur d\u00e9marche qualit\u00e9 et <strong>f\u00e9d\u00e9rer leurs \u00e9quipes autour d\u2019un projet commun et d\u2019une vision partag\u00e9e<\/strong>. <\/p><p>Une d\u00e9marche proactive permet notamment de :<\/p><ul><li>Identifier les axes d\u2019am\u00e9lioration et structurer les pratiques pour r\u00e9pondre aux exigences du r\u00e9f\u00e9rentiel HAS,<\/li><li>\u00catre en conformit\u00e9 en renfor\u00e7ant la tra\u00e7abilit\u00e9 et la collecte des \u00e9l\u00e9ments de preuve, tout en \u00e9vitant des ajustements pr\u00e9cipit\u00e9s en cas d\u2019\u00e9valuation imminente,<\/li><li>Optimiser l\u2019organisation interne : en clarifiant les r\u00f4les et les responsabilit\u00e9s des \u00e9quipes, en fluidifiant les processus et en favorisant l\u2019adh\u00e9sion des professionnels aux \u00e9volutions n\u00e9cessaires,<\/li><li>Mobiliser les \u00e9quipes autour d\u2019une dynamique d\u2019am\u00e9lioration continue.<\/li><\/ul><p>Se pr\u00e9parer \u00e0 l\u2019\u00e9valuation HAS, c\u2019est donc transformer une obligation en un levier de performance, en mettant en place des <strong>actions concr\u00e8tes et durables pour am\u00e9liorer la d\u00e9marche qualit\u00e9<\/strong>.<\/p>\t\t\t\t\t\t\t\t<\/div>\n\t\t\t\t<\/div>\n\t\t\t\t\t<\/div>\n\t\t<\/div>\n\t\t\t\t\t<\/div>\n\t\t<\/section>\n\t\t\t\t<section class=\"elementor-section elementor-top-section elementor-element elementor-element-0904335 elementor-section-boxed elementor-section-height-default elementor-section-height-default\" data-id=\"0904335\" data-element_type=\"section\" data-e-type=\"section\">\n\t\t\t\t\t\t<div class=\"elementor-container elementor-column-gap-default\">\n\t\t\t\t\t<div class=\"elementor-column elementor-col-100 elementor-top-column elementor-element elementor-element-c4aeb7b\" data-id=\"c4aeb7b\" data-element_type=\"column\" data-e-type=\"column\">\n\t\t\t<div class=\"elementor-widget-wrap elementor-element-populated\">\n\t\t\t\t\t\t<div class=\"elementor-element elementor-element-cc39ec0 title-h3 elementor-widget elementor-widget-uael-advanced-heading\" data-id=\"cc39ec0\" data-element_type=\"widget\" data-e-type=\"widget\" data-widget_type=\"uael-advanced-heading.default\">\n\t\t\t\t<div class=\"elementor-widget-container\">\n\t\t\t\t\t\n\t\t<div class=\"uael-module-content uael-heading-wrapper\">\n\t\t\t\t\t\t\n\t\t\t<h2 class=\"uael-heading\">\n\t\t\t\t\t\t\t\t\t\t<span class=\"uael-heading-text elementor-inline-editing uael-size--default\" data-elementor-setting-key=\"heading_title\" data-elementor-inline-editing-toolbar=\"basic\">Gerontim : votre expert en pr\u00e9paration et conformit\u00e9 HAS<\/span>\n\t\t\t\t\t\t\t<\/h2>\n\n\t\t\t\n\t\t\t\t\t\t<div class=\"uael-module-content uael-separator-parent\">\n\t\t\t\t\t\t\t\t\t\t\t\t\t<div class=\"uael-separator\"><\/div>\n\t\t\t\t\t\t\t<\/div>\n\t\t\t\n\t\t\t\n\t\t\t\t\t\t<\/div>\n\t\t\t\t\t\t<\/div>\n\t\t\t\t<\/div>\n\t\t\t\t<div class=\"elementor-element elementor-element-c0dfcc1 elementor-widget elementor-widget-text-editor\" data-id=\"c0dfcc1\" data-element_type=\"widget\" data-e-type=\"widget\" data-widget_type=\"text-editor.default\">\n\t\t\t\t<div class=\"elementor-widget-container\">\n\t\t\t\t\t\t\t\t\t<p>Filiale de la <a rel=\"noreferrer noopener\" href=\"https:\/\/fnaqpa.fr\/fr\/\">FNAQPA (F\u00e9d\u00e9ration Nationale Avenir et Qualit\u00e9 de vie des Personnes Ag\u00e9es)<\/a>, Gerontim vous accompagne pour :<\/p><ul><li>S\u00e9curiser votre conformit\u00e9 r\u00e9glementaire HAS pour \u00e9viter les \u00e9carts critiques,<\/li><li>Fiabiliser vos documents et \u00e9l\u00e9ments de preuve pour l\u2019\u00e9valuation,<\/li><li>Pr\u00e9parer vos \u00e9quipes aux entretiens avec les \u00e9valuateurs gr\u00e2ce \u00e0 des simulations,<\/li><li>Renforcer la coh\u00e9sion d\u2019\u00e9quipe en impliquant activement tous les professionnels autour d\u2019un projet commun,<\/li><li>Structurer un plan d&rsquo;action efficace pour r\u00e9pondre aux 18 crit\u00e8res imp\u00e9ratifs HAS.<\/li><\/ul>\t\t\t\t\t\t\t\t<\/div>\n\t\t\t\t<\/div>\n\t\t\t\t<div class=\"elementor-element elementor-element-d63614e elementor-align-center elementor-widget elementor-widget-button\" data-id=\"d63614e\" data-element_type=\"widget\" data-e-type=\"widget\" data-widget_type=\"button.default\">\n\t\t\t\t<div class=\"elementor-widget-container\">\n\t\t\t\t\t\t\t\t\t<div class=\"elementor-button-wrapper\">\n\t\t\t\t\t<a class=\"elementor-button elementor-button-link elementor-size-lg\" rel=\"noreferrer noopener\" href=\"#prefooter\">\n\t\t\t\t\t\t<span class=\"elementor-button-content-wrapper\">\n\t\t\t\t\t\t\t\t\t<span class=\"elementor-button-text\">Anticipez votre \u00e9valuation HAS avec un accompagnement structur\u00e9<\/span>\n\t\t\t\t\t<\/span>\n\t\t\t\t\t<\/a>\n\t\t\t\t<\/div>\n\t\t\t\t\t\t\t\t<\/div>\n\t\t\t\t<\/div>\n\t\t\t\t\t<\/div>\n\t\t<\/div>\n\t\t\t\t\t<\/div>\n\t\t<\/section>\n\t\t\t\t<section class=\"elementor-section elementor-top-section elementor-element elementor-element-9eccb16 elementor-section-boxed elementor-section-height-default elementor-section-height-default\" data-id=\"9eccb16\" data-element_type=\"section\" data-e-type=\"section\">\n\t\t\t\t\t\t<div class=\"elementor-container elementor-column-gap-default\">\n\t\t\t\t\t<div class=\"elementor-column elementor-col-100 elementor-top-column elementor-element elementor-element-25a5a38\" data-id=\"25a5a38\" data-element_type=\"column\" data-e-type=\"column\">\n\t\t\t<div class=\"elementor-widget-wrap elementor-element-populated\">\n\t\t\t\t\t\t<div class=\"elementor-element elementor-element-dc442ac title-h3 elementor-widget elementor-widget-uael-advanced-heading\" data-id=\"dc442ac\" data-element_type=\"widget\" data-e-type=\"widget\" data-widget_type=\"uael-advanced-heading.default\">\n\t\t\t\t<div class=\"elementor-widget-container\">\n\t\t\t\t\t\n\t\t<div class=\"uael-module-content uael-heading-wrapper\">\n\t\t\t\t\t\t\n\t\t\t<h2 class=\"uael-heading\">\n\t\t\t\t\t\t\t\t\t\t<span class=\"uael-heading-text elementor-inline-editing uael-size--default\" data-elementor-setting-key=\"heading_title\" data-elementor-inline-editing-toolbar=\"basic\">Comment r\u00e9ussir son \u00e9valuation HAS ?<\/span>\n\t\t\t\t\t\t\t<\/h2>\n\n\t\t\t\n\t\t\t\t\t\t<div class=\"uael-module-content uael-separator-parent\">\n\t\t\t\t\t\t\t\t\t\t\t\t\t<div class=\"uael-separator\"><\/div>\n\t\t\t\t\t\t\t<\/div>\n\t\t\t\n\t\t\t\n\t\t\t\t\t\t<\/div>\n\t\t\t\t\t\t<\/div>\n\t\t\t\t<\/div>\n\t\t\t\t<div class=\"elementor-element elementor-element-ce99911 elementor-widget elementor-widget-text-editor\" data-id=\"ce99911\" data-element_type=\"widget\" data-e-type=\"widget\" data-widget_type=\"text-editor.default\">\n\t\t\t\t<div class=\"elementor-widget-container\">\n\t\t\t\t\t\t\t\t\t<p>L\u2019anticipation est la cl\u00e9 d\u2019une \u00e9valuation r\u00e9ussie et d\u2019une mise en conformit\u00e9 sans stress. L\u2019\u00e9valuation HAS est un processus qui ne s\u2019improvise pas. Gerontim recommande une <strong>pr\u00e9paration entre 6 mois et un an pour assurer une conformit\u00e9 optimale<\/strong> et \u00e9viter les non-conformit\u00e9s lors du passage des \u00e9valuateurs.<\/p><p>Anticiper, c\u2019est transformer l\u2019\u00e9valuation HAS en un v\u00e9ritable levier d\u2019am\u00e9lioration continue et garantir la reconnaissance de la qualit\u00e9 de votre structure. Cela vous permet de :<\/p><ul><li>Identifier en amont les \u00e9carts et corriger les non-conformit\u00e9s avant l&rsquo;\u00e9valuation officielle,<\/li><li>Pr\u00e9parer et mobiliser les \u00e9quipes aux <strong>trois m\u00e9thodes d\u2019\u00e9valuation<\/strong> (audit syst\u00e8me, traceurs cibl\u00e9s et accompagn\u00e9s traceurs),<\/li><li>Structurer et fiabiliser les \u00e9l\u00e9ments de preuve pour garantir une tra\u00e7abilit\u00e9 optimale,<\/li><li>\u00c9laborer un <strong>plan d\u2019am\u00e9lioration HAS<\/strong> pr\u00e9cis et adapt\u00e9 aux exigences des <strong>18 crit\u00e8res imp\u00e9ratifs.<\/strong><\/li><\/ul>\t\t\t\t\t\t\t\t<\/div>\n\t\t\t\t<\/div>\n\t\t\t\t\t<\/div>\n\t\t<\/div>\n\t\t\t\t\t<\/div>\n\t\t<\/section>\n\t\t\t\t<section class=\"elementor-section elementor-top-section elementor-element elementor-element-65b635d elementor-section-boxed elementor-section-height-default elementor-section-height-default\" data-id=\"65b635d\" data-element_type=\"section\" data-e-type=\"section\">\n\t\t\t\t\t\t<div class=\"elementor-container elementor-column-gap-default\">\n\t\t\t\t\t<div class=\"elementor-column elementor-col-100 elementor-top-column elementor-element elementor-element-50f8646\" data-id=\"50f8646\" data-element_type=\"column\" data-e-type=\"column\">\n\t\t\t<div class=\"elementor-widget-wrap elementor-element-populated\">\n\t\t\t\t\t\t<div class=\"elementor-element elementor-element-7a504a9 title-h3 elementor-widget elementor-widget-uael-advanced-heading\" data-id=\"7a504a9\" data-element_type=\"widget\" data-e-type=\"widget\" data-widget_type=\"uael-advanced-heading.default\">\n\t\t\t\t<div class=\"elementor-widget-container\">\n\t\t\t\t\t\n\t\t<div class=\"uael-module-content uael-heading-wrapper\">\n\t\t\t\t\t\t\n\t\t\t<h2 class=\"uael-heading\">\n\t\t\t\t\t\t\t\t\t\t<span class=\"uael-heading-text elementor-inline-editing uael-size--default\" data-elementor-setting-key=\"heading_title\" data-elementor-inline-editing-toolbar=\"basic\">Notre m\u00e9thodologie en 3 \u00e9tapes pour r\u00e9ussir votre \u00e9valuation HAS<\/span>\n\t\t\t\t\t\t\t<\/h2>\n\n\t\t\t\n\t\t\t\t\t\t<div class=\"uael-module-content uael-separator-parent\">\n\t\t\t\t\t\t\t\t\t\t\t\t\t<div class=\"uael-separator\"><\/div>\n\t\t\t\t\t\t\t<\/div>\n\t\t\t\n\t\t\t\n\t\t\t\t\t\t<\/div>\n\t\t\t\t\t\t<\/div>\n\t\t\t\t<\/div>\n\t\t\t\t<div class=\"elementor-element elementor-element-f4e51b9 elementor-widget elementor-widget-heading\" data-id=\"f4e51b9\" data-element_type=\"widget\" data-e-type=\"widget\" data-widget_type=\"heading.default\">\n\t\t\t\t<div class=\"elementor-widget-container\">\n\t\t\t\t\t<h3 class=\"elementor-heading-title elementor-size-default\">Audit &amp; Plan d'action<\/h3>\t\t\t\t<\/div>\n\t\t\t\t<\/div>\n\t\t\t\t<div class=\"elementor-element elementor-element-4b1fb4b elementor-widget elementor-widget-text-editor\" data-id=\"4b1fb4b\" data-element_type=\"widget\" data-e-type=\"widget\" data-widget_type=\"text-editor.default\">\n\t\t\t\t<div class=\"elementor-widget-container\">\n\t\t\t\t\t\t\t\t\t<p>Un <strong>audit HAS<\/strong> est une \u00e9tape strat\u00e9gique pour anticiper l\u2019\u00e9valuation officielle, \u00e9valuer votre conformit\u00e9, identifier vos \u00e9carts et mettre en place les actions correctives avant l\u2019\u00e9valuation officielle. GERONTIM vous propose un accompagnement \u00e0 l\u2019\u00e9valuation HAS sur-mesure, align\u00e9 sur les exigences du r\u00e9f\u00e9rentiel HAS et structur\u00e9 en trois \u00e9tapes cl\u00e9s pour garantir votre mise en conformit\u00e9 et obtenir votre certification.<\/p>\t\t\t\t\t\t\t\t<\/div>\n\t\t\t\t<\/div>\n\t\t\t\t<div class=\"elementor-element elementor-element-edc558b elementor-widget elementor-widget-heading\" data-id=\"edc558b\" data-element_type=\"widget\" data-e-type=\"widget\" data-widget_type=\"heading.default\">\n\t\t\t\t<div class=\"elementor-widget-container\">\n\t\t\t\t\t<h4 class=\"elementor-heading-title elementor-size-default\">Phase 1 - Audit HAS : diagnostic et mise en situation<\/h4>\t\t\t\t<\/div>\n\t\t\t\t<\/div>\n\t\t\t\t<div class=\"elementor-element elementor-element-b51fe8e elementor-widget elementor-widget-text-editor\" data-id=\"b51fe8e\" data-element_type=\"widget\" data-e-type=\"widget\" data-widget_type=\"text-editor.default\">\n\t\t\t\t<div class=\"elementor-widget-container\">\n\t\t\t\t\t\t\t\t\t<p>L\u2019objectif est de r\u00e9aliser une \u00e9valuation \u00e0 blanc permettant <strong>d\u2019analyser votre niveau de conformit\u00e9 et identifier les axes d\u2019am\u00e9lioration<\/strong> avant l\u2019\u00e9valuation officielle.<br \/>Apr\u00e8s une analyse approfondie des enjeux de votre \u00e9tablissement, le consultant identifie les documents cl\u00e9s n\u00e9cessaires \u00e0 l\u2019\u00e9valuation (<a href=\"https:\/\/www.gerontim.com\/fr\/prestations\/projet-etablissement-ou-service\/\">projet d\u2019\u00e9tablissement<\/a>, registre qualit\u00e9, proc\u00e9dures internes\u2026). Pour garantir un audit pertinent et complet, il est essentiel que ces documents soient accessibles, afin d\u2019objectiver l\u2019analyse et d\u2019anticiper d\u2019\u00e9ventuels axes d\u2019am\u00e9lioration.<br \/>Les actions mises en place :<\/p><ul><li>\u00a0Audit HAS interne sur la base des 3 m\u00e9thodes HAS (audit syst\u00e8me, traceurs cibl\u00e9s, accompagn\u00e9 traceur),<\/li><li>Analyse des <strong>157 crit\u00e8res du r\u00e9f\u00e9rentiel HAS<\/strong>, avec un focus sur les 18 crit\u00e8res imp\u00e9ratifs et des points critiques \u00e0 corriger avant l\u2019\u00e9valuation,<\/li><li>Recensement des documents cl\u00e9s \u00e0 mettre \u00e0 jour et des \u00e9l\u00e9ments de preuve manquants,<\/li><li>\u00c9valuation des <strong>proc\u00e9dures et pratiques professionnelles<\/strong> pour garantir leur conformit\u00e9 r\u00e9glementaire,<\/li><li>Simulations et mises en situation pour pr\u00e9parer les \u00e9quipes aux entretiens avec les \u00e9valuateurs,<\/li><li>Ateliers de sensibilisation pour assurer une compr\u00e9hension partag\u00e9e de la <a href=\"https:\/\/www.gerontim.com\/fr\/articles\/actus\/demarche-evaluation-has-ehpad-andre-louis-bienvenu\/\">d\u00e9marche \u00e9valuation HAS<\/a> par un maximum de professionnels.<\/li><\/ul>\t\t\t\t\t\t\t\t<\/div>\n\t\t\t\t<\/div>\n\t\t\t\t<div class=\"elementor-element elementor-element-9959d23 elementor-widget elementor-widget-heading\" data-id=\"9959d23\" data-element_type=\"widget\" data-e-type=\"widget\" data-widget_type=\"heading.default\">\n\t\t\t\t<div class=\"elementor-widget-container\">\n\t\t\t\t\t<h4 class=\"elementor-heading-title elementor-size-default\">Phase 2 - Structuration et formalisation des r\u00e9sultats<\/h4>\t\t\t\t<\/div>\n\t\t\t\t<\/div>\n\t\t\t\t<div class=\"elementor-element elementor-element-be517b1 elementor-widget elementor-widget-text-editor\" data-id=\"be517b1\" data-element_type=\"widget\" data-e-type=\"widget\" data-widget_type=\"text-editor.default\">\n\t\t\t\t<div class=\"elementor-widget-container\">\n\t\t\t\t\t\t\t\t\t<p>\u00c0 l\u2019issue du diagnostic, Gerontim vous fournit un rapport d\u00e9taill\u00e9, sous la forme d\u2019un tableau de bord permettant d\u2019avoir une vision claire de votre situation.<br \/>Ce rapport inclut :<\/p><ul><li>Un \u00e9tat des lieux pr\u00e9cis de votre conformit\u00e9,<\/li><li>Des pr\u00e9conisations et recommandations concr\u00e8tes crit\u00e8re par crit\u00e8re,<\/li><li>Une cotation pr\u00e9visionnelle, estimant la note que pourrait obtenir votre \u00e9tablissement ou service lors de l\u2019\u00e9valuation officielle.<\/li><\/ul>\t\t\t\t\t\t\t\t<\/div>\n\t\t\t\t<\/div>\n\t\t\t\t<div class=\"elementor-element elementor-element-c40185c elementor-widget elementor-widget-heading\" data-id=\"c40185c\" data-element_type=\"widget\" data-e-type=\"widget\" data-widget_type=\"heading.default\">\n\t\t\t\t<div class=\"elementor-widget-container\">\n\t\t\t\t\t<h4 class=\"elementor-heading-title elementor-size-default\">Phase 3 - Un plan d'action sur-mesure pour garantir votre conformit\u00e9<\/h4>\t\t\t\t<\/div>\n\t\t\t\t<\/div>\n\t\t\t\t<div class=\"elementor-element elementor-element-c84fa01 elementor-widget elementor-widget-text-editor\" data-id=\"c84fa01\" data-element_type=\"widget\" data-e-type=\"widget\" data-widget_type=\"text-editor.default\">\n\t\t\t\t<div class=\"elementor-widget-container\">\n\t\t\t\t\t\t\t\t\t<p>La derni\u00e8re phase est adaptable aux besoins sp\u00e9cifiques de chaque structure. En fonction du niveau de conformit\u00e9 identifi\u00e9 et des axes d\u2019am\u00e9lioration prioritaires, Gerontim propose un accompagnement personnalis\u00e9 selon vos besoins :\u00a0<\/p><ul><li>\u00c9laboration et suivi du <strong>plan d\u2019action qualit\u00e9<\/strong> pour structurer une <a href=\"https:\/\/www.gerontim.com\/fr\/articles\/experts\/ameliorer-demarche-qualite-en-ehpad\/\">d\u00e9marche d\u2019am\u00e9lioration continue de la qualit\u00e9<\/a>,<\/li><li>Accompagnement \u00e0 la mise en conformit\u00e9 documentaire (mise \u00e0 jour du projet d\u2019\u00e9tablissement ou des proc\u00e9dures qualit\u00e9),<\/li><li>Soutien personnalis\u00e9 des \u00e9quipes sur les attentes des \u00e9valuateurs et la ma\u00eetrise des m\u00e9thodes d\u2019\u00e9valuation (traceurs cibl\u00e9s, accompagn\u00e9 traceur, audit syst\u00e8me),<\/li><li>Nouvelles simulations et mises en situation pour pr\u00e9parer les \u00e9quipes aux entretiens avec les \u00e9valuateurs.<\/li><\/ul><p>Ainsi sont investigu\u00e9es les 9 th\u00e9matiques d\u2019\u00e9valuation sur des sujets vari\u00e9s tels que :<\/p><ul><li>Le d\u00e9veloppement d\u2019une<a rel=\"noreferrer noopener\" href=\"https:\/\/www.geronfor.fr\/formation_501.html\"> r\u00e9flexion \u00e9thique dans les pratiques professionnelles<\/a><\/li><li>Le d\u00e9ploiement d\u2019une <strong><a rel=\"noreferrer noopener\" href=\"https:\/\/www.geronfor.fr\/formation_336.html\">strat\u00e9gie bientraitance<\/a><\/strong><\/li><li>La participation de la personne \u00e0 la <strong>vie sociale<\/strong>, objectif notamment d\u00e9clin\u00e9 dans le <a href=\"https:\/\/www.gerontim.com\/fr\/articles\/experts\/role-projet-vie-animation-ehpad\/\"><strong>projet d\u2019animation et de vie<\/strong><\/a> de votre projet d\u2019\u00e9tablissement ou de service<\/li><li>L\u2019ouverture territoriale, via par exemple le <a href=\"https:\/\/www.gerontim.com\/fr\/prestations\/etude-besoins-opportunites\/\">positionnement strat\u00e9gique de votre EHPAD-SSIAD<\/a> afin de renforcer l\u2019offre d\u2019accompagnement<\/li><li>La <strong>qualit\u00e9 des soins et de l\u2019accompagnement<\/strong><\/li><li>L\u2019innovation et la performance, au travers de leviers peut-\u00eatre inexploit\u00e9s comme la <a href=\"https:\/\/www.gerontim.com\/fr\/prestations\/reduire-gaspillage-alimentaire-en-ehpad\/\">chasse anti-gaspillage<\/a> et les co\u00fbts cach\u00e9s, dans une <a href=\"https:\/\/www.gerontim.com\/fr\/prestations\/rse-levier-performance-etablissement-service\/\">d\u00e9marche de Responsabilit\u00e9 Soci\u00e9tale des Entreprises (RSE)<\/a>.<\/li><li>La <strong>d\u00e9marche qualit\u00e9 et gestion des risques<\/strong> en EHPAD, EHPA, R\u00e9sidence Autonomie, SAAD, SSIAD<\/li><li>Etc.<\/li><\/ul><p>Cette immersion nous permet d&rsquo;identifier les \u00e9carts avec le r\u00e9f\u00e9rentiel et de proposer des actions correctives et concr\u00e8tes.<\/p>\t\t\t\t\t\t\t\t<\/div>\n\t\t\t\t<\/div>\n\t\t\t\t<div class=\"elementor-element elementor-element-6344a32 elementor-widget elementor-widget-text-editor\" data-id=\"6344a32\" data-element_type=\"widget\" data-e-type=\"widget\" data-widget_type=\"text-editor.default\">\n\t\t\t\t<div class=\"elementor-widget-container\">\n\t\t\t\t\t\t\t\t\t<p><b>Exemple avec le crit\u00e8re 2.2.3 \u2013 Les professionnels respectent la vie priv\u00e9e et l\u2019intimit\u00e9 de la personne accompagn\u00e9e<\/b><\/p><p>L\u2019\u00e9valuation de ce crit\u00e8re repose sur l\u2019analyse des dispositifs mis en place par l\u2019\u00e9tablissement pour garantir le respect de la vie priv\u00e9e et de l\u2019intimit\u00e9 des r\u00e9sidents. Le consultant v\u00e9rifie par exemple l\u2019affichage de la charte des libert\u00e9s et des droits de la personne accueillie ainsi que l\u2019int\u00e9gration du respect de la vie affective et sexuelle des r\u00e9sidents dans les pratiques professionnelles. Par exemple, il peut s\u2019assurer que l\u2019\u00e9tablissement sensibilise et accompagne les familles sur ces enjeux, en particulier pour les r\u00e9sidents atteints de troubles neurod\u00e9g\u00e9n\u00e9ratifs (MND).<\/p>\t\t\t\t\t\t\t\t<\/div>\n\t\t\t\t<\/div>\n\t\t\t\t<div class=\"elementor-element elementor-element-b20002a elementor-widget elementor-widget-text-editor\" data-id=\"b20002a\" data-element_type=\"widget\" data-e-type=\"widget\" data-widget_type=\"text-editor.default\">\n\t\t\t\t<div class=\"elementor-widget-container\">\n\t\t\t\t\t\t\t\t\t<p><b>Exemple de conseils et axes d\u2019am\u00e9lioration propos\u00e9s :<\/b><\/p><ul><li>R\u00e9flexion sur la mise en place d\u2019un panneau \u00ab Ne pas d\u00e9ranger \u00bb pour renforcer la confidentialit\u00e9 et le respect des temps personnels des r\u00e9sidents,<\/li><li>Analyse et ajustement de la terminologie utilis\u00e9e dans l\u2019\u00e9tablissement pour adopter une approche plus domiciliaire :<ul><li>Privil\u00e9gier le terme \u00ab\u00a0logement\u00a0\u00bb plut\u00f4t que \u00ab\u00a0chambre\u00a0\u00bb afin de renforcer l\u2019id\u00e9e que l\u2019 <a href=\"https:\/\/www.gerontim.com\/fr\/articles\/experts\/ehpad-lieu-de-vie-par-nature\/\">EHPAD est un lieu de vie<\/a> ou chacun puisse se sentir chez soi,<\/li><li>Nommer les r\u00e9sidents en tant que \u00ab\u00a0habitants\u00a0\u00bb plut\u00f4t que \u00ab\u00a0r\u00e9sidents\u00a0\u00bb.<\/li><\/ul><\/li><\/ul><p>Cette \u00e9volution linguistique contribue \u00e0 renforcer la perception du lieu de vie comme un v\u00e9ritable domicile, favorisant ainsi le respect de l\u2019intimit\u00e9 et de l\u2019autonomie des personnes accompagn\u00e9es.<\/p>\t\t\t\t\t\t\t\t<\/div>\n\t\t\t\t<\/div>\n\t\t\t\t<div class=\"elementor-element elementor-element-1b7e951 elementor-widget elementor-widget-heading\" data-id=\"1b7e951\" data-element_type=\"widget\" data-e-type=\"widget\" data-widget_type=\"heading.default\">\n\t\t\t\t<div class=\"elementor-widget-container\">\n\t\t\t\t\t<h3 class=\"elementor-heading-title elementor-size-default\">Les 18 crit\u00e8res imp\u00e9ratifs HAS : \u00eates-vous conformes ?<\/h3>\t\t\t\t<\/div>\n\t\t\t\t<\/div>\n\t\t\t\t<div class=\"elementor-element elementor-element-b01d510 elementor-widget elementor-widget-text-editor\" data-id=\"b01d510\" data-element_type=\"widget\" data-e-type=\"widget\" data-widget_type=\"text-editor.default\">\n\t\t\t\t<div class=\"elementor-widget-container\">\n\t\t\t\t\t\t\t\t\t<p>L\u2019audit HAS repose sur une <strong>cotation d\u00e9taill\u00e9e<\/strong> de votre \u00e9tablissement, couvrant <strong>157 crit\u00e8res pour les EHPAD, EHPA et R\u00e9sidences Autonomies et 149 crit\u00e8res pour les SAAD et SSIAD<\/strong>. Parmi eux, <strong>18 crit\u00e8res imp\u00e9ratifs<\/strong> sont incontournables : une cotation inf\u00e9rieure \u00e0 4 impose la mise en place imm\u00e9diate d\u2019un <strong>plan d\u2019am\u00e9lioration HAS sp\u00e9cifique<\/strong>, qui doit \u00eatre transmis aux <strong>autorit\u00e9s de tarification<\/strong> et d\u00e9clencher des investigations compl\u00e9mentaires.<br \/>Gerontim porte une attention particuli\u00e8re sur les 18 crit\u00e8res imp\u00e9ratifs, en s\u2019appuyant sur l\u2019analyse des documents cl\u00e9s, l\u2019observation des pratiques et les retours terrain de votre \u00e9tablissement-service. Cela permet d\u2019identifier avec pr\u00e9cision les \u00e9carts et de formuler des actions correctives cibl\u00e9es afin de <strong>s\u00e9curiser votre conformit\u00e9 aux exigences de la HAS<\/strong>.<\/p>\t\t\t\t\t\t\t\t<\/div>\n\t\t\t\t<\/div>\n\t\t\t\t<div class=\"elementor-element elementor-element-caf3085 elementor-widget elementor-widget-text-editor\" data-id=\"caf3085\" data-element_type=\"widget\" data-e-type=\"widget\" data-widget_type=\"text-editor.default\">\n\t\t\t\t<div class=\"elementor-widget-container\">\n\t\t\t\t\t\t\t\t\t<p><strong>Exemple avec le crit\u00e8re 2.2.1 \u2013 Les professionnels respectent la libert\u00e9 d&rsquo;aller et venir de la personne accompagn\u00e9e.<\/strong><\/p><p>L\u2019\u00e9valuation de ce crit\u00e8re repose sur l\u2019analyse des dispositifs mis en place pour garantir le respect de la libert\u00e9 d\u2019aller et venir des r\u00e9sidents, tout en assurant leur s\u00e9curit\u00e9. Le consultant v\u00e9rifie notamment l\u2019affichage de la charte des libert\u00e9s et des droits de la personne accueillie, ainsi que la mise en \u0153uvre de pratiques facilitant l\u2019autonomie des r\u00e9sidents. Il s\u2019assure, par exemple, que les horaires de visite ne soient pas limit\u00e9s et que les acc\u00e8s \u00e0 l\u2019\u00e9tablissement sont organis\u00e9s de mani\u00e8re \u00e0 pr\u00e9server la libert\u00e9 de circulation des r\u00e9sidents, tout en maintenant des conditions de s\u00e9curit\u00e9 adapt\u00e9es.<\/p>\t\t\t\t\t\t\t\t<\/div>\n\t\t\t\t<\/div>\n\t\t\t\t<div class=\"elementor-element elementor-element-d98d887 elementor-widget elementor-widget-text-editor\" data-id=\"d98d887\" data-element_type=\"widget\" data-e-type=\"widget\" data-widget_type=\"text-editor.default\">\n\t\t\t\t<div class=\"elementor-widget-container\">\n\t\t\t\t\t\t\t\t\t<p><b>Exemple de conseils et axes d\u2019am\u00e9lioration propos\u00e9s :<\/b><\/p><ul><li>Int\u00e9gration de la libert\u00e9 d\u2019aller et venir dans le projet d\u2019\u00e9tablissement afin de formaliser les engagements de l\u2019\u00e9tablissement sur ce sujet,<\/li><li>Mise en place d\u2019actions de formation ou sensibilisation pour les \u00e9quipes, afin de rappeler les <a rel=\"noreferrer noopener\" href=\"https:\/\/www.geronfor.fr\/formation_496.html\">droits fondamentaux des r\u00e9sidents et les bonnes pratiques associ\u00e9es<\/a>,<\/li><li>Renforcement de l\u2019accessibilit\u00e9 et de la signal\u00e9tique, en facilitant l\u2019orientation des r\u00e9sidents dans les espaces communs tout en pr\u00e9servant leur autonomie.<\/li><\/ul>\t\t\t\t\t\t\t\t<\/div>\n\t\t\t\t<\/div>\n\t\t\t\t<div class=\"elementor-element elementor-element-daec7ca elementor-widget elementor-widget-text-editor\" data-id=\"daec7ca\" data-element_type=\"widget\" data-e-type=\"widget\" data-widget_type=\"text-editor.default\">\n\t\t\t\t<div class=\"elementor-widget-container\">\n\t\t\t\t\t\t\t\t\t<p><strong>Exemple avec le crit\u00e8re 3.6.2 \u2013 Les professionnels respectent la s\u00e9curisation du circuit du m\u00e9dicament<\/strong><\/p><p>L\u2019\u00e9valuation de ce crit\u00e8re repose sur l\u2019analyse des dispositifs mis en place pour garantir la s\u00e9curisation du circuit du m\u00e9dicament \u00e0 chaque \u00e9tape : prescription, dispensation, administration et suivi des traitements. Le consultant examine par exemple l\u2019existence et l\u2019application des proc\u00e9dures encadrant la prise en charge m\u00e9dicamenteuse, la tra\u00e7abilit\u00e9 des prescriptions et la conformit\u00e9 des pratiques professionnelles aux recommandations HAS. Il peut s\u2019assurer par exemple de la pr\u00e9sence d\u2019un r\u00e9f\u00e9rent IDE d\u00e9di\u00e9 au circuit du m\u00e9dicament et de l\u2019organisation des \u00e9changes avec les m\u00e9decins traitants ainsi que les officines partenaires. Pour compl\u00e9ter cette \u00e9valuation, il peut mettre les \u00e9quipes soignantes en situation afin de tester leurs connaissances et leur application des proc\u00e9dures.<\/p>\t\t\t\t\t\t\t\t<\/div>\n\t\t\t\t<\/div>\n\t\t\t\t<div class=\"elementor-element elementor-element-b270d63 elementor-widget elementor-widget-text-editor\" data-id=\"b270d63\" data-element_type=\"widget\" data-e-type=\"widget\" data-widget_type=\"text-editor.default\">\n\t\t\t\t<div class=\"elementor-widget-container\">\n\t\t\t\t\t\t\t\t\t<p><b>Exemple de conseils et axes d\u2019am\u00e9lioration propos\u00e9s :<\/b><\/p><ul><li>Mise \u00e0 jour des proc\u00e9dures et modes op\u00e9ratoires pour garantir leur conformit\u00e9 aux bonnes pratiques HAS et assurer une homog\u00e9n\u00e9it\u00e9 des pratiques professionnelles,<\/li><li>D\u00e9veloppement d\u2019un protocole d\u00e9di\u00e9 \u00e0 la gestion des dysfonctionnements dans le circuit du m\u00e9dicament, avec une clarification des responsabilit\u00e9s et des actions \u00e0 engager en cas d\u2019erreur,<\/li><li>Sensibilisation et formation des professionnels \u00e0 la s\u00e9curisation du circuit du m\u00e9dicament, notamment sur la tra\u00e7abilit\u00e9, les bonnes pratiques d\u2019administration et l\u2019importance du signalement des erreurs.<\/li><\/ul>\t\t\t\t\t\t\t\t<\/div>\n\t\t\t\t<\/div>\n\t\t\t\t<div class=\"elementor-element elementor-element-702b7f8 elementor-widget elementor-widget-heading\" data-id=\"702b7f8\" data-element_type=\"widget\" data-e-type=\"widget\" data-widget_type=\"heading.default\">\n\t\t\t\t<div class=\"elementor-widget-container\">\n\t\t\t\t\t<h3 class=\"elementor-heading-title elementor-size-default\">Comment structurer un plan d'am\u00e9lioration efficace avant l'\u00e9valuation HAS ?<\/h3>\t\t\t\t<\/div>\n\t\t\t\t<\/div>\n\t\t\t\t<div class=\"elementor-element elementor-element-629adf9 elementor-widget elementor-widget-text-editor\" data-id=\"629adf9\" data-element_type=\"widget\" data-e-type=\"widget\" data-widget_type=\"text-editor.default\">\n\t\t\t\t<div class=\"elementor-widget-container\">\n\t\t\t\t\t\t\t\t\t<p>Un plan d\u2019action structur\u00e9 est indispensable pour corriger les \u00e9carts identifi\u00e9s, s\u00e9curiser votre conformit\u00e9 HAS et d\u00e9ployer une d\u00e9marche qualit\u00e9. Il doit \u00e0 la fois <a href=\"https:\/\/www.gerontim.com\/fr\/articles\/experts\/reussir-son-evaluation-medico-sociale\/\">r\u00e9pondre aux exigences du r\u00e9f\u00e9rentiel HAS<\/a>, mais aussi s\u2019aligner sur les <strong>recommandations de bonnes pratiques<\/strong> et s\u2019inscrire dans les <strong>enjeux strat\u00e9giques de votre projet d\u2019\u00e9tablissement-service<\/strong>, afin de <a href=\"https:\/\/www.gerontim.com\/fr\/articles\/experts\/ameliorer-demarche-qualite-en-ehpad\/\">renforcer et am\u00e9liorer votre d\u00e9marche qualit\u00e9<\/a>.<\/p><p>Gerontim vous accompagne dans l\u2019\u00e9laboration et la mise en \u0153uvre de ce plan d\u2019am\u00e9lioration, en d\u00e9finissant des actions cibl\u00e9es, r\u00e9alistes et hi\u00e9rarchis\u00e9es selon leur <strong>impact sur l\u2019\u00e9valuation et la qualit\u00e9 des pratiques<\/strong> :\u00a0<\/p><ul><li>Prioriser les actions : focus sur les crit\u00e8res imp\u00e9ratifs,<\/li><li>D\u00e9finir des objectifs clairs et assigner des responsables,<\/li><li>Planifier des actions r\u00e9alistes et adapt\u00e9es aux ressources,<\/li><li>Impliquer les \u00e9quipes pour favoriser l\u2019adh\u00e9sion aux nouvelles pratiques,<\/li><li>Suivre et ajuster les mesures avec des indicateurs qualit\u00e9.<\/li><\/ul><p>\u00c0 l\u2019issue de notre intervention, vous disposez de :<\/p><ul><li>Un <strong>rapport d&rsquo;\u00e9valuation d\u00e9taill\u00e9<\/strong>, structur\u00e9 selon les crit\u00e8res du r\u00e9f\u00e9rentiel HAS,<\/li><li>Une <strong>check-list des actions prioritaires<\/strong>, hi\u00e9rarchis\u00e9es selon leur urgence et leur faisabilit\u00e9,<\/li><li>Un <strong>plan d&rsquo;action qualit\u00e9 personnalis\u00e9<\/strong>, avec des recommandations concr\u00e8tes.<\/li><\/ul>\t\t\t\t\t\t\t\t<\/div>\n\t\t\t\t<\/div>\n\t\t\t\t<div class=\"elementor-element elementor-element-d328ca2 elementor-align-center elementor-widget elementor-widget-button\" data-id=\"d328ca2\" data-element_type=\"widget\" data-e-type=\"widget\" data-widget_type=\"button.default\">\n\t\t\t\t<div class=\"elementor-widget-container\">\n\t\t\t\t\t\t\t\t\t<div class=\"elementor-button-wrapper\">\n\t\t\t\t\t<a class=\"elementor-button elementor-button-link elementor-size-lg\" rel=\"noreferrer noopener\" href=\"https:\/\/www.gerontim.com\/emailing\/check-list-preparation-evaluation-has-gerontim.pdf\" target=\"_blank\">\n\t\t\t\t\t\t<span class=\"elementor-button-content-wrapper\">\n\t\t\t\t\t\t\t\t\t<span class=\"elementor-button-text\">T\u00e9l\u00e9chargez notre check-list pour pr\u00e9parer votre \u00e9valuation HAS<\/span>\n\t\t\t\t\t<\/span>\n\t\t\t\t\t<\/a>\n\t\t\t\t<\/div>\n\t\t\t\t\t\t\t\t<\/div>\n\t\t\t\t<\/div>\n\t\t\t\t\t<\/div>\n\t\t<\/div>\n\t\t\t\t\t<\/div>\n\t\t<\/section>\n\t\t\t\t<section class=\"elementor-section elementor-top-section elementor-element elementor-element-428d30e elementor-section-boxed elementor-section-height-default elementor-section-height-default\" data-id=\"428d30e\" data-element_type=\"section\" data-e-type=\"section\" data-settings=\"{&quot;background_background&quot;:&quot;classic&quot;}\">\n\t\t\t\t\t\t\t<div class=\"elementor-background-overlay\"><\/div>\n\t\t\t\t\t\t\t<div class=\"elementor-container elementor-column-gap-default\">\n\t\t\t\t\t<div class=\"elementor-column elementor-col-100 elementor-top-column elementor-element elementor-element-b7be796\" data-id=\"b7be796\" data-element_type=\"column\" data-e-type=\"column\">\n\t\t\t<div class=\"elementor-widget-wrap elementor-element-populated\">\n\t\t\t\t\t\t<div class=\"elementor-element elementor-element-9f0efd7 elementor-widget elementor-widget-text-editor\" data-id=\"9f0efd7\" data-element_type=\"widget\" data-e-type=\"widget\" data-widget_type=\"text-editor.default\">\n\t\t\t\t<div class=\"elementor-widget-container\">\n\t\t\t\t\t\t\t\t\t<p>Anticiper et structurer votre <strong>pr\u00e9paration \u00e0 l\u2019auto-\u00e9valuation HAS<\/strong> est essentiel pour <strong>garantir la conformit\u00e9 r\u00e9glementaire, s\u00e9curiser la qualit\u00e9 des soins et valoriser votre \u00e9tablissement<\/strong>.<\/p><p>Gerontim vous accompagne avec une approche experte et personnalis\u00e9e, en vous apportant des conseils strat\u00e9giques, un audit HAS interne rigoureux et un plan d\u2019action concret pour transformer cette \u00e9valuation en un levier d\u2019am\u00e9lioration continue de la qualit\u00e9.<\/p>\t\t\t\t\t\t\t\t<\/div>\n\t\t\t\t<\/div>\n\t\t\t\t\t<\/div>\n\t\t<\/div>\n\t\t\t\t\t<\/div>\n\t\t<\/section>\n\t\t\t\t<section class=\"elementor-section elementor-top-section elementor-element elementor-element-81ab5f0 elementor-section-full_width elementor-section-height-default elementor-section-height-default\" data-id=\"81ab5f0\" data-element_type=\"section\" data-e-type=\"section\" id=\"cta-demarrer\">\n\t\t\t\t\t\t<div class=\"elementor-container elementor-column-gap-no\">\n\t\t\t\t\t<div class=\"elementor-column elementor-col-100 elementor-top-column elementor-element elementor-element-9bbb433\" data-id=\"9bbb433\" data-element_type=\"column\" data-e-type=\"column\">\n\t\t\t<div class=\"elementor-widget-wrap elementor-element-populated\">\n\t\t\t\t\t\t<div class=\"elementor-element elementor-element-17bab02 elementor-cta--skin-classic elementor-animated-content elementor-bg-transform elementor-bg-transform-zoom-in elementor-widget elementor-widget-call-to-action\" data-id=\"17bab02\" data-element_type=\"widget\" data-e-type=\"widget\" data-widget_type=\"call-to-action.default\">\n\t\t\t\t<div class=\"elementor-widget-container\">\n\t\t\t\t\t\t\t<div class=\"elementor-cta\">\n\t\t\t\t\t\t\t<div class=\"elementor-cta__content\">\n\t\t\t\t\t\t\t\t\t<div class=\"elementor-content-item elementor-cta__content-item elementor-icon-wrapper elementor-cta__icon elementor-view-default\">\n\t\t\t\t\t\t<div class=\"elementor-icon\">\n\t\t\t\t\t\t\t<i aria-hidden=\"true\" class=\"fas fa-star\"><\/i>\t\t\t\t\t\t<\/div>\n\t\t\t\t\t<\/div>\n\t\t\t\t\n\t\t\t\t\t\t\t\t\t<h3 class=\"elementor-cta__title elementor-cta__content-item elementor-content-item\">\n\t\t\t\t\t\tVous souhaitez garantir la conformit\u00e9 de votre structure \u00e0 l'\u00e9valuation HAS ?\t\t\t\t\t<\/h3>\n\t\t\t\t\n\t\t\t\t\t\t\t\t\t<div class=\"elementor-cta__description elementor-cta__content-item elementor-content-item\">\n\t\t\t\t\t\tContactez-nous afin de nous expliquer vos attentes et d\u00e9finir ensemble une prestation sur-mesure !\t\t\t\t\t<\/div>\n\t\t\t\t\n\t\t\t\t\t\t\t\t\t<div class=\"elementor-cta__button-wrapper elementor-cta__content-item elementor-content-item \">\n\t\t\t\t\t<a class=\"elementor-cta__button elementor-button elementor-size-\" href=\"https:\/\/www.gerontim.com\/fr\/contact\/\">\n\t\t\t\t\t\tDEMARRER L'AVENTURE !\t\t\t\t\t<\/a>\n\t\t\t\t\t<\/div>\n\t\t\t\t\t\t\t<\/div>\n\t\t\t\t\t\t<\/div>\n\t\t\t\t\t\t<\/div>\n\t\t\t\t<\/div>\n\t\t\t\t\t<\/div>\n\t\t<\/div>\n\t\t\t\t\t<\/div>\n\t\t<\/section>\n\t\t\t\t<section class=\"elementor-section elementor-top-section elementor-element elementor-element-2b02da0 elementor-section-boxed elementor-section-height-default elementor-section-height-default\" data-id=\"2b02da0\" data-element_type=\"section\" data-e-type=\"section\">\n\t\t\t\t\t\t<div class=\"elementor-container elementor-column-gap-default\">\n\t\t\t\t\t<div class=\"elementor-column elementor-col-100 elementor-top-column elementor-element elementor-element-2015300\" data-id=\"2015300\" data-element_type=\"column\" data-e-type=\"column\">\n\t\t\t<div class=\"elementor-widget-wrap elementor-element-populated\">\n\t\t\t\t\t\t<div class=\"elementor-element elementor-element-efb18ad elementor-widget elementor-widget-global elementor-global-4226 elementor-widget-html\" data-id=\"efb18ad\" data-element_type=\"widget\" data-e-type=\"widget\" data-widget_type=\"html.default\">\n\t\t\t\t<div class=\"elementor-widget-container\">\n\t\t\t\t\t\t\t\t\t<\/div>\n\t\t\t\t<\/div>\n\t\t\t\t\t<\/div>\n\t\t<\/div>\n\t\t\t\t\t<\/div>\n\t\t<\/section>\n\t\t\t\t<aside class=\"elementor-section elementor-top-section elementor-element elementor-element-0e8ba57 elementor-section-height-min-height noprint elementor-section-boxed elementor-section-height-default elementor-section-items-middle\" data-id=\"0e8ba57\" data-element_type=\"section\" data-e-type=\"section\">\n\t\t\t\t\t\t\t<div class=\"elementor-background-overlay\"><\/div>\n\t\t\t\t\t\t\t<div class=\"elementor-container elementor-column-gap-default\">\n\t\t\t\t\t<div class=\"elementor-column elementor-col-100 elementor-top-column elementor-element elementor-element-cccfef4\" data-id=\"cccfef4\" data-element_type=\"column\" data-e-type=\"column\">\n\t\t\t<div class=\"elementor-widget-wrap elementor-element-populated\">\n\t\t\t\t\t\t<div class=\"elementor-section elementor-inner-section elementor-element elementor-element-776f769 elementor-section-boxed elementor-section-height-default elementor-section-height-default\" data-id=\"776f769\" data-element_type=\"section\" data-e-type=\"section\">\n\t\t\t\t\t\t<div class=\"elementor-container elementor-column-gap-default\">\n\t\t\t\t\t<div class=\"elementor-column elementor-col-100 elementor-inner-column elementor-element elementor-element-57b9958\" data-id=\"57b9958\" data-element_type=\"column\" data-e-type=\"column\">\n\t\t\t<div class=\"elementor-widget-wrap elementor-element-populated\">\n\t\t\t\t\t\t<div class=\"elementor-element elementor-element-364274f title-h3 elementor-widget elementor-widget-heading\" data-id=\"364274f\" data-element_type=\"widget\" data-e-type=\"widget\" data-widget_type=\"heading.default\">\n\t\t\t\t<div class=\"elementor-widget-container\">\n\t\t\t\t\t<h2 class=\"elementor-heading-title elementor-size-default\">Sur le m\u00eame sujet,<br> d\u00e9couvrez nos <strong>articles<\/strong><\/h2>\t\t\t\t<\/div>\n\t\t\t\t<\/div>\n\t\t\t\t\t<\/div>\n\t\t<\/div>\n\t\t\t\t\t<\/div>\n\t\t<\/div>\n\t\t\t\t<div class=\"elementor-element elementor-element-32a6bf8 uael-post__link-complete-yes uael-post__arrow-outside elementor-widget elementor-widget-uael-posts\" data-id=\"32a6bf8\" data-element_type=\"widget\" data-e-type=\"widget\" data-settings=\"{&quot;event_slides_to_show&quot;:3,&quot;event_slides_to_show_tablet&quot;:2,&quot;event_slides_to_show_mobile&quot;:1}\" data-widget_type=\"uael-posts.event\">\n\t\t\t\t<div class=\"elementor-widget-container\">\n\t\t\t\t\t\t\t<div class=\"uael-post__header\">\n\t\t\t\t\t<\/div>\n\t\t<div class=\"uael-post__body\">\n\t\t\t\n\t\t\n\t\t<div class=\"uael-post-grid uael-posts\" data-query-type=\"custom\" data-structure=\"carousel\" data-layout=\"\" data-page=\"10816\" data-skin=\"event\" data-filter-default=\"\" data-offset-top=\"30\" data-post_slider=\"{&quot;slidesToShow&quot;:3,&quot;slidesToScroll&quot;:1,&quot;autoplaySpeed&quot;:5000,&quot;autoplay&quot;:false,&quot;infinite&quot;:true,&quot;pauseOnHover&quot;:false,&quot;speed&quot;:500,&quot;arrows&quot;:true,&quot;dots&quot;:true,&quot;rtl&quot;:false,&quot;prevArrow&quot;:&quot;&lt;button type=\\&quot;button\\&quot; data-role=\\&quot;none\\&quot; class=\\&quot;slick-prev\\&quot; aria-label=\\&quot;Previous\\&quot; tabindex=\\&quot;0\\&quot; role=\\&quot;button\\&quot;&gt;&lt;i class=\\&quot;fa fa-angle-left\\&quot;&gt;&lt;\\\/i&gt;&lt;\\\/button&gt;&quot;,&quot;nextArrow&quot;:&quot;&lt;button type=\\&quot;button\\&quot; data-role=\\&quot;none\\&quot; class=\\&quot;slick-next\\&quot; aria-label=\\&quot;Next\\&quot; tabindex=\\&quot;0\\&quot; role=\\&quot;button\\&quot;&gt;&lt;i class=\\&quot;fa fa-angle-right\\&quot;&gt;&lt;\\\/i&gt;&lt;\\\/button&gt;&quot;,&quot;responsive&quot;:[{&quot;breakpoint&quot;:1024,&quot;settings&quot;:{&quot;slidesToShow&quot;:2,&quot;slidesToScroll&quot;:2}},{&quot;breakpoint&quot;:767,&quot;settings&quot;:{&quot;slidesToShow&quot;:1,&quot;slidesToScroll&quot;:1}}]}\" data-equal-height=\"yes\" data-post-count=\"10\">\n\n\t\t\t\t\t\t\t<div class=\"uael-post-grid__inner uael-post__columns-3 uael-post__columns-tablet-2 uael-post__columns-mobile-1\">\n\t\t\t\n\n<div class=\"uael-post-wrapper   actualit\u00e9s success-story \">\n\t<div class=\"uael-post__bg-wrap uael-bg-wrap-disabled\">\n\n\t\t\t\t\t<a href=\"https:\/\/www.gerontim.com\/fr\/articles\/actus\/repenser-projet-etablissement-territoire\/\" target=\"_self\" class=\"uael-post__complete-box-overlay\" aria-label=\"Link Complete Box\"><\/a>\n\t\t\t\t\n\t\t<div class=\"uael-post__inner-wrap uael-inner-wrap-disabled\">\n\n\t\t\t\t<div class=\"uael-post__thumbnail \">\n\t\t\t\t\t\t<a target=\"_self\" href=\"https:\/\/www.gerontim.com\/fr\/articles\/actus\/repenser-projet-etablissement-territoire\/\" title=\"Repenser son projet d\u2019\u00e9tablissement avec une vision territoriale | Retour d\u2019exp\u00e9rience\"><img decoding=\"async\" src=\"https:\/\/www.gerontim.com\/wp-content\/uploads\/elementor\/thumbs\/projet-etablissemenet-vision-territoriale-ch-langeac-rl9g8wj6htrf3mztu296vsicg6r9lcrkhac3k132qc.webp\" title=\"projet-etablissemenet-vision-territoriale-ch-langeac\" alt=\"repenser les projets d&#039;\u00e9tablissement du territoire de Langeac avec une vision territoriale\" loading=\"lazy\" \/><\/a>\n\t\t\t\t\t<div class=\"uael-post__datebox \">\n\t\t\t\t<div class=\"uael-post__date-wrap\">\n\t\t\t\t\t\t\t\t\t\t<span class='uael-post__date-month'>Avr<\/span><span class='uael-post__date-day'>07<\/span>\t\t\t\t<\/div>\t\t\t\t\n\t\t\t<\/div>\n\t\t<\/div>\n\t\t\n\t\t\t\n\t\t\t<div class=\"uael-post__content-wrap uael-content-wrap-disabled\">\n\n\t\t\t\t\t<h3 class=\"uael-post__title\">\n\n\t\t\n\t\t\t\t\t\t<a href=\"https:\/\/www.gerontim.com\/fr\/articles\/actus\/repenser-projet-etablissement-territoire\/\" target=\"_self\">\n\t\t\t\tRepenser son projet d\u2019\u00e9tablissement avec une vision territoriale | Retour d\u2019exp\u00e9rience\t\t\t<\/a>\n\n\t\t\t\t<\/h3>\n\t\t\t\t\t<div class=\"uael-post__meta-data\">\n\t\t\t\t\t<\/div>\n\t\t\n\t\t<div class=\"uael-post__excerpt\">\n\t\t\tRepenser son projet d\u2019\u00e9tablissement est essentiel pour adapter son offre aux besoins du territoire. Nadia Barrau, directrice de 3 \u00e9tablissements en Haute-Loire, partage son retour d\u2019exp\u00e9rience apr\u00e8s avoir fait appel \u00e0 Gerontim pour l\u2019accompagner \u00e0 la r\u00e9daction de trois projets d\u2019\u00e9tablissement.\t\t<\/div>\n\n\t\t\t\t\t<\/div>\n\t\t\t\n\t\t<\/div>\n\t\t\n\n\t<\/div>\n\n<\/div>\n\n\n<div class=\"uael-post-wrapper   actualit\u00e9s success-story \">\n\t<div class=\"uael-post__bg-wrap uael-bg-wrap-disabled\">\n\n\t\t\t\t\t<a href=\"https:\/\/www.gerontim.com\/fr\/articles\/actus\/renouvellement-projet-etablissement-ehpad-champrouge\" target=\"_self\" class=\"uael-post__complete-box-overlay\" aria-label=\"Link Complete Box\"><\/a>\n\t\t\t\t\n\t\t<div class=\"uael-post__inner-wrap uael-inner-wrap-disabled\">\n\n\t\t\t\t<div class=\"uael-post__thumbnail \">\n\t\t\t\t\t\t<a target=\"_self\" href=\"https:\/\/www.gerontim.com\/fr\/articles\/actus\/renouvellement-projet-etablissement-ehpad-champrouge\" title=\"Renouvellement du projet d\u2019\u00e9tablissement de l&rsquo;EHPAD de Champrouge (71)\"><img decoding=\"async\" src=\"https:\/\/www.gerontim.com\/wp-content\/uploads\/elementor\/thumbs\/renouvellement-projet-etablissement-ehpad-champrouge-rhct2rnexk7lr4chrkbvgj9k7yrrfy2yg2u0hurh5g.jpg\" title=\"renouvellement-projet-etablissement-ehpad-champrouge\" alt=\"Renouvellement du projet d&#039;\u00e9tablissement de l&#039;EHPAD de Champrouge\" loading=\"lazy\" \/><\/a>\n\t\t\t\t\t<div class=\"uael-post__datebox \">\n\t\t\t\t<div class=\"uael-post__date-wrap\">\n\t\t\t\t\t\t\t\t\t\t<span class='uael-post__date-month'>Jan<\/span><span class='uael-post__date-day'>12<\/span>\t\t\t\t<\/div>\t\t\t\t\n\t\t\t<\/div>\n\t\t<\/div>\n\t\t\n\t\t\t\n\t\t\t<div class=\"uael-post__content-wrap uael-content-wrap-disabled\">\n\n\t\t\t\t\t<h3 class=\"uael-post__title\">\n\n\t\t\n\t\t\t\t\t\t<a href=\"https:\/\/www.gerontim.com\/fr\/articles\/actus\/renouvellement-projet-etablissement-ehpad-champrouge\" target=\"_self\">\n\t\t\t\tRenouvellement du projet d\u2019\u00e9tablissement de l&rsquo;EHPAD de Champrouge (71)\t\t\t<\/a>\n\n\t\t\t\t<\/h3>\n\t\t\t\t\t<div class=\"uael-post__meta-data\">\n\t\t\t\t\t<\/div>\n\t\t\n\t\t<div class=\"uael-post__excerpt\">\n\t\t\tLa direction de l\u2019EHPAD de Champrouge nous raconte comment le renouvellement de son projet d\u2019\u00e9tablissement, accompagn\u00e9 par Gerontim, a permis de structurer l\u2019organisation, f\u00e9d\u00e9rer les \u00e9quipes et cr\u00e9er un document clair, conforme et porteur de sens pour les cinq prochaines ann\u00e9es.\t\t<\/div>\n\n\t\t\t\t\t<\/div>\n\t\t\t\n\t\t<\/div>\n\t\t\n\n\t<\/div>\n\n<\/div>\n\n\n<div class=\"uael-post-wrapper   actualit\u00e9s success-story \">\n\t<div class=\"uael-post__bg-wrap uael-bg-wrap-disabled\">\n\n\t\t\t\t\t<a href=\"https:\/\/www.gerontim.com\/fr\/articles\/actus\/demarche-evaluation-has-ehpad-andre-louis-bienvenu\/\" target=\"_self\" class=\"uael-post__complete-box-overlay\" aria-label=\"Link Complete Box\"><\/a>\n\t\t\t\t\n\t\t<div class=\"uael-post__inner-wrap uael-inner-wrap-disabled\">\n\n\t\t\t\t<div class=\"uael-post__thumbnail \">\n\t\t\t\t\t\t<a target=\"_self\" href=\"https:\/\/www.gerontim.com\/fr\/articles\/actus\/demarche-evaluation-has-ehpad-andre-louis-bienvenu\/\" title=\"D\u00e9marche \u00e9valuation HAS : l\u2019EHPAD Andr\u00e9 Louis Bienvenu (06) t\u00e9moigne de sa r\u00e9ussite\"><img decoding=\"async\" src=\"https:\/\/www.gerontim.com\/wp-content\/uploads\/elementor\/thumbs\/photo-veronique-poilleux-ehpad-andre-louis-bienvenu-560x370-1-r9a3yw299s8tebukeg8h51ga83e0ko04n0kbcynyqc.jpg\" title=\"photo-veronique-poilleux-ehpad-andre-louis-bienvenu-560&#215;370\" alt=\"Portrait de V\u00e9ronique Poilleux, directrice de l\u2019Ehpad Andr\u00e9 Louis Bienvenu qui a \u00e9t\u00e9 accompagn\u00e9 dans sa d\u00e9marche \u00e9valuation HAS\" loading=\"lazy\" \/><\/a>\n\t\t\t\t\t<div class=\"uael-post__datebox \">\n\t\t\t\t<div class=\"uael-post__date-wrap\">\n\t\t\t\t\t\t\t\t\t\t<span class='uael-post__date-month'>Ao\u00fbt<\/span><span class='uael-post__date-day'>26<\/span>\t\t\t\t<\/div>\t\t\t\t\n\t\t\t<\/div>\n\t\t<\/div>\n\t\t\n\t\t\t\n\t\t\t<div class=\"uael-post__content-wrap uael-content-wrap-disabled\">\n\n\t\t\t\t\t<h3 class=\"uael-post__title\">\n\n\t\t\n\t\t\t\t\t\t<a href=\"https:\/\/www.gerontim.com\/fr\/articles\/actus\/demarche-evaluation-has-ehpad-andre-louis-bienvenu\/\" target=\"_self\">\n\t\t\t\tD\u00e9marche \u00e9valuation HAS : l\u2019EHPAD Andr\u00e9 Louis Bienvenu (06) t\u00e9moigne de sa r\u00e9ussite\t\t\t<\/a>\n\n\t\t\t\t<\/h3>\n\t\t\t\t\t<div class=\"uael-post__meta-data\">\n\t\t\t\t\t<\/div>\n\t\t\n\t\t<div class=\"uael-post__excerpt\">\n\t\t\tL\u2019EHPAD Andr\u00e9 Louis Bienvenu de Mouans Sartoux (06) partage son retour d\u2019exp\u00e9rience sur sa d\u00e9marche \u00e9valuation HAS. Gr\u00e2ce \u00e0 un accompagnement personnalis\u00e9 propos\u00e9 par Gerontim, l\u2019\u00e9tablissement a su mobiliser ses \u00e9quipes, structurer ses actions qualit\u00e9 et r\u00e9ussir brillamment son \u00e9valuation.\t\t<\/div>\n\n\t\t\t\t\t<\/div>\n\t\t\t\n\t\t<\/div>\n\t\t\n\n\t<\/div>\n\n<\/div>\n\n\n<div class=\"uael-post-wrapper   actualit\u00e9s success-story \">\n\t<div class=\"uael-post__bg-wrap uael-bg-wrap-disabled\">\n\n\t\t\t\t\t<a href=\"https:\/\/www.gerontim.com\/fr\/articles\/actus\/temoignage-etude-faisabilite-architecturale-ehpad-ardennes\/\" target=\"_self\" class=\"uael-post__complete-box-overlay\" aria-label=\"Link Complete Box\"><\/a>\n\t\t\t\t\n\t\t<div class=\"uael-post__inner-wrap uael-inner-wrap-disabled\">\n\n\t\t\t\t<div class=\"uael-post__thumbnail \">\n\t\t\t\t\t\t<a target=\"_self\" href=\"https:\/\/www.gerontim.com\/fr\/articles\/actus\/temoignage-etude-faisabilite-architecturale-ehpad-ardennes\/\" title=\"\u00c9tude de faisabilit\u00e9 architecturale de deux EHPAD publics\u00a0: organisation, co\u00fbts et projections concr\u00e8tes\"><img decoding=\"async\" src=\"https:\/\/www.gerontim.com\/wp-content\/uploads\/elementor\/thumbs\/etude-faisabilite-architecturale-financiere-ehpad-ardennes-r8eoaeqayxlhw9o675j8wrbkhw1blx46ocri1ozes4.png\" title=\"etude-faisabilite-architecturale-financiere-ehpad-ardennes\" alt=\"\u00c9tude de faisabilit\u00e9 architecturale et financi\u00e8re pour les EHPAD\" loading=\"lazy\" \/><\/a>\n\t\t\t\t\t<div class=\"uael-post__datebox \">\n\t\t\t\t<div class=\"uael-post__date-wrap\">\n\t\t\t\t\t\t\t\t\t\t<span class='uael-post__date-month'>Juil<\/span><span class='uael-post__date-day'>07<\/span>\t\t\t\t<\/div>\t\t\t\t\n\t\t\t<\/div>\n\t\t<\/div>\n\t\t\n\t\t\t\n\t\t\t<div class=\"uael-post__content-wrap uael-content-wrap-disabled\">\n\n\t\t\t\t\t<h3 class=\"uael-post__title\">\n\n\t\t\n\t\t\t\t\t\t<a href=\"https:\/\/www.gerontim.com\/fr\/articles\/actus\/temoignage-etude-faisabilite-architecturale-ehpad-ardennes\/\" target=\"_self\">\n\t\t\t\t\u00c9tude de faisabilit\u00e9 architecturale de deux EHPAD publics\u00a0: organisation, co\u00fbts et projections concr\u00e8tes\t\t\t<\/a>\n\n\t\t\t\t<\/h3>\n\t\t\t\t\t<div class=\"uael-post__meta-data\">\n\t\t\t\t\t<\/div>\n\t\t\n\t\t<div class=\"uael-post__excerpt\">\n\t\t\tUne \u00e9tude de faisabilit\u00e9 architecturale et financi\u00e8re claire, valid\u00e9e par les financeurs publics, pour concr\u00e9tiser l\u2019\u00e9volution de deux EHPAD publics des Ardennes.\t\t<\/div>\n\n\t\t\t\t\t<\/div>\n\t\t\t\n\t\t<\/div>\n\t\t\n\n\t<\/div>\n\n<\/div>\n\n\n<div class=\"uael-post-wrapper   actualit\u00e9s success-story \">\n\t<div class=\"uael-post__bg-wrap uael-bg-wrap-disabled\">\n\n\t\t\t\t\t<a href=\"https:\/\/www.gerontim.com\/fr\/articles\/actus\/projet-etablissement-inter-ehpad-ardennes\/\" target=\"_self\" class=\"uael-post__complete-box-overlay\" aria-label=\"Link Complete Box\"><\/a>\n\t\t\t\t\n\t\t<div class=\"uael-post__inner-wrap uael-inner-wrap-disabled\">\n\n\t\t\t\t<div class=\"uael-post__thumbnail \">\n\t\t\t\t\t\t<a target=\"_self\" href=\"https:\/\/www.gerontim.com\/fr\/articles\/actus\/projet-etablissement-inter-ehpad-ardennes\/\" title=\"Projet d\u2019\u00e9tablissement inter-ehpad\u00a0: Construire une vision partag\u00e9e\"><img decoding=\"async\" src=\"https:\/\/www.gerontim.com\/wp-content\/uploads\/elementor\/thumbs\/projet-etablissement-inter-ehpad-temoignage-ardennes-r89nsrpzjuthfruruihgseyiy62mkpxtc0ypyn3ixg.jpg\" title=\"projet-etablissement-inter-ehpad-temoignage-ardennes\" alt=\"Projet d&#039;\u00e9tablissement inter-ehpad\" loading=\"lazy\" \/><\/a>\n\t\t\t\t\t<div class=\"uael-post__datebox \">\n\t\t\t\t<div class=\"uael-post__date-wrap\">\n\t\t\t\t\t\t\t\t\t\t<span class='uael-post__date-month'>Juil<\/span><span class='uael-post__date-day'>07<\/span>\t\t\t\t<\/div>\t\t\t\t\n\t\t\t<\/div>\n\t\t<\/div>\n\t\t\n\t\t\t\n\t\t\t<div class=\"uael-post__content-wrap uael-content-wrap-disabled\">\n\n\t\t\t\t\t<h3 class=\"uael-post__title\">\n\n\t\t\n\t\t\t\t\t\t<a href=\"https:\/\/www.gerontim.com\/fr\/articles\/actus\/projet-etablissement-inter-ehpad-ardennes\/\" target=\"_self\">\n\t\t\t\tProjet d\u2019\u00e9tablissement inter-ehpad\u00a0: Construire une vision partag\u00e9e\t\t\t<\/a>\n\n\t\t\t\t<\/h3>\n\t\t\t\t\t<div class=\"uael-post__meta-data\">\n\t\t\t\t\t<\/div>\n\t\t\n\t\t<div class=\"uael-post__excerpt\">\n\t\t\tGerontim a guid\u00e9 deux structures des Ardennes gr\u00e2ce \u00e0 un projet d\u2019\u00e9tablissement inter-ehpad structur\u00e9 et co-construit avec les parties-prenantes.\t\t<\/div>\n\n\t\t\t\t\t<\/div>\n\t\t\t\n\t\t<\/div>\n\t\t\n\n\t<\/div>\n\n<\/div>\n\n\n<div class=\"uael-post-wrapper   actualit\u00e9s success-story \">\n\t<div class=\"uael-post__bg-wrap uael-bg-wrap-disabled\">\n\n\t\t\t\t\t<a href=\"https:\/\/www.gerontim.com\/fr\/articles\/actus\/accompagnement-evaluation-has-ehpad-la-renaudiere\/\" target=\"_self\" class=\"uael-post__complete-box-overlay\" aria-label=\"Link Complete Box\"><\/a>\n\t\t\t\t\n\t\t<div class=\"uael-post__inner-wrap uael-inner-wrap-disabled\">\n\n\t\t\t\t<div class=\"uael-post__thumbnail \">\n\t\t\t\t\t\t<a target=\"_self\" href=\"https:\/\/www.gerontim.com\/fr\/articles\/actus\/accompagnement-evaluation-has-ehpad-la-renaudiere\/\" title=\"Accompagnement \u00e9valuation HAS\u00a0: une pr\u00e9paration sereine et efficace pour l\u2019EHPAD La Renaudi\u00e8re (42)\"><img decoding=\"async\" src=\"https:\/\/www.gerontim.com\/wp-content\/uploads\/elementor\/thumbs\/photo-charlene-micol-ehpad-la-renaudiere-560x370-2-r527pjjb85djjy4p1s1ypb13ds77spz79lvsjh0n10.jpg\" title=\"photo-charlene-micol-ehpad-la-renaudiere-560&#215;370\" alt=\"Portrait de Charl\u00e8ne Micol directrice de l&#039;EHPAD la Renaudi\u00e8re, qui a suivi un accompagnement \u00e0 la pr\u00e9paration de l&#039;\u00e9valuation HAS\" loading=\"lazy\" \/><\/a>\n\t\t\t\t\t<div class=\"uael-post__datebox \">\n\t\t\t\t<div class=\"uael-post__date-wrap\">\n\t\t\t\t\t\t\t\t\t\t<span class='uael-post__date-month'>Avr<\/span><span class='uael-post__date-day'>28<\/span>\t\t\t\t<\/div>\t\t\t\t\n\t\t\t<\/div>\n\t\t<\/div>\n\t\t\n\t\t\t\n\t\t\t<div class=\"uael-post__content-wrap uael-content-wrap-disabled\">\n\n\t\t\t\t\t<h3 class=\"uael-post__title\">\n\n\t\t\n\t\t\t\t\t\t<a href=\"https:\/\/www.gerontim.com\/fr\/articles\/actus\/accompagnement-evaluation-has-ehpad-la-renaudiere\/\" target=\"_self\">\n\t\t\t\tAccompagnement \u00e9valuation HAS\u00a0: une pr\u00e9paration sereine et efficace pour l\u2019EHPAD La Renaudi\u00e8re (42)\t\t\t<\/a>\n\n\t\t\t\t<\/h3>\n\t\t\t\t\t<div class=\"uael-post__meta-data\">\n\t\t\t\t\t<\/div>\n\t\t\n\t\t<div class=\"uael-post__excerpt\">\n\t\t\tGerontim a accompagn\u00e9 l\u2019EHPAD La Renaudi\u00e8re \u00e0 Saint Chamond (42) \u00e0 la pr\u00e9paration de son \u00e9valuation HAS. Un accompagnement structur\u00e9 et adapt\u00e9 qui leur a permis d\u2019avoir une cotation optimale sur les 18 crit\u00e8res imp\u00e9ratifs, et de mettre en place des actions qualit\u00e9 durables. \t\t<\/div>\n\n\t\t\t\t\t<\/div>\n\t\t\t\n\t\t<\/div>\n\t\t\n\n\t<\/div>\n\n<\/div>\n\n\n<div class=\"uael-post-wrapper   actualit\u00e9s success-story \">\n\t<div class=\"uael-post__bg-wrap uael-bg-wrap-disabled\">\n\n\t\t\t\t\t<a href=\"https:\/\/www.gerontim.com\/fr\/articles\/actus\/accompagnement-projet-etablissement-residence-saint-martin\/\" target=\"_self\" class=\"uael-post__complete-box-overlay\" aria-label=\"Link Complete Box\"><\/a>\n\t\t\t\t\n\t\t<div class=\"uael-post__inner-wrap uael-inner-wrap-disabled\">\n\n\t\t\t\t<div class=\"uael-post__thumbnail \">\n\t\t\t\t\t\t<a target=\"_self\" href=\"https:\/\/www.gerontim.com\/fr\/articles\/actus\/accompagnement-projet-etablissement-residence-saint-martin\/\" title=\"Accompagnement au projet d\u2019\u00e9tablissement\u00a0: red\u00e9finir une strat\u00e9gie pour 5 ans\"><img decoding=\"async\" src=\"https:\/\/www.gerontim.com\/wp-content\/uploads\/elementor\/thumbs\/photo-david-logeais-residence-saint-martin-560x370-1-r0rgxo6hwogjpz3orcww0d2kg94oejtxht1s2hcfbo.png\" title=\"photo-david-logeais-residence-saint-martin-560&#215;370\" alt=\"Portrait de David Logeais directeur R\u00e9sidence Saint Martin, qui a suivi un accompagnement au projet d&#039;\u00e9tablissement\" loading=\"lazy\" \/><\/a>\n\t\t\t\t\t<div class=\"uael-post__datebox \">\n\t\t\t\t<div class=\"uael-post__date-wrap\">\n\t\t\t\t\t\t\t\t\t\t<span class='uael-post__date-month'>Mar<\/span><span class='uael-post__date-day'>03<\/span>\t\t\t\t<\/div>\t\t\t\t\n\t\t\t<\/div>\n\t\t<\/div>\n\t\t\n\t\t\t\n\t\t\t<div class=\"uael-post__content-wrap uael-content-wrap-disabled\">\n\n\t\t\t\t\t<h3 class=\"uael-post__title\">\n\n\t\t\n\t\t\t\t\t\t<a href=\"https:\/\/www.gerontim.com\/fr\/articles\/actus\/accompagnement-projet-etablissement-residence-saint-martin\/\" target=\"_self\">\n\t\t\t\tAccompagnement au projet d\u2019\u00e9tablissement\u00a0: red\u00e9finir une strat\u00e9gie pour 5 ans\t\t\t<\/a>\n\n\t\t\t\t<\/h3>\n\t\t\t\t\t<div class=\"uael-post__meta-data\">\n\t\t\t\t\t<\/div>\n\t\t\n\t\t<div class=\"uael-post__excerpt\">\n\t\t\tGerontim a eu le plaisir d\u2019accompagner la R\u00e9sidence Saint Martin (44) dans la red\u00e9finition de leur projet d\u2019\u00e9tablissement. M. Logeais, Directeur de la structure t\u00e9moigne des b\u00e9n\u00e9fices de la collaboration avec nos experts.\t\t<\/div>\n\n\t\t\t\t\t<\/div>\n\t\t\t\n\t\t<\/div>\n\t\t\n\n\t<\/div>\n\n<\/div>\n\n\n<div class=\"uael-post-wrapper   billets-d&#039;experts \">\n\t<div class=\"uael-post__bg-wrap uael-bg-wrap-disabled\">\n\n\t\t\t\t\t<a href=\"https:\/\/www.gerontim.com\/fr\/articles\/experts\/reussir-son-evaluation-medico-sociale\/\" target=\"_self\" class=\"uael-post__complete-box-overlay\" aria-label=\"Link Complete Box\"><\/a>\n\t\t\t\t\n\t\t<div class=\"uael-post__inner-wrap uael-inner-wrap-disabled\">\n\n\t\t\t\t<div class=\"uael-post__thumbnail \">\n\t\t\t\t\t\t<a target=\"_self\" href=\"https:\/\/www.gerontim.com\/fr\/articles\/experts\/reussir-son-evaluation-medico-sociale\/\" title=\"R\u00e9ussir son \u00e9valuation m\u00e9dico-sociale avec le nouveau r\u00e9f\u00e9rentiel de la HAS\"><img decoding=\"async\" src=\"https:\/\/www.gerontim.com\/wp-content\/uploads\/elementor\/thumbs\/reussir-son-evaluation-medico-sociale-qtk3jy71pub2wtinoircvkce38ltzwm72yh59jyh04.jpg\" title=\"R\u00e9ussir son \u00e9valuation m\u00e9dico-sociale\" alt=\"R\u00e9ussir son \u00e9valuation m\u00e9dico-sociale\" loading=\"lazy\" \/><\/a>\n\t\t\t\t\t<div class=\"uael-post__datebox \">\n\t\t\t\t<div class=\"uael-post__date-wrap\">\n\t\t\t\t\t\t\t\t\t\t<span class='uael-post__date-month'>Sep<\/span><span class='uael-post__date-day'>03<\/span>\t\t\t\t<\/div>\t\t\t\t\n\t\t\t<\/div>\n\t\t<\/div>\n\t\t\n\t\t\t\n\t\t\t<div class=\"uael-post__content-wrap uael-content-wrap-disabled\">\n\n\t\t\t\t\t<h3 class=\"uael-post__title\">\n\n\t\t\n\t\t\t\t\t\t<a href=\"https:\/\/www.gerontim.com\/fr\/articles\/experts\/reussir-son-evaluation-medico-sociale\/\" target=\"_self\">\n\t\t\t\tR\u00e9ussir son \u00e9valuation m\u00e9dico-sociale avec le nouveau r\u00e9f\u00e9rentiel de la HAS\t\t\t<\/a>\n\n\t\t\t\t<\/h3>\n\t\t\t\t\t<div class=\"uael-post__meta-data\">\n\t\t\t\t\t<\/div>\n\t\t\n\t\t<div class=\"uael-post__excerpt\">\n\t\t\tComment r\u00e9ussir \u00e0 coup s\u00fbr son \u00e9valuation m\u00e9dico-sociale ? D\u00e9couvrez toutes les bonnes pratiques et astuces de notre expert dans ce billet d\u00e9di\u00e9 \u00e0 la nouvelle \u00e9valuation HAS.\t\t<\/div>\n\n\t\t\t\t\t<\/div>\n\t\t\t\n\t\t<\/div>\n\t\t\n\n\t<\/div>\n\n<\/div>\n\n\n<div class=\"uael-post-wrapper   billets-d&#039;experts \">\n\t<div class=\"uael-post__bg-wrap uael-bg-wrap-disabled\">\n\n\t\t\t\t\t<a href=\"https:\/\/www.gerontim.com\/fr\/articles\/experts\/ameliorer-demarche-qualite-en-ehpad\/\" target=\"_self\" class=\"uael-post__complete-box-overlay\" aria-label=\"Link Complete Box\"><\/a>\n\t\t\t\t\n\t\t<div class=\"uael-post__inner-wrap uael-inner-wrap-disabled\">\n\n\t\t\t\t<div class=\"uael-post__thumbnail \">\n\t\t\t\t\t\t<a target=\"_self\" href=\"https:\/\/www.gerontim.com\/fr\/articles\/experts\/ameliorer-demarche-qualite-en-ehpad\/\" title=\"Am\u00e9liorer sa d\u00e9marche qualit\u00e9 en EHPAD\u00a0: entre projet d\u2019\u00e9tablissement et \u00e9valuation m\u00e9dico-sociale\"><img decoding=\"async\" src=\"https:\/\/www.gerontim.com\/wp-content\/uploads\/elementor\/thumbs\/ameliorer-sa-demarche-qualite-en-ehpad-qj159n08kww01s2r177kbki5djyphl33d7lvijwiok.jpg\" title=\"Am\u00e9liorer sa d\u00e9marche qualit\u00e9 en ehpad\" alt=\"Am\u00e9liorer sa d\u00e9marche qualit\u00e9 en ehpad : le combo gagnant entre projet d&#039;\u00e9tablissement et \u00e9valuation m\u00e9dico-sociale\" loading=\"lazy\" \/><\/a>\n\t\t\t\t\t<div class=\"uael-post__datebox \">\n\t\t\t\t<div class=\"uael-post__date-wrap\">\n\t\t\t\t\t\t\t\t\t\t<span class='uael-post__date-month'>F\u00e9v<\/span><span class='uael-post__date-day'>13<\/span>\t\t\t\t<\/div>\t\t\t\t\n\t\t\t<\/div>\n\t\t<\/div>\n\t\t\n\t\t\t\n\t\t\t<div class=\"uael-post__content-wrap uael-content-wrap-disabled\">\n\n\t\t\t\t\t<h3 class=\"uael-post__title\">\n\n\t\t\n\t\t\t\t\t\t<a href=\"https:\/\/www.gerontim.com\/fr\/articles\/experts\/ameliorer-demarche-qualite-en-ehpad\/\" target=\"_self\">\n\t\t\t\tAm\u00e9liorer sa d\u00e9marche qualit\u00e9 en EHPAD\u00a0: entre projet d\u2019\u00e9tablissement et \u00e9valuation m\u00e9dico-sociale\t\t\t<\/a>\n\n\t\t\t\t<\/h3>\n\t\t\t\t\t<div class=\"uael-post__meta-data\">\n\t\t\t\t\t<\/div>\n\t\t\n\t\t<div class=\"uael-post__excerpt\">\n\t\t\tComment am\u00e9liorer sa d\u00e9marche qualit\u00e9 en EHPAD ? Dans ce billet, notre expert vous explique pourquoi combiner projet d\u2019\u00e9tablissement et pr\u00e9paration \u00e0 l\u2019\u00e9valuation m\u00e9dico-sociale peut \u00eatre b\u00e9n\u00e9fique \u00e0 la qualit\u00e9 de votre accompagnement.\t\t<\/div>\n\n\t\t\t\t\t<\/div>\n\t\t\t\n\t\t<\/div>\n\t\t\n\n\t<\/div>\n\n<\/div>\n\n\n<div class=\"uael-post-wrapper   billets-d&#039;experts \">\n\t<div class=\"uael-post__bg-wrap uael-bg-wrap-disabled\">\n\n\t\t\t\t\t<a href=\"https:\/\/www.gerontim.com\/fr\/articles\/experts\/role-projet-vie-animation-ehpad\/\" target=\"_self\" class=\"uael-post__complete-box-overlay\" aria-label=\"Link Complete Box\"><\/a>\n\t\t\t\t\n\t\t<div class=\"uael-post__inner-wrap uael-inner-wrap-disabled\">\n\n\t\t\t\t<div class=\"uael-post__thumbnail \">\n\t\t\t\t\t\t<a target=\"_self\" href=\"https:\/\/www.gerontim.com\/fr\/articles\/experts\/role-projet-vie-animation-ehpad\/\" title=\"Le r\u00f4le du projet de vie et d&rsquo;animation en EHPAD\"><img decoding=\"async\" src=\"https:\/\/www.gerontim.com\/wp-content\/uploads\/elementor\/thumbs\/role-projet-vie-animation-ehpad-e1677072372182-q90i8ik43sewtkut8ohk6l4ku1gnk8nvzu2r56eys4.png\" title=\"Le projet de vie et d&rsquo;animation en EHPAD favorise la qualit\u00e9 de vie des r\u00e9sidents\" alt=\"Le projet de vie et d&#039;animation en EHPAD favorise la qualit\u00e9 de vie des r\u00e9sidents\" loading=\"lazy\" \/><\/a>\n\t\t\t\t\t<div class=\"uael-post__datebox \">\n\t\t\t\t<div class=\"uael-post__date-wrap\">\n\t\t\t\t\t\t\t\t\t\t<span class='uael-post__date-month'>F\u00e9v<\/span><span class='uael-post__date-day'>22<\/span>\t\t\t\t<\/div>\t\t\t\t\n\t\t\t<\/div>\n\t\t<\/div>\n\t\t\n\t\t\t\n\t\t\t<div class=\"uael-post__content-wrap uael-content-wrap-disabled\">\n\n\t\t\t\t\t<h3 class=\"uael-post__title\">\n\n\t\t\n\t\t\t\t\t\t<a href=\"https:\/\/www.gerontim.com\/fr\/articles\/experts\/role-projet-vie-animation-ehpad\/\" target=\"_self\">\n\t\t\t\tLe r\u00f4le du projet de vie et d&rsquo;animation en EHPAD\t\t\t<\/a>\n\n\t\t\t\t<\/h3>\n\t\t\t\t\t<div class=\"uael-post__meta-data\">\n\t\t\t\t\t<\/div>\n\t\t\n\t\t<div class=\"uael-post__excerpt\">\n\t\t\tQuels sont les principaux b\u00e9n\u00e9fices du projet de vie et d\u2019animation sur la qualit\u00e9 d\u2019accompagnement des personnes \u00e2g\u00e9es en EHPAD ? Notre expert d\u00e9crypte pour vous l\u2019importance de cette d\u00e9marche.\t\t<\/div>\n\n\t\t\t\t\t<\/div>\n\t\t\t\n\t\t<\/div>\n\t\t\n\n\t<\/div>\n\n<\/div>\n\t\t\t\t<\/div>\n\t\t\t\t\t\t\n\t\t<\/div>\n\n\t\t\t\t\t\t<\/div>\n\t\t<div class=\"uael-post__footer\">\n\t\t\t\t\t<\/div>\n\t\t\t\t\t\t<\/div>\n\t\t\t\t<\/div>\n\t\t\t\t\t<\/div>\n\t\t<\/div>\n\t\t\t\t\t<\/div>\n\t\t<\/aside>\n\t\t\t\t<section class=\"elementor-section elementor-top-section elementor-element elementor-element-874046b elementor-section-boxed elementor-section-height-default elementor-section-height-default\" data-id=\"874046b\" data-element_type=\"section\" data-e-type=\"section\">\n\t\t\t\t\t\t<div class=\"elementor-container elementor-column-gap-default\">\n\t\t\t\t\t<div class=\"elementor-column elementor-col-100 elementor-top-column elementor-element elementor-element-ecf5d04\" data-id=\"ecf5d04\" data-element_type=\"column\" data-e-type=\"column\">\n\t\t\t<div class=\"elementor-widget-wrap elementor-element-populated\">\n\t\t\t\t\t\t<div class=\"elementor-element elementor-element-55cbee7 elementor-share-buttons--shape-circle elementor-hidden-tablet elementor-hidden-phone elementor-share-buttons--view-icon-text elementor-share-buttons--skin-gradient elementor-grid-0 elementor-share-buttons--color-official elementor-widget elementor-widget-global elementor-global-3982 elementor-widget-share-buttons\" data-id=\"55cbee7\" data-element_type=\"widget\" data-e-type=\"widget\" data-widget_type=\"share-buttons.default\">\n\t\t\t\t<div class=\"elementor-widget-container\">\n\t\t\t\t\t\t\t<div class=\"elementor-grid\">\n\t\t\t\t\t\t\t\t<div class=\"elementor-grid-item\">\n\t\t\t\t\t\t<div class=\"elementor-share-btn elementor-share-btn_print\" role=\"button\" tabindex=\"0\" aria-label=\"Partager sur print\">\n\t\t\t\t\t\t\t\t\t\t\t\t\t\t\t<span class=\"elementor-share-btn__icon\">\n\t\t\t\t\t\t\t\t<i class=\"fas fa-print\" aria-hidden=\"true\"><\/i>\t\t\t\t\t\t\t<\/span>\n\t\t\t\t\t\t\t\t\t\t\t\t\t\t\t\t\t\t\t\t\t\t<div class=\"elementor-share-btn__text\">\n\t\t\t\t\t\t\t\t\t\t\t\t\t\t\t\t\t\t\t<span class=\"elementor-share-btn__title\">\n\t\t\t\t\t\t\t\t\t\tImprimer la page\t\t\t\t\t\t\t\t\t<\/span>\n\t\t\t\t\t\t\t\t\t\t\t\t\t\t\t\t\t<\/div>\n\t\t\t\t\t\t\t\t\t\t\t\t\t<\/div>\n\t\t\t\t\t<\/div>\n\t\t\t\t\t\t<\/div>\n\t\t\t\t\t\t<\/div>\n\t\t\t\t<\/div>\n\t\t\t\t\t<\/div>\n\t\t<\/div>\n\t\t\t\t\t<\/div>\n\t\t<\/section>\n\t\t\t\t<\/div>\n\t\t","protected":false},"excerpt":{"rendered":"<p>Pourquoi et comment se pr\u00e9parer \u00e0 l&rsquo;\u00e9valuation HAS de son \u00e9tablissement ou service m\u00e9dicosocial ? Gerontim accompagne votre ESMS dans la pr\u00e9paration de votre \u00e9valuation qui nourrit et valorise votre d\u00e9marche qualit\u00e9, et permet de se projeter en termes de strat\u00e9gie, de fonctionnement et de management.<\/p>\n","protected":false},"author":6,"featured_media":10889,"parent":2324,"menu_order":0,"comment_status":"closed","ping_status":"closed","template":"","meta":{"site-sidebar-layout":"no-sidebar","site-content-layout":"page-builder","ast-site-content-layout":"full-width-container","site-content-style":"unboxed","site-sidebar-style":"unboxed","ast-global-header-display":"","ast-banner-title-visibility":"","ast-main-header-display":"","ast-hfb-above-header-display":"","ast-hfb-below-header-display":"","ast-hfb-mobile-header-display":"","site-post-title":"disabled","ast-breadcrumbs-content":"","ast-featured-img":"disabled","footer-sml-layout":"","ast-disable-related-posts":"","theme-transparent-header-meta":"default","adv-header-id-meta":"","stick-header-meta":"default","header-above-stick-meta":"","header-main-stick-meta":"","header-below-stick-meta":"","astra-migrate-meta-layouts":"set","ast-page-background-enabled":"default","ast-page-background-meta":{"desktop":{"background-color":"","background-image":"","background-repeat":"repeat","background-position":"center center","background-size":"auto","background-attachment":"scroll","background-type":"","background-media":"","overlay-type":"","overlay-color":"","overlay-opacity":"","overlay-gradient":""},"tablet":{"background-color":"","background-image":"","background-repeat":"repeat","background-position":"center center","background-size":"auto","background-attachment":"scroll","background-type":"","background-media":"","overlay-type":"","overlay-color":"","overlay-opacity":"","overlay-gradient":""},"mobile":{"background-color":"","background-image":"","background-repeat":"repeat","background-position":"center center","background-size":"auto","background-attachment":"scroll","background-type":"","background-media":"","overlay-type":"","overlay-color":"","overlay-opacity":"","overlay-gradient":""}},"ast-content-background-meta":{"desktop":{"background-color":"var(--ast-global-color-5)","background-image":"","background-repeat":"repeat","background-position":"center center","background-size":"auto","background-attachment":"scroll","background-type":"","background-media":"","overlay-type":"","overlay-color":"","overlay-opacity":"","overlay-gradient":""},"tablet":{"background-color":"var(--ast-global-color-5)","background-image":"","background-repeat":"repeat","background-position":"center center","background-size":"auto","background-attachment":"scroll","background-type":"","background-media":"","overlay-type":"","overlay-color":"","overlay-opacity":"","overlay-gradient":""},"mobile":{"background-color":"var(--ast-global-color-5)","background-image":"","background-repeat":"repeat","background-position":"center center","background-size":"auto","background-attachment":"scroll","background-type":"","background-media":"","overlay-type":"","overlay-color":"","overlay-opacity":"","overlay-gradient":""}},"footnotes":""},"categories":[69],"tags":[70,39,107,40,72,42,41],"class_list":["post-10816","page","type-page","status-publish","has-post-thumbnail","hentry","category-prestation","tag-ehpa","tag-ehpad","tag-qualite","tag-residence-autonomie","tag-saad","tag-spasad","tag-ssiad"],"yoast_head":"<!-- This site is optimized with the Yoast SEO plugin v27.4 - https:\/\/yoast.com\/product\/yoast-seo-wordpress\/ -->\n<title>Pr\u00e9paration \u00e0 l&#039;\u00e9valuation HAS : valoriser sa d\u00e9marche qualit\u00e9<\/title>\n<meta name=\"description\" content=\"Gerontim aide les ESSMS dans la pr\u00e9paration de l&#039;\u00e9valuation HAS et la valorisation de l\u2019investissement humain et mat\u00e9riel mobilis\u00e9 au service de la qualit\u00e9 de vie des personnes \u00e2g\u00e9es.\" \/>\n<meta name=\"robots\" content=\"index, follow, max-snippet:-1, max-image-preview:large, max-video-preview:-1\" \/>\n<link rel=\"canonical\" href=\"https:\/\/www.gerontim.com\/fr\/prestations\/preparation-evaluation-has-esms\/\" \/>\n<meta property=\"og:locale\" content=\"fr_FR\" \/>\n<meta property=\"og:type\" content=\"article\" \/>\n<meta property=\"og:title\" content=\"Pr\u00e9paration \u00e0 l&#039;\u00e9valuation HAS : valoriser sa d\u00e9marche qualit\u00e9\" \/>\n<meta property=\"og:description\" content=\"Gerontim aide les ESSMS dans la pr\u00e9paration de l&#039;\u00e9valuation HAS et la valorisation de l\u2019investissement humain et mat\u00e9riel mobilis\u00e9 au service de la qualit\u00e9 de vie des personnes \u00e2g\u00e9es.\" \/>\n<meta property=\"og:url\" content=\"https:\/\/www.gerontim.com\/fr\/prestations\/preparation-evaluation-has-esms\/\" \/>\n<meta property=\"og:site_name\" content=\"Gerontim\" \/>\n<meta property=\"article:modified_time\" content=\"2025-10-27T14:07:51+00:00\" \/>\n<meta property=\"og:image\" content=\"https:\/\/www.gerontim.com\/wp-content\/uploads\/2022\/11\/auto-evaluation-qualite-etablissements-services-medicosociaux-esms.png\" \/>\n\t<meta property=\"og:image:width\" content=\"1080\" \/>\n\t<meta property=\"og:image:height\" content=\"1080\" \/>\n\t<meta property=\"og:image:type\" content=\"image\/png\" \/>\n<meta name=\"twitter:card\" content=\"summary_large_image\" \/>\n<meta name=\"twitter:site\" content=\"@Gerontim\" \/>\n<meta name=\"twitter:label1\" content=\"Dur\u00e9e de lecture estim\u00e9e\" \/>\n\t<meta name=\"twitter:data1\" content=\"16 minutes\" \/>\n<script type=\"application\/ld+json\" class=\"yoast-schema-graph\">{\"@context\":\"https:\\\/\\\/schema.org\",\"@graph\":[{\"@type\":\"WebPage\",\"@id\":\"https:\\\/\\\/www.gerontim.com\\\/fr\\\/prestations\\\/preparation-evaluation-has-esms\\\/\",\"url\":\"https:\\\/\\\/www.gerontim.com\\\/fr\\\/prestations\\\/preparation-evaluation-has-esms\\\/\",\"name\":\"Pr\u00e9paration \u00e0 l'\u00e9valuation HAS : valoriser sa d\u00e9marche qualit\u00e9\",\"isPartOf\":{\"@id\":\"https:\\\/\\\/www.gerontim.com\\\/fr\\\/#website\"},\"primaryImageOfPage\":{\"@id\":\"https:\\\/\\\/www.gerontim.com\\\/fr\\\/prestations\\\/preparation-evaluation-has-esms\\\/#primaryimage\"},\"image\":{\"@id\":\"https:\\\/\\\/www.gerontim.com\\\/fr\\\/prestations\\\/preparation-evaluation-has-esms\\\/#primaryimage\"},\"thumbnailUrl\":\"https:\\\/\\\/www.gerontim.com\\\/wp-content\\\/uploads\\\/2022\\\/11\\\/auto-evaluation-qualite-etablissements-services-medicosociaux-esms.png\",\"datePublished\":\"2022-11-21T15:29:11+00:00\",\"dateModified\":\"2025-10-27T14:07:51+00:00\",\"description\":\"Gerontim aide les ESSMS dans la pr\u00e9paration de l'\u00e9valuation HAS et la valorisation de l\u2019investissement humain et mat\u00e9riel mobilis\u00e9 au service de la qualit\u00e9 de vie des personnes \u00e2g\u00e9es.\",\"breadcrumb\":{\"@id\":\"https:\\\/\\\/www.gerontim.com\\\/fr\\\/prestations\\\/preparation-evaluation-has-esms\\\/#breadcrumb\"},\"inLanguage\":\"fr-FR\",\"potentialAction\":[{\"@type\":\"ReadAction\",\"target\":[\"https:\\\/\\\/www.gerontim.com\\\/fr\\\/prestations\\\/preparation-evaluation-has-esms\\\/\"]}]},{\"@type\":\"ImageObject\",\"inLanguage\":\"fr-FR\",\"@id\":\"https:\\\/\\\/www.gerontim.com\\\/fr\\\/prestations\\\/preparation-evaluation-has-esms\\\/#primaryimage\",\"url\":\"https:\\\/\\\/www.gerontim.com\\\/wp-content\\\/uploads\\\/2022\\\/11\\\/auto-evaluation-qualite-etablissements-services-medicosociaux-esms.png\",\"contentUrl\":\"https:\\\/\\\/www.gerontim.com\\\/wp-content\\\/uploads\\\/2022\\\/11\\\/auto-evaluation-qualite-etablissements-services-medicosociaux-esms.png\",\"width\":1080,\"height\":1080,\"caption\":\"Guider les ESMS dans la pr\u00e9paration \u00e0 l'\u00e9valuation HAS et le d\u00e9veloppement d\u2019une d\u00e9marche qualit\u00e9\"},{\"@type\":\"BreadcrumbList\",\"@id\":\"https:\\\/\\\/www.gerontim.com\\\/fr\\\/prestations\\\/preparation-evaluation-has-esms\\\/#breadcrumb\",\"itemListElement\":[{\"@type\":\"ListItem\",\"position\":1,\"name\":\"Accueil\",\"item\":\"https:\\\/\\\/www.gerontim.com\\\/fr\\\/\"},{\"@type\":\"ListItem\",\"position\":2,\"name\":\"Prestations\",\"item\":\"https:\\\/\\\/www.gerontim.com\\\/fr\\\/prestations\\\/\"},{\"@type\":\"ListItem\",\"position\":3,\"name\":\"Projets organisationnels\",\"item\":\"https:\\\/\\\/www.gerontim.com\\\/fr\\\/prestations\\\/projets-organisationnels\\\/\"},{\"@type\":\"ListItem\",\"position\":4,\"name\":\"\u00c9valuation HAS : comment r\u00e9ussir sa pr\u00e9paration et s\u00e9curiser sa conformit\u00e9 ?\"}]},{\"@type\":\"WebSite\",\"@id\":\"https:\\\/\\\/www.gerontim.com\\\/fr\\\/#website\",\"url\":\"https:\\\/\\\/www.gerontim.com\\\/fr\\\/\",\"name\":\"Gerontim\",\"description\":\"L&#039;expertise g\u00e9rontologique\",\"publisher\":{\"@id\":\"https:\\\/\\\/www.gerontim.com\\\/fr\\\/#organization\"},\"potentialAction\":[{\"@type\":\"SearchAction\",\"target\":{\"@type\":\"EntryPoint\",\"urlTemplate\":\"https:\\\/\\\/www.gerontim.com\\\/fr\\\/?s={search_term_string}\"},\"query-input\":{\"@type\":\"PropertyValueSpecification\",\"valueRequired\":true,\"valueName\":\"search_term_string\"}}],\"inLanguage\":\"fr-FR\"},{\"@type\":\"Organization\",\"@id\":\"https:\\\/\\\/www.gerontim.com\\\/fr\\\/#organization\",\"name\":\"Gerontim\",\"url\":\"https:\\\/\\\/www.gerontim.com\\\/fr\\\/\",\"logo\":{\"@type\":\"ImageObject\",\"inLanguage\":\"fr-FR\",\"@id\":\"https:\\\/\\\/www.gerontim.com\\\/fr\\\/#\\\/schema\\\/logo\\\/image\\\/\",\"url\":\"https:\\\/\\\/www.gerontim.com\\\/wp-content\\\/uploads\\\/2019\\\/12\\\/gerontim-logo-sm.png\",\"contentUrl\":\"https:\\\/\\\/www.gerontim.com\\\/wp-content\\\/uploads\\\/2019\\\/12\\\/gerontim-logo-sm.png\",\"width\":140,\"height\":67,\"caption\":\"Gerontim\"},\"image\":{\"@id\":\"https:\\\/\\\/www.gerontim.com\\\/fr\\\/#\\\/schema\\\/logo\\\/image\\\/\"},\"sameAs\":[\"https:\\\/\\\/x.com\\\/Gerontim\",\"https:\\\/\\\/www.linkedin.com\\\/company\\\/gerontim-cabinet-conseil-gerontologie\\\/\"]}]}<\/script>\n<!-- \/ Yoast SEO plugin. -->","yoast_head_json":{"title":"Pr\u00e9paration \u00e0 l'\u00e9valuation HAS : valoriser sa d\u00e9marche qualit\u00e9","description":"Gerontim aide les ESSMS dans la pr\u00e9paration de l'\u00e9valuation HAS et la valorisation de l\u2019investissement humain et mat\u00e9riel mobilis\u00e9 au service de la qualit\u00e9 de vie des personnes \u00e2g\u00e9es.","robots":{"index":"index","follow":"follow","max-snippet":"max-snippet:-1","max-image-preview":"max-image-preview:large","max-video-preview":"max-video-preview:-1"},"canonical":"https:\/\/www.gerontim.com\/fr\/prestations\/preparation-evaluation-has-esms\/","og_locale":"fr_FR","og_type":"article","og_title":"Pr\u00e9paration \u00e0 l'\u00e9valuation HAS : valoriser sa d\u00e9marche qualit\u00e9","og_description":"Gerontim aide les ESSMS dans la pr\u00e9paration de l'\u00e9valuation HAS et la valorisation de l\u2019investissement humain et mat\u00e9riel mobilis\u00e9 au service de la qualit\u00e9 de vie des personnes \u00e2g\u00e9es.","og_url":"https:\/\/www.gerontim.com\/fr\/prestations\/preparation-evaluation-has-esms\/","og_site_name":"Gerontim","article_modified_time":"2025-10-27T14:07:51+00:00","og_image":[{"width":1080,"height":1080,"url":"https:\/\/www.gerontim.com\/wp-content\/uploads\/2022\/11\/auto-evaluation-qualite-etablissements-services-medicosociaux-esms.png","type":"image\/png"}],"twitter_card":"summary_large_image","twitter_site":"@Gerontim","twitter_misc":{"Dur\u00e9e de lecture estim\u00e9e":"16 minutes"},"schema":{"@context":"https:\/\/schema.org","@graph":[{"@type":"WebPage","@id":"https:\/\/www.gerontim.com\/fr\/prestations\/preparation-evaluation-has-esms\/","url":"https:\/\/www.gerontim.com\/fr\/prestations\/preparation-evaluation-has-esms\/","name":"Pr\u00e9paration \u00e0 l'\u00e9valuation HAS : valoriser sa d\u00e9marche qualit\u00e9","isPartOf":{"@id":"https:\/\/www.gerontim.com\/fr\/#website"},"primaryImageOfPage":{"@id":"https:\/\/www.gerontim.com\/fr\/prestations\/preparation-evaluation-has-esms\/#primaryimage"},"image":{"@id":"https:\/\/www.gerontim.com\/fr\/prestations\/preparation-evaluation-has-esms\/#primaryimage"},"thumbnailUrl":"https:\/\/www.gerontim.com\/wp-content\/uploads\/2022\/11\/auto-evaluation-qualite-etablissements-services-medicosociaux-esms.png","datePublished":"2022-11-21T15:29:11+00:00","dateModified":"2025-10-27T14:07:51+00:00","description":"Gerontim aide les ESSMS dans la pr\u00e9paration de l'\u00e9valuation HAS et la valorisation de l\u2019investissement humain et mat\u00e9riel mobilis\u00e9 au service de la qualit\u00e9 de vie des personnes \u00e2g\u00e9es.","breadcrumb":{"@id":"https:\/\/www.gerontim.com\/fr\/prestations\/preparation-evaluation-has-esms\/#breadcrumb"},"inLanguage":"fr-FR","potentialAction":[{"@type":"ReadAction","target":["https:\/\/www.gerontim.com\/fr\/prestations\/preparation-evaluation-has-esms\/"]}]},{"@type":"ImageObject","inLanguage":"fr-FR","@id":"https:\/\/www.gerontim.com\/fr\/prestations\/preparation-evaluation-has-esms\/#primaryimage","url":"https:\/\/www.gerontim.com\/wp-content\/uploads\/2022\/11\/auto-evaluation-qualite-etablissements-services-medicosociaux-esms.png","contentUrl":"https:\/\/www.gerontim.com\/wp-content\/uploads\/2022\/11\/auto-evaluation-qualite-etablissements-services-medicosociaux-esms.png","width":1080,"height":1080,"caption":"Guider les ESMS dans la pr\u00e9paration \u00e0 l'\u00e9valuation HAS et le d\u00e9veloppement d\u2019une d\u00e9marche qualit\u00e9"},{"@type":"BreadcrumbList","@id":"https:\/\/www.gerontim.com\/fr\/prestations\/preparation-evaluation-has-esms\/#breadcrumb","itemListElement":[{"@type":"ListItem","position":1,"name":"Accueil","item":"https:\/\/www.gerontim.com\/fr\/"},{"@type":"ListItem","position":2,"name":"Prestations","item":"https:\/\/www.gerontim.com\/fr\/prestations\/"},{"@type":"ListItem","position":3,"name":"Projets organisationnels","item":"https:\/\/www.gerontim.com\/fr\/prestations\/projets-organisationnels\/"},{"@type":"ListItem","position":4,"name":"\u00c9valuation HAS : comment r\u00e9ussir sa pr\u00e9paration et s\u00e9curiser sa conformit\u00e9 ?"}]},{"@type":"WebSite","@id":"https:\/\/www.gerontim.com\/fr\/#website","url":"https:\/\/www.gerontim.com\/fr\/","name":"Gerontim","description":"L&#039;expertise g\u00e9rontologique","publisher":{"@id":"https:\/\/www.gerontim.com\/fr\/#organization"},"potentialAction":[{"@type":"SearchAction","target":{"@type":"EntryPoint","urlTemplate":"https:\/\/www.gerontim.com\/fr\/?s={search_term_string}"},"query-input":{"@type":"PropertyValueSpecification","valueRequired":true,"valueName":"search_term_string"}}],"inLanguage":"fr-FR"},{"@type":"Organization","@id":"https:\/\/www.gerontim.com\/fr\/#organization","name":"Gerontim","url":"https:\/\/www.gerontim.com\/fr\/","logo":{"@type":"ImageObject","inLanguage":"fr-FR","@id":"https:\/\/www.gerontim.com\/fr\/#\/schema\/logo\/image\/","url":"https:\/\/www.gerontim.com\/wp-content\/uploads\/2019\/12\/gerontim-logo-sm.png","contentUrl":"https:\/\/www.gerontim.com\/wp-content\/uploads\/2019\/12\/gerontim-logo-sm.png","width":140,"height":67,"caption":"Gerontim"},"image":{"@id":"https:\/\/www.gerontim.com\/fr\/#\/schema\/logo\/image\/"},"sameAs":["https:\/\/x.com\/Gerontim","https:\/\/www.linkedin.com\/company\/gerontim-cabinet-conseil-gerontologie\/"]}]}},"_links":{"self":[{"href":"https:\/\/www.gerontim.com\/fr\/wp-json\/wp\/v2\/pages\/10816","targetHints":{"allow":["GET"]}}],"collection":[{"href":"https:\/\/www.gerontim.com\/fr\/wp-json\/wp\/v2\/pages"}],"about":[{"href":"https:\/\/www.gerontim.com\/fr\/wp-json\/wp\/v2\/types\/page"}],"author":[{"embeddable":true,"href":"https:\/\/www.gerontim.com\/fr\/wp-json\/wp\/v2\/users\/6"}],"replies":[{"embeddable":true,"href":"https:\/\/www.gerontim.com\/fr\/wp-json\/wp\/v2\/comments?post=10816"}],"version-history":[{"count":149,"href":"https:\/\/www.gerontim.com\/fr\/wp-json\/wp\/v2\/pages\/10816\/revisions"}],"predecessor-version":[{"id":12637,"href":"https:\/\/www.gerontim.com\/fr\/wp-json\/wp\/v2\/pages\/10816\/revisions\/12637"}],"up":[{"embeddable":true,"href":"https:\/\/www.gerontim.com\/fr\/wp-json\/wp\/v2\/pages\/2324"}],"wp:featuredmedia":[{"embeddable":true,"href":"https:\/\/www.gerontim.com\/fr\/wp-json\/wp\/v2\/media\/10889"}],"wp:attachment":[{"href":"https:\/\/www.gerontim.com\/fr\/wp-json\/wp\/v2\/media?parent=10816"}],"wp:term":[{"taxonomy":"category","embeddable":true,"href":"https:\/\/www.gerontim.com\/fr\/wp-json\/wp\/v2\/categories?post=10816"},{"taxonomy":"post_tag","embeddable":true,"href":"https:\/\/www.gerontim.com\/fr\/wp-json\/wp\/v2\/tags?post=10816"}],"curies":[{"name":"wp","href":"https:\/\/api.w.org\/{rel}","templated":true}]}}