{"id":2523,"date":"2019-04-10T21:13:50","date_gmt":"2019-04-10T21:13:50","guid":{"rendered":"https:\/\/www.gerontim.com\/?post_type=astra-portfolio&#038;p=2523"},"modified":"2023-02-22T17:09:31","modified_gmt":"2023-02-22T16:09:31","slug":"extension-ehpad-103-places","status":"publish","type":"astra-portfolio","link":"https:\/\/www.gerontim.com\/fr\/realisations\/extension-ehpad-103-places\/","title":{"rendered":"Extension EHPAD La Grange \u00e0 Cou\u00ebron (44) \u2013 103 places"},"content":{"rendered":"\t\t<div data-elementor-type=\"wp-post\" data-elementor-id=\"2523\" class=\"elementor elementor-2523\" data-elementor-post-type=\"astra-portfolio\">\n\t\t\t\t\t\t<section class=\"elementor-section elementor-top-section elementor-element elementor-element-ef8b73d elementor-section-content-middle elementor-section-boxed elementor-section-height-default elementor-section-height-default\" data-id=\"ef8b73d\" data-element_type=\"section\" data-e-type=\"section\" id=\"section-realcarousel\">\n\t\t\t\t\t\t<div class=\"elementor-container elementor-column-gap-no\">\n\t\t\t\t\t<div class=\"elementor-column elementor-col-100 elementor-top-column elementor-element elementor-element-a245735\" data-id=\"a245735\" data-element_type=\"column\" data-e-type=\"column\" data-settings=\"{&quot;background_background&quot;:&quot;classic&quot;}\">\n\t\t\t<div class=\"elementor-widget-wrap elementor-element-populated\">\n\t\t\t\t\t\t<div class=\"elementor-element elementor-element-a6426d4 elementor-skin-slideshow elementor-arrows-yes elementor-widget elementor-widget-media-carousel\" data-id=\"a6426d4\" data-element_type=\"widget\" data-e-type=\"widget\" data-settings=\"{&quot;skin&quot;:&quot;slideshow&quot;,&quot;centered_slides&quot;:&quot;yes&quot;,&quot;effect&quot;:&quot;fade&quot;,&quot;show_arrows&quot;:&quot;yes&quot;,&quot;speed&quot;:500,&quot;autoplay&quot;:&quot;yes&quot;,&quot;autoplay_speed&quot;:5000,&quot;loop&quot;:&quot;yes&quot;,&quot;pause_on_hover&quot;:&quot;yes&quot;,&quot;pause_on_interaction&quot;:&quot;yes&quot;,&quot;space_between&quot;:{&quot;unit&quot;:&quot;px&quot;,&quot;size&quot;:10,&quot;sizes&quot;:[]},&quot;space_between_tablet&quot;:{&quot;unit&quot;:&quot;px&quot;,&quot;size&quot;:10,&quot;sizes&quot;:[]},&quot;space_between_mobile&quot;:{&quot;unit&quot;:&quot;px&quot;,&quot;size&quot;:10,&quot;sizes&quot;:[]}}\" data-widget_type=\"media-carousel.default\">\n\t\t\t\t<div class=\"elementor-widget-container\">\n\t\t\t\t\t\t\t\t\t<div class=\"elementor-swiper\">\n\t\t\t\t\t<div class=\"elementor-main-swiper swiper\" role=\"region\" aria-roledescription=\"carousel\" aria-label=\"Diapositives\">\n\t\t\t\t<div class=\"swiper-wrapper\">\n\t\t\t\t\t\t\t\t\t\t\t<div class=\"swiper-slide\" role=\"group\" aria-roledescription=\"slide\">\n\t\t\t\t\t\t\t\t\t<div class=\"elementor-carousel-image\" role=\"img\" aria-label=\"Fa\u00e7ade et jardin am\u00e9nag\u00e9 de l\u2019EHPAD La Grange \u00e0 Cou\u00ebron\" style=\"background-image: url(&#039;https:\/\/www.gerontim.com\/wp-content\/uploads\/elementor\/thumbs\/ehpad-grange-facade-q90l7o6592iacg6yq5vxpqanqwnolk0mi11q9povee.jpg&#039;)\">\n\n\t\t\t\n\t\t\t\t\t<\/div>\n\t\t\t\t\t\t\t\t<\/div>\n\t\t\t\t\t\t\t\t\t\t\t<div class=\"swiper-slide\" role=\"group\" aria-roledescription=\"slide\">\n\t\t\t\t\t\t\t\t\t<div class=\"elementor-carousel-image\" role=\"img\" aria-label=\"Jardin th\u00e9rapeutique am\u00e9nag\u00e9 de l\u2019EHPAD La Grange \u00e0 Cou\u00ebron\" style=\"background-image: url(&#039;https:\/\/www.gerontim.com\/wp-content\/uploads\/elementor\/thumbs\/ehpad-grange-jardin-q90l7gnfqe7zrkhvy2mx5s6yztoqvz6rsztufhzzf0.jpg&#039;)\">\n\n\t\t\t\n\t\t\t\t\t<\/div>\n\t\t\t\t\t\t\t\t<\/div>\n\t\t\t\t\t\t\t\t\t\t\t<div class=\"swiper-slide\" role=\"group\" aria-roledescription=\"slide\">\n\t\t\t\t\t\t\t\t\t<div class=\"elementor-carousel-image\" role=\"img\" aria-label=\"D\u00e9coration murale d\u2019un salon de l\u2019EHPAD La Grange \u00e0 Cou\u00ebron\" style=\"background-image: url(&#039;https:\/\/www.gerontim.com\/wp-content\/uploads\/elementor\/thumbs\/ehpad-grange-decoration-murale-q90l786w0vwev2u6bgza1cbtncufyp96rtyh40ckc6.jpg&#039;)\">\n\n\t\t\t\n\t\t\t\t\t<\/div>\n\t\t\t\t\t\t\t\t<\/div>\n\t\t\t\t\t\t\t\t\t\t\t<div class=\"swiper-slide\" role=\"group\" aria-roledescription=\"slide\">\n\t\t\t\t\t\t\t\t\t<div class=\"elementor-carousel-image\" role=\"img\" aria-label=\"Salon avec terrasse au sein de l\u2019EHPAD La Grange \u00e0 Cou\u00ebron\" style=\"background-image: url(&#039;https:\/\/www.gerontim.com\/wp-content\/uploads\/elementor\/thumbs\/ehpad-grange-salon-q90l6xunxpi9bd96zuidrwxr449em1452es4tyrw8w.jpg&#039;)\">\n\n\t\t\t\n\t\t\t\t\t<\/div>\n\t\t\t\t\t\t\t\t<\/div>\n\t\t\t\t\t\t\t\t\t\t\t<div class=\"swiper-slide\" role=\"group\" aria-roledescription=\"slide\">\n\t\t\t\t\t\t\t\t\t<div class=\"elementor-carousel-image\" role=\"img\" aria-label=\"Vue ext\u00e9rieure de l\u2019extension de l&#039;EHPAD La Grange \u00e0 Cou\u00ebron\" style=\"background-image: url(&#039;https:\/\/www.gerontim.com\/wp-content\/uploads\/elementor\/thumbs\/ehpad-grange-vue-exterieur-extension-q90l6lmrgv1j4fqxz788di0re3xmtyrmoqatlda0hi.jpg&#039;)\">\n\n\t\t\t\n\t\t\t\t\t<\/div>\n\t\t\t\t\t\t\t\t<\/div>\n\t\t\t\t\t\t\t\t\t<\/div>\n\t\t\t\t\t\t\t\t\t\t\t\t\t\t\t<div class=\"elementor-swiper-button elementor-swiper-button-prev\" role=\"button\" tabindex=\"0\" aria-label=\"Pr\u00e9c\u00e9dent\">\n\t\t\t\t\t\t\t<i aria-hidden=\"true\" class=\"eicon-chevron-left\"><\/i>\t\t\t\t\t\t<\/div>\n\t\t\t\t\t\t<div class=\"elementor-swiper-button elementor-swiper-button-next\" role=\"button\" tabindex=\"0\" aria-label=\"Suivant\">\n\t\t\t\t\t\t\t<i aria-hidden=\"true\" class=\"eicon-chevron-right\"><\/i>\t\t\t\t\t\t<\/div>\n\t\t\t\t\t\t\t\t\t\t\t\t\t\t\t\t\t<\/div>\n\t\t\t\t<\/div>\n\t\t\t\t\t\t\t\t<div class=\"elementor-swiper\">\n\t\t\t\t\t<div class=\"elementor-main-swiper swiper elementor-thumbnails-swiper swiper\" role=\"region region\" aria-roledescription=\"carousel carousel\" aria-label=\"Diapositives Diapositives\">\n\t\t\t\t<div class=\"swiper-wrapper\">\n\t\t\t\t\t\t\t\t\t\t\t<div class=\"swiper-slide\" role=\"group\" aria-roledescription=\"slide\">\n\t\t\t\t\t\t\t\t\t<div class=\"elementor-carousel-image\" role=\"img\" aria-label=\"Fa\u00e7ade et jardin am\u00e9nag\u00e9 de l\u2019EHPAD La Grange \u00e0 Cou\u00ebron\" style=\"background-image: url(&#039;https:\/\/www.gerontim.com\/wp-content\/uploads\/elementor\/thumbs\/ehpad-grange-facade-q90l7o6592iacg6yq5vxpqanqwnolk0mi11q9povee.jpg&#039;)\">\n\n\t\t\t\n\t\t\t\t\t<\/div>\n\t\t\t\t\t\t\t\t<\/div>\n\t\t\t\t\t\t\t\t\t\t\t<div class=\"swiper-slide\" role=\"group\" aria-roledescription=\"slide\">\n\t\t\t\t\t\t\t\t\t<div class=\"elementor-carousel-image\" role=\"img\" aria-label=\"Jardin th\u00e9rapeutique am\u00e9nag\u00e9 de l\u2019EHPAD La Grange \u00e0 Cou\u00ebron\" style=\"background-image: url(&#039;https:\/\/www.gerontim.com\/wp-content\/uploads\/elementor\/thumbs\/ehpad-grange-jardin-q90l7gnfqe7zrkhvy2mx5s6yztoqvz6rsztufhzzf0.jpg&#039;)\">\n\n\t\t\t\n\t\t\t\t\t<\/div>\n\t\t\t\t\t\t\t\t<\/div>\n\t\t\t\t\t\t\t\t\t\t\t<div class=\"swiper-slide\" role=\"group\" aria-roledescription=\"slide\">\n\t\t\t\t\t\t\t\t\t<div class=\"elementor-carousel-image\" role=\"img\" aria-label=\"D\u00e9coration murale d\u2019un salon de l\u2019EHPAD La Grange \u00e0 Cou\u00ebron\" style=\"background-image: url(&#039;https:\/\/www.gerontim.com\/wp-content\/uploads\/elementor\/thumbs\/ehpad-grange-decoration-murale-q90l786w0vwev2u6bgza1cbtncufyp96rtyh40ckc6.jpg&#039;)\">\n\n\t\t\t\n\t\t\t\t\t<\/div>\n\t\t\t\t\t\t\t\t<\/div>\n\t\t\t\t\t\t\t\t\t\t\t<div class=\"swiper-slide\" role=\"group\" aria-roledescription=\"slide\">\n\t\t\t\t\t\t\t\t\t<div class=\"elementor-carousel-image\" role=\"img\" aria-label=\"Salon avec terrasse au sein de l\u2019EHPAD La Grange \u00e0 Cou\u00ebron\" style=\"background-image: url(&#039;https:\/\/www.gerontim.com\/wp-content\/uploads\/elementor\/thumbs\/ehpad-grange-salon-q90l6xunxpi9bd96zuidrwxr449em1452es4tyrw8w.jpg&#039;)\">\n\n\t\t\t\n\t\t\t\t\t<\/div>\n\t\t\t\t\t\t\t\t<\/div>\n\t\t\t\t\t\t\t\t\t\t\t<div class=\"swiper-slide\" role=\"group\" aria-roledescription=\"slide\">\n\t\t\t\t\t\t\t\t\t<div class=\"elementor-carousel-image\" role=\"img\" aria-label=\"Vue ext\u00e9rieure de l\u2019extension de l&#039;EHPAD La Grange \u00e0 Cou\u00ebron\" style=\"background-image: url(&#039;https:\/\/www.gerontim.com\/wp-content\/uploads\/elementor\/thumbs\/ehpad-grange-vue-exterieur-extension-q90l6lmrgv1j4fqxz788di0re3xmtyrmoqatlda0hi.jpg&#039;)\">\n\n\t\t\t\n\t\t\t\t\t<\/div>\n\t\t\t\t\t\t\t\t<\/div>\n\t\t\t\t\t\t\t\t\t<\/div>\n\t\t\t\t\t\t\t\t\t\t\t\t\t\t\t\t\t\t\t\t\t<\/div>\n\t\t\t\t<\/div>\n\t\t\t\t\t\t\t\t<\/div>\n\t\t\t\t<\/div>\n\t\t\t\t<div class=\"elementor-element elementor-element-020b295 credit-image elementor-widget elementor-widget-text-editor\" data-id=\"020b295\" data-element_type=\"widget\" data-e-type=\"widget\" data-widget_type=\"text-editor.default\">\n\t\t\t\t<div class=\"elementor-widget-container\">\n\t\t\t\t\t\t\t\t\t<p>Cr\u00e9dit image : R\u00e9sidence Notre-Dame<\/p>\t\t\t\t\t\t\t\t<\/div>\n\t\t\t\t<\/div>\n\t\t\t\t\t<\/div>\n\t\t<\/div>\n\t\t\t\t\t<\/div>\n\t\t<\/section>\n\t\t\t\t<div class=\"elementor-section elementor-top-section elementor-element elementor-element-3e8ef8c elementor-section-boxed elementor-section-height-default elementor-section-height-default\" data-id=\"3e8ef8c\" data-element_type=\"section\" data-e-type=\"section\">\n\t\t\t\t\t\t<div class=\"elementor-container elementor-column-gap-default\">\n\t\t\t\t\t<div class=\"elementor-column elementor-col-100 elementor-top-column elementor-element elementor-element-bcc2120\" data-id=\"bcc2120\" data-element_type=\"column\" data-e-type=\"column\">\n\t\t\t<div class=\"elementor-widget-wrap elementor-element-populated\">\n\t\t\t\t\t\t<div class=\"elementor-element elementor-element-c77d1e8 elementor-widget elementor-widget-heading\" data-id=\"c77d1e8\" data-element_type=\"widget\" data-e-type=\"widget\" data-widget_type=\"heading.default\">\n\t\t\t\t<div class=\"elementor-widget-container\">\n\t\t\t\t\t<h2 class=\"elementor-heading-title elementor-size-default\">Construction d\u2019une Unit\u00e9 Alzheimer de 15 places<\/h2>\t\t\t\t<\/div>\n\t\t\t\t<\/div>\n\t\t\t\t\t<\/div>\n\t\t<\/div>\n\t\t\t\t\t<\/div>\n\t\t<\/div>\n\t\t\t\t<div class=\"elementor-section elementor-top-section elementor-element elementor-element-436cf72 elementor-section-content-middle elementor-section-boxed elementor-section-height-default elementor-section-height-default\" data-id=\"436cf72\" data-element_type=\"section\" data-e-type=\"section\">\n\t\t\t\t\t\t<div class=\"elementor-container elementor-column-gap-wide\">\n\t\t\t\t\t<section class=\"elementor-column elementor-col-100 elementor-top-column elementor-element elementor-element-f2bd615\" data-id=\"f2bd615\" data-element_type=\"column\" data-e-type=\"column\">\n\t\t\t<div class=\"elementor-widget-wrap elementor-element-populated\">\n\t\t\t\t\t\t<div class=\"elementor-element elementor-element-71d01a2 title-h3 elementor-widget elementor-widget-uael-advanced-heading\" data-id=\"71d01a2\" data-element_type=\"widget\" data-e-type=\"widget\" data-widget_type=\"uael-advanced-heading.default\">\n\t\t\t\t<div class=\"elementor-widget-container\">\n\t\t\t\t\t\n\t\t<div class=\"uael-module-content uael-heading-wrapper\">\n\t\t\t\t\t\t\n\t\t\t<h3 class=\"uael-heading\">\n\t\t\t\t\t\t\t\t\t\t<span class=\"uael-heading-text elementor-inline-editing uael-size--default\" data-elementor-setting-key=\"heading_title\" data-elementor-inline-editing-toolbar=\"basic\">Caract\u00e9ristiques de l'op\u00e9ration<\/span>\n\t\t\t\t\t\t\t<\/h3>\n\n\t\t\t\n\t\t\t\t\t\t<div class=\"uael-module-content uael-separator-parent\">\n\t\t\t\t\t\t\t\t\t\t\t\t\t<div class=\"uael-separator\"><\/div>\n\t\t\t\t\t\t\t<\/div>\n\t\t\t\n\t\t\t\n\t\t\t\t\t\t<\/div>\n\t\t\t\t\t\t<\/div>\n\t\t\t\t<\/div>\n\t\t\t\t<div class=\"elementor-element elementor-element-cdd56fd elementor-widget elementor-widget-text-editor\" data-id=\"cdd56fd\" data-element_type=\"widget\" data-e-type=\"widget\" data-widget_type=\"text-editor.default\">\n\t\t\t\t<div class=\"elementor-widget-container\">\n\t\t\t\t\t\t\t\t\t<p><span style=\"font-weight: 400;\"><strong>Extension<\/strong> d\u2019un <strong>EHPAD<\/strong> priv\u00e9 pour la <strong>construction<\/strong> d\u2019une unit\u00e9 de 15 places adapt\u00e9e \u00e0 l\u2019accueil de personnes atteintes de la maladie d\u2019<strong>Alzheimer<\/strong>, et comprenant :<\/span><\/p><ul><li style=\"font-weight: 400;\"><span style=\"font-weight: 400;\">13 chambres individuelles de 21 m\u00b2<\/span><\/li><li style=\"font-weight: 400;\"><span style=\"font-weight: 400;\">Un <strong>accueil de jour<\/strong> de 2 places<\/span><\/li><li style=\"font-weight: 400;\"><span style=\"font-weight: 400;\">Des espaces de vie et d\u2019activit\u00e9s : restauration, salons, Snoezelen, salles d\u2019activit\u00e9s, salle de baln\u00e9oth\u00e9rapie, et un jardin th\u00e9rapeutique<\/span><\/li><li style=\"font-weight: 400;\"><span style=\"font-weight: 400;\">Des locaux de service utiles au bon fonctionnement de l\u2019unit\u00e9<\/span><\/li><\/ul><p><span style=\"font-weight: 400;\">En compl\u00e9ment, r\u00e9am\u00e9nagement de locaux concernant l\u2019ensemble de l\u2019\u00e9tablissement : salle polyvalente, salle-\u00e0-manger, ascenseur, garages<\/span><\/p>\t\t\t\t\t\t\t\t<\/div>\n\t\t\t\t<\/div>\n\t\t\t\t<div class=\"elementor-element elementor-element-912615a elementor-widget elementor-widget-spacer\" data-id=\"912615a\" data-element_type=\"widget\" data-e-type=\"widget\" data-widget_type=\"spacer.default\">\n\t\t\t\t<div class=\"elementor-widget-container\">\n\t\t\t\t\t\t\t<div class=\"elementor-spacer\">\n\t\t\t<div class=\"elementor-spacer-inner\"><\/div>\n\t\t<\/div>\n\t\t\t\t\t\t<\/div>\n\t\t\t\t<\/div>\n\t\t\t\t<div class=\"elementor-element elementor-element-4803610 elementor-widget elementor-widget-heading\" data-id=\"4803610\" data-element_type=\"widget\" data-e-type=\"widget\" data-widget_type=\"heading.default\">\n\t\t\t\t<div class=\"elementor-widget-container\">\n\t\t\t\t\t<h4 class=\"elementor-heading-title elementor-size-default\"><strong>Missions Gerontim<\/strong><\/h4>\t\t\t\t<\/div>\n\t\t\t\t<\/div>\n\t\t\t\t<div class=\"elementor-element elementor-element-5ba08da elementor-align-start elementor-icon-list--layout-traditional elementor-list-item-link-full_width elementor-widget elementor-widget-icon-list\" data-id=\"5ba08da\" data-element_type=\"widget\" data-e-type=\"widget\" data-widget_type=\"icon-list.default\">\n\t\t\t\t<div class=\"elementor-widget-container\">\n\t\t\t\t\t\t\t<ul class=\"elementor-icon-list-items\">\n\t\t\t\t\t\t\t<li class=\"elementor-icon-list-item\">\n\t\t\t\t\t\t\t\t\t\t\t<span class=\"elementor-icon-list-icon\">\n\t\t\t\t\t\t\t<i aria-hidden=\"true\" class=\"fas fa-arrow-circle-right\"><\/i>\t\t\t\t\t\t<\/span>\n\t\t\t\t\t\t\t\t\t\t<span class=\"elementor-icon-list-text\"><a href=\"https:\/\/www.gerontim.com\/fr\/prestations\/etude-faisabilite-architecturale\/\">\u00c9tude de faisabilit\u00e9,<\/a> comprenant : <\/span>\n\t\t\t\t\t\t\t\t\t<\/li>\n\t\t\t\t\t\t<\/ul>\n\t\t\t\t\t\t<\/div>\n\t\t\t\t<\/div>\n\t\t\t\t<div class=\"elementor-element elementor-element-7523434 elementor-align-start elementor-icon-list--layout-traditional elementor-list-item-link-full_width elementor-widget elementor-widget-icon-list\" data-id=\"7523434\" data-element_type=\"widget\" data-e-type=\"widget\" data-widget_type=\"icon-list.default\">\n\t\t\t\t<div class=\"elementor-widget-container\">\n\t\t\t\t\t\t\t<ul class=\"elementor-icon-list-items\">\n\t\t\t\t\t\t\t<li class=\"elementor-icon-list-item\">\n\t\t\t\t\t\t\t\t\t\t\t<span class=\"elementor-icon-list-icon\">\n\t\t\t\t\t\t\t\t\t\t\t\t\t\t\t\t<i class=\"fa fa-angle-right\" aria-hidden=\"true\"><\/i>\n\t\t\t\t\t\t\t\t\t\t\t\t\t<\/span>\n\t\t\t\t\t\t\t\t\t\t<span class=\"elementor-icon-list-text\">Faisabilit\u00e9 architecturale du projet<\/span>\n\t\t\t\t\t\t\t\t\t<\/li>\n\t\t\t\t\t\t\t\t<li class=\"elementor-icon-list-item\">\n\t\t\t\t\t\t\t\t\t\t\t<span class=\"elementor-icon-list-icon\">\n\t\t\t\t\t\t\t\t\t\t\t\t\t\t\t\t<i class=\"fa fa-angle-right\" aria-hidden=\"true\"><\/i>\n\t\t\t\t\t\t\t\t\t\t\t\t\t<\/span>\n\t\t\t\t\t\t\t\t\t\t<span class=\"elementor-icon-list-text\">Plusieurs sc\u00e9narii d\u2019implantation<\/span>\n\t\t\t\t\t\t\t\t\t<\/li>\n\t\t\t\t\t\t\t\t<li class=\"elementor-icon-list-item\">\n\t\t\t\t\t\t\t\t\t\t\t<span class=\"elementor-icon-list-icon\">\n\t\t\t\t\t\t\t\t\t\t\t\t\t\t\t\t<i class=\"fa fa-angle-right\" aria-hidden=\"true\"><\/i>\n\t\t\t\t\t\t\t\t\t\t\t\t\t<\/span>\n\t\t\t\t\t\t\t\t\t\t<span class=\"elementor-icon-list-text\">Co\u00fbt sommaire de l\u2019op\u00e9ration<\/span>\n\t\t\t\t\t\t\t\t\t<\/li>\n\t\t\t\t\t\t\t\t<li class=\"elementor-icon-list-item\">\n\t\t\t\t\t\t\t\t\t\t\t<span class=\"elementor-icon-list-icon\">\n\t\t\t\t\t\t\t\t\t\t\t\t\t\t\t\t<i class=\"fa fa-angle-right\" aria-hidden=\"true\"><\/i>\n\t\t\t\t\t\t\t\t\t\t\t\t\t<\/span>\n\t\t\t\t\t\t\t\t\t\t<span class=\"elementor-icon-list-text\">Aide au montage du dossier CROSMS<\/span>\n\t\t\t\t\t\t\t\t\t<\/li>\n\t\t\t\t\t\t<\/ul>\n\t\t\t\t\t\t<\/div>\n\t\t\t\t<\/div>\n\t\t\t\t<div class=\"elementor-element elementor-element-d8764fd elementor-widget elementor-widget-spacer\" data-id=\"d8764fd\" data-element_type=\"widget\" data-e-type=\"widget\" data-widget_type=\"spacer.default\">\n\t\t\t\t<div class=\"elementor-widget-container\">\n\t\t\t\t\t\t\t<div class=\"elementor-spacer\">\n\t\t\t<div class=\"elementor-spacer-inner\"><\/div>\n\t\t<\/div>\n\t\t\t\t\t\t<\/div>\n\t\t\t\t<\/div>\n\t\t\t\t<div class=\"elementor-element elementor-element-32b51c0 elementor-widget elementor-widget-heading\" data-id=\"32b51c0\" data-element_type=\"widget\" data-e-type=\"widget\" data-widget_type=\"heading.default\">\n\t\t\t\t<div class=\"elementor-widget-container\">\n\t\t\t\t\t<h4 class=\"elementor-heading-title elementor-size-default\"><strong>Th\u00e8mes qui ont guid\u00e9 nos missions<\/strong><\/h4>\t\t\t\t<\/div>\n\t\t\t\t<\/div>\n\t\t\t\t<div class=\"elementor-element elementor-element-73070ce elementor-align-start elementor-icon-list--layout-traditional elementor-list-item-link-full_width elementor-widget elementor-widget-icon-list\" data-id=\"73070ce\" data-element_type=\"widget\" data-e-type=\"widget\" data-widget_type=\"icon-list.default\">\n\t\t\t\t<div class=\"elementor-widget-container\">\n\t\t\t\t\t\t\t<ul class=\"elementor-icon-list-items\">\n\t\t\t\t\t\t\t<li class=\"elementor-icon-list-item\">\n\t\t\t\t\t\t\t\t\t\t\t<span class=\"elementor-icon-list-icon\">\n\t\t\t\t\t\t\t<i aria-hidden=\"true\" class=\"fas fa-arrow-circle-right\"><\/i>\t\t\t\t\t\t<\/span>\n\t\t\t\t\t\t\t\t\t\t<span class=\"elementor-icon-list-text\">Une unit\u00e9 tout particuli\u00e8rement adapt\u00e9e aux d\u00e9mences et aux troubles cognitifs<\/span>\n\t\t\t\t\t\t\t\t\t<\/li>\n\t\t\t\t\t\t\t\t<li class=\"elementor-icon-list-item\">\n\t\t\t\t\t\t\t\t\t\t\t<span class=\"elementor-icon-list-icon\">\n\t\t\t\t\t\t\t<i aria-hidden=\"true\" class=\"fas fa-arrow-circle-right\"><\/i>\t\t\t\t\t\t<\/span>\n\t\t\t\t\t\t\t\t\t\t<span class=\"elementor-icon-list-text\">Une \u00e9quit\u00e9 de traitement entre les r\u00e9sidents quelles que soient leurs pathologies ou leur niveau de d\u00e9pendance<\/span>\n\t\t\t\t\t\t\t\t\t<\/li>\n\t\t\t\t\t\t\t\t<li class=\"elementor-icon-list-item\">\n\t\t\t\t\t\t\t\t\t\t\t<span class=\"elementor-icon-list-icon\">\n\t\t\t\t\t\t\t<i aria-hidden=\"true\" class=\"fas fa-arrow-circle-right\"><\/i>\t\t\t\t\t\t<\/span>\n\t\t\t\t\t\t\t\t\t\t<span class=\"elementor-icon-list-text\">Une vie sociale et des <a href=\"https:\/\/www.gerontim.com\/fr\/articles\/experts\/role-projet-vie-animation-ehpad\/\">activit\u00e9s th\u00e9rapeutiques<\/a> renforc\u00e9es<\/span>\n\t\t\t\t\t\t\t\t\t<\/li>\n\t\t\t\t\t\t\t\t<li class=\"elementor-icon-list-item\">\n\t\t\t\t\t\t\t\t\t\t\t<span class=\"elementor-icon-list-icon\">\n\t\t\t\t\t\t\t<i aria-hidden=\"true\" class=\"fas fa-arrow-circle-right\"><\/i>\t\t\t\t\t\t<\/span>\n\t\t\t\t\t\t\t\t\t\t<span class=\"elementor-icon-list-text\">Une ouverture de l\u2019Unit\u00e9 Alzheimer sur l\u2019\u00e9tablissement et de l\u2019\u00e9tablissement sur l\u2019ext\u00e9rieur<\/span>\n\t\t\t\t\t\t\t\t\t<\/li>\n\t\t\t\t\t\t\t\t<li class=\"elementor-icon-list-item\">\n\t\t\t\t\t\t\t\t\t\t\t<span class=\"elementor-icon-list-icon\">\n\t\t\t\t\t\t\t<i aria-hidden=\"true\" class=\"fas fa-arrow-circle-right\"><\/i>\t\t\t\t\t\t<\/span>\n\t\t\t\t\t\t\t\t\t\t<span class=\"elementor-icon-list-text\">Une continuit\u00e9 architecturale entre l\u2019existant et l\u2019extension<\/span>\n\t\t\t\t\t\t\t\t\t<\/li>\n\t\t\t\t\t\t\t\t<li class=\"elementor-icon-list-item\">\n\t\t\t\t\t\t\t\t\t\t\t<span class=\"elementor-icon-list-icon\">\n\t\t\t\t\t\t\t<i aria-hidden=\"true\" class=\"fas fa-arrow-circle-right\"><\/i>\t\t\t\t\t\t<\/span>\n\t\t\t\t\t\t\t\t\t\t<span class=\"elementor-icon-list-text\">Un b\u00e2ti de haute qualit\u00e9 environnementale<\/span>\n\t\t\t\t\t\t\t\t\t<\/li>\n\t\t\t\t\t\t<\/ul>\n\t\t\t\t\t\t<\/div>\n\t\t\t\t<\/div>\n\t\t\t\t<div class=\"elementor-element elementor-element-b5367e7 elementor-widget elementor-widget-spacer\" data-id=\"b5367e7\" data-element_type=\"widget\" data-e-type=\"widget\" data-widget_type=\"spacer.default\">\n\t\t\t\t<div class=\"elementor-widget-container\">\n\t\t\t\t\t\t\t<div class=\"elementor-spacer\">\n\t\t\t<div class=\"elementor-spacer-inner\"><\/div>\n\t\t<\/div>\n\t\t\t\t\t\t<\/div>\n\t\t\t\t<\/div>\n\t\t\t\t<section class=\"elementor-section elementor-inner-section elementor-element elementor-element-654fc3f trois-blocs elementor-section-boxed elementor-section-height-default elementor-section-height-default\" data-id=\"654fc3f\" data-element_type=\"section\" data-e-type=\"section\">\n\t\t\t\t\t\t<div class=\"elementor-container elementor-column-gap-default\">\n\t\t\t\t\t<div class=\"elementor-column elementor-col-50 elementor-inner-column elementor-element elementor-element-4405e72 fond-gris\" data-id=\"4405e72\" data-element_type=\"column\" data-e-type=\"column\" data-settings=\"{&quot;background_background&quot;:&quot;classic&quot;}\">\n\t\t\t<div class=\"elementor-widget-wrap elementor-element-populated\">\n\t\t\t\t\t\t<div class=\"elementor-element elementor-element-50468de elementor-view-default elementor-position-block-start elementor-mobile-position-block-start elementor-widget elementor-widget-icon-box\" data-id=\"50468de\" data-element_type=\"widget\" data-e-type=\"widget\" data-widget_type=\"icon-box.default\">\n\t\t\t\t<div class=\"elementor-widget-container\">\n\t\t\t\t\t\t\t<div class=\"elementor-icon-box-wrapper\">\n\n\t\t\t\t\t\t<div class=\"elementor-icon-box-icon\">\n\t\t\t\t<span  class=\"elementor-icon\">\n\t\t\t\t<i class=\"fa fa-arrows-alt\" aria-hidden=\"true\"><\/i>\t\t\t\t<\/span>\n\t\t\t<\/div>\n\t\t\t\n\t\t\t\t\t\t<div class=\"elementor-icon-box-content\">\n\n\t\t\t\t\t\t\t\t\t<h3 class=\"elementor-icon-box-title\">\n\t\t\t\t\t\t<span  >\n\t\t\t\t\t\t\tSURFACE\t\t\t\t\t\t<\/span>\n\t\t\t\t\t<\/h3>\n\t\t\t\t\n\t\t\t\t\t\t\t\t\t<p class=\"elementor-icon-box-description\">\n\t\t\t\t\t\tSurface totale du projet : 1861 m\u00b2 SDO\n<br>1 249 \u20ac HT \/ m\u00b2 SDO\t\t\t\t\t<\/p>\n\t\t\t\t\n\t\t\t<\/div>\n\t\t\t\n\t\t<\/div>\n\t\t\t\t\t\t<\/div>\n\t\t\t\t<\/div>\n\t\t\t\t<div class=\"elementor-element elementor-element-2a780cf elementor-view-default elementor-position-block-start elementor-mobile-position-block-start elementor-widget elementor-widget-icon-box\" data-id=\"2a780cf\" data-element_type=\"widget\" data-e-type=\"widget\" data-widget_type=\"icon-box.default\">\n\t\t\t\t<div class=\"elementor-widget-container\">\n\t\t\t\t\t\t\t<div class=\"elementor-icon-box-wrapper\">\n\n\t\t\t\t\t\t<div class=\"elementor-icon-box-icon\">\n\t\t\t\t<span  class=\"elementor-icon\">\n\t\t\t\t<i class=\"fa fa-users\" aria-hidden=\"true\"><\/i>\t\t\t\t<\/span>\n\t\t\t<\/div>\n\t\t\t\n\t\t\t\t\t\t<div class=\"elementor-icon-box-content\">\n\n\t\t\t\t\t\t\t\t\t<h3 class=\"elementor-icon-box-title\">\n\t\t\t\t\t\t<span  >\n\t\t\t\t\t\t\tMAITRE D'OUVRAGE\t\t\t\t\t\t<\/span>\n\t\t\t\t\t<\/h3>\n\t\t\t\t\n\t\t\t\t\t\t\t\t\t<p class=\"elementor-icon-box-description\">\n\t\t\t\t\t\tR\u00e9sidence la Grange \n\t\t\t\t\t<\/p>\n\t\t\t\t\n\t\t\t<\/div>\n\t\t\t\n\t\t<\/div>\n\t\t\t\t\t\t<\/div>\n\t\t\t\t<\/div>\n\t\t\t\t\t<\/div>\n\t\t<\/div>\n\t\t\t\t<div class=\"elementor-column elementor-col-50 elementor-inner-column elementor-element elementor-element-bb60935 fond-gris fond-grissombre\" data-id=\"bb60935\" data-element_type=\"column\" data-e-type=\"column\" data-settings=\"{&quot;background_background&quot;:&quot;classic&quot;}\">\n\t\t\t<div class=\"elementor-widget-wrap elementor-element-populated\">\n\t\t\t\t\t\t<div class=\"elementor-element elementor-element-53385d7 elementor-view-default elementor-position-block-start elementor-mobile-position-block-start elementor-widget elementor-widget-icon-box\" data-id=\"53385d7\" data-element_type=\"widget\" data-e-type=\"widget\" data-widget_type=\"icon-box.default\">\n\t\t\t\t<div class=\"elementor-widget-container\">\n\t\t\t\t\t\t\t<div class=\"elementor-icon-box-wrapper\">\n\n\t\t\t\t\t\t<div class=\"elementor-icon-box-icon\">\n\t\t\t\t<span  class=\"elementor-icon\">\n\t\t\t\t<i class=\"fa fa-database\" aria-hidden=\"true\"><\/i>\t\t\t\t<\/span>\n\t\t\t<\/div>\n\t\t\t\n\t\t\t\t\t\t<div class=\"elementor-icon-box-content\">\n\n\t\t\t\t\t\t\t\t\t<h3 class=\"elementor-icon-box-title\">\n\t\t\t\t\t\t<span  >\n\t\t\t\t\t\t\tCOUT DES TRAVAUX\t\t\t\t\t\t<\/span>\n\t\t\t\t\t<\/h3>\n\t\t\t\t\n\t\t\t\t\t\t\t\t\t<p class=\"elementor-icon-box-description\">\n\t\t\t\t\t\t2 324 355 \u20ac HT (valeur mars 2009)\t\t\t\t\t<\/p>\n\t\t\t\t\n\t\t\t<\/div>\n\t\t\t\n\t\t<\/div>\n\t\t\t\t\t\t<\/div>\n\t\t\t\t<\/div>\n\t\t\t\t<div class=\"elementor-element elementor-element-95cb9a7 elementor-widget elementor-widget-spacer\" data-id=\"95cb9a7\" data-element_type=\"widget\" data-e-type=\"widget\" data-widget_type=\"spacer.default\">\n\t\t\t\t<div class=\"elementor-widget-container\">\n\t\t\t\t\t\t\t<div class=\"elementor-spacer\">\n\t\t\t<div class=\"elementor-spacer-inner\"><\/div>\n\t\t<\/div>\n\t\t\t\t\t\t<\/div>\n\t\t\t\t<\/div>\n\t\t\t\t<div class=\"elementor-element elementor-element-b4f3a75 elementor-view-default elementor-position-block-start elementor-mobile-position-block-start elementor-widget elementor-widget-icon-box\" data-id=\"b4f3a75\" data-element_type=\"widget\" data-e-type=\"widget\" data-widget_type=\"icon-box.default\">\n\t\t\t\t<div class=\"elementor-widget-container\">\n\t\t\t\t\t\t\t<div class=\"elementor-icon-box-wrapper\">\n\n\t\t\t\t\t\t<div class=\"elementor-icon-box-icon\">\n\t\t\t\t<span  class=\"elementor-icon\">\n\t\t\t\t<i class=\"fa fa-calendar\" aria-hidden=\"true\"><\/i>\t\t\t\t<\/span>\n\t\t\t<\/div>\n\t\t\t\n\t\t\t\t\t\t<div class=\"elementor-icon-box-content\">\n\n\t\t\t\t\t\t\t\t\t<h3 class=\"elementor-icon-box-title\">\n\t\t\t\t\t\t<span  >\n\t\t\t\t\t\t\tDATES ET AVANCEMENT DU PROJET\t\t\t\t\t\t<\/span>\n\t\t\t\t\t<\/h3>\n\t\t\t\t\n\t\t\t\t\t\t\t\t\t<p class=\"elementor-icon-box-description\">\n\t\t\t\t\t\t\u00c9tude de faisabilit\u00e9 finalis\u00e9e en mai 2009\t\t\t\t\t<\/p>\n\t\t\t\t\n\t\t\t<\/div>\n\t\t\t\n\t\t<\/div>\n\t\t\t\t\t\t<\/div>\n\t\t\t\t<\/div>\n\t\t\t\t\t<\/div>\n\t\t<\/div>\n\t\t\t\t\t<\/div>\n\t\t<\/section>\n\t\t\t\t\t<\/div>\n\t\t<\/section>\n\t\t\t\t\t<\/div>\n\t\t<\/div>\n\t\t\t\t<section class=\"elementor-section elementor-top-section elementor-element elementor-element-acc6b7b elementor-section-full_width elementor-section-height-default elementor-section-height-default\" data-id=\"acc6b7b\" data-element_type=\"section\" data-e-type=\"section\" id=\"cta-demarrer\">\n\t\t\t\t\t\t<div class=\"elementor-container elementor-column-gap-no\">\n\t\t\t\t\t<div class=\"elementor-column elementor-col-100 elementor-top-column elementor-element elementor-element-d279a6e\" data-id=\"d279a6e\" data-element_type=\"column\" data-e-type=\"column\">\n\t\t\t<div class=\"elementor-widget-wrap elementor-element-populated\">\n\t\t\t\t\t\t<div class=\"elementor-element elementor-element-da209f4 elementor-cta--skin-classic elementor-animated-content elementor-bg-transform elementor-bg-transform-zoom-in elementor-widget elementor-widget-call-to-action\" data-id=\"da209f4\" data-element_type=\"widget\" data-e-type=\"widget\" data-widget_type=\"call-to-action.default\">\n\t\t\t\t<div class=\"elementor-widget-container\">\n\t\t\t\t\t\t\t<div class=\"elementor-cta\">\n\t\t\t\t\t\t\t<div class=\"elementor-cta__content\">\n\t\t\t\t\t\t\t\t\t<div class=\"elementor-content-item elementor-cta__content-item elementor-icon-wrapper elementor-cta__icon elementor-view-default\">\n\t\t\t\t\t\t<div class=\"elementor-icon\">\n\t\t\t\t\t\t\t<i aria-hidden=\"true\" class=\"far fa-edit\"><\/i>\t\t\t\t\t\t<\/div>\n\t\t\t\t\t<\/div>\n\t\t\t\t\n\t\t\t\t\t\t\t\t\t<h3 class=\"elementor-cta__title elementor-cta__content-item elementor-content-item\">\n\t\t\t\t\t\tVous avez besoin de conseils d\u2019experts<br> pour votre projet d\u2019extension, construction, restructuration ?\t\t\t\t\t<\/h3>\n\t\t\t\t\n\t\t\t\t\n\t\t\t\t\t\t\t\t\t<div class=\"elementor-cta__button-wrapper elementor-cta__content-item elementor-content-item \">\n\t\t\t\t\t<a class=\"elementor-cta__button elementor-button elementor-size-\" rel=\"noreferrer noopener\" href=\"\/fr\/contact\/\">\n\t\t\t\t\t\tCONTACTEZ-NOUS\t\t\t\t\t<\/a>\n\t\t\t\t\t<\/div>\n\t\t\t\t\t\t\t<\/div>\n\t\t\t\t\t\t<\/div>\n\t\t\t\t\t\t<\/div>\n\t\t\t\t<\/div>\n\t\t\t\t\t<\/div>\n\t\t<\/div>\n\t\t\t\t\t<\/div>\n\t\t<\/section>\n\t\t\t\t<section class=\"elementor-section elementor-top-section elementor-element elementor-element-2b0a370 elementor-section-boxed elementor-section-height-default elementor-section-height-default\" data-id=\"2b0a370\" data-element_type=\"section\" data-e-type=\"section\">\n\t\t\t\t\t\t<div class=\"elementor-container elementor-column-gap-default\">\n\t\t\t\t\t<div class=\"elementor-column elementor-col-100 elementor-top-column elementor-element elementor-element-75f1713\" data-id=\"75f1713\" data-element_type=\"column\" data-e-type=\"column\">\n\t\t\t<div class=\"elementor-widget-wrap elementor-element-populated\">\n\t\t\t\t\t\t<div class=\"elementor-element elementor-element-cba2b18 elementor-widget elementor-widget-global elementor-global-4226 elementor-widget-html\" data-id=\"cba2b18\" data-element_type=\"widget\" data-e-type=\"widget\" data-widget_type=\"html.default\">\n\t\t\t\t<div class=\"elementor-widget-container\">\n\t\t\t\t\t\t\t\t\t<\/div>\n\t\t\t\t<\/div>\n\t\t\t\t\t<\/div>\n\t\t<\/div>\n\t\t\t\t\t<\/div>\n\t\t<\/section>\n\t\t\t\t<\/div>\n\t\t","protected":false},"excerpt":{"rendered":"<p>Gerontim a accompagn\u00e9 cet EHPAD priv\u00e9 dans l\u2019\u00e9tude de faisabilit\u00e9 architecturale de son projet d\u2019extension pour la construction d\u2019une unit\u00e9 Alzheimer de 15 places. Outre le fait d\u2019assurer une continuit\u00e9 architecturale entre l\u2019existant et l\u2019extension, Gerontim a plac\u00e9 au c\u0153ur de son projet l\u2019\u00e9quit\u00e9 de traitement entre tous les r\u00e9sidents.<\/p>\n","protected":false},"featured_media":3199,"template":"","meta":{"site-sidebar-layout":"no-sidebar","site-content-layout":"page-builder","ast-site-content-layout":"default","site-content-style":"default","site-sidebar-style":"default","ast-global-header-display":"","ast-banner-title-visibility":"","ast-main-header-display":"","ast-hfb-above-header-display":"","ast-hfb-below-header-display":"","ast-hfb-mobile-header-display":"","site-post-title":"disabled","ast-breadcrumbs-content":"","ast-featured-img":"disabled","footer-sml-layout":"","ast-disable-related-posts":"","theme-transparent-header-meta":"disabled","adv-header-id-meta":"1614","stick-header-meta":"default","header-above-stick-meta":"","header-main-stick-meta":"","header-below-stick-meta":"","astra-migrate-meta-layouts":"default","ast-page-background-enabled":"default","ast-page-background-meta":{"desktop":{"background-color":"","background-image":"","background-repeat":"repeat","background-position":"center center","background-size":"auto","background-attachment":"scroll","background-type":"","background-media":"","overlay-type":"","overlay-color":"","overlay-opacity":"","overlay-gradient":""},"tablet":{"background-color":"","background-image":"","background-repeat":"repeat","background-position":"center center","background-size":"auto","background-attachment":"scroll","background-type":"","background-media":"","overlay-type":"","overlay-color":"","overlay-opacity":"","overlay-gradient":""},"mobile":{"background-color":"","background-image":"","background-repeat":"repeat","background-position":"center center","background-size":"auto","background-attachment":"scroll","background-type":"","background-media":"","overlay-type":"","overlay-color":"","overlay-opacity":"","overlay-gradient":""}},"ast-content-background-meta":{"desktop":{"background-color":"var(--ast-global-color-5)","background-image":"","background-repeat":"repeat","background-position":"center center","background-size":"auto","background-attachment":"scroll","background-type":"","background-media":"","overlay-type":"","overlay-color":"","overlay-opacity":"","overlay-gradient":""},"tablet":{"background-color":"var(--ast-global-color-5)","background-image":"","background-repeat":"repeat","background-position":"center center","background-size":"auto","background-attachment":"scroll","background-type":"","background-media":"","overlay-type":"","overlay-color":"","overlay-opacity":"","overlay-gradient":""},"mobile":{"background-color":"var(--ast-global-color-5)","background-image":"","background-repeat":"repeat","background-position":"center center","background-size":"auto","background-attachment":"scroll","background-type":"","background-media":"","overlay-type":"","overlay-color":"","overlay-opacity":"","overlay-gradient":""}}},"astra-portfolio-categories":[],"astra-portfolio-other-categories":[],"astra-portfolio-tags":[103,101,100,102,73],"class_list":["post-2523","astra-portfolio","type-astra-portfolio","status-publish","has-post-thumbnail","hentry","astra-portfolio-tags-alzheimer","astra-portfolio-tags-architecte","astra-portfolio-tags-bailleurs","astra-portfolio-tags-construction","astra-portfolio-tags-ehpad"],"astra-site-call-to-action":"","astra-site-open-in-new-tab":0,"astra-site-open-portfolio-in":"new-tab","astra-site-url":"","thumbnail-image-url":null,"thumbnail-image-meta":{"alt":"","title":""},"lightbox-image-url":null,"portfolio-type":"page","portfolio-video-url":"","request_time":0.48922204971313477,"yoast_head":"<!-- This site is optimized with the Yoast SEO plugin v27.4 - https:\/\/yoast.com\/product\/yoast-seo-wordpress\/ -->\n<title>Extension d\u2019un EHPAD de 103 places \u00e0 Cou\u00ebron (44) \u2013 Gerontim<\/title>\n<meta name=\"description\" content=\"D\u00e9couvrez le projet d\u2019extension d\u2019un EHPAD priv\u00e9 de 103 places \u00e0 Cou\u00ebron (44). L\u2019\u00e9tude de faisabilit\u00e9 men\u00e9e par Gerontim pr\u00e9voyait la construction d\u2019une Unit\u00e9 Alzheimer de 15 places, comprenant 13 chambres individuelles et 2 places en accueil de jour.\" \/>\n<meta name=\"robots\" content=\"index, follow, max-snippet:-1, max-image-preview:large, max-video-preview:-1\" \/>\n<link rel=\"canonical\" href=\"https:\/\/www.gerontim.com\/fr\/realisations\/extension-ehpad-103-places\/\" \/>\n<meta property=\"og:locale\" content=\"fr_FR\" \/>\n<meta property=\"og:type\" content=\"article\" \/>\n<meta property=\"og:title\" content=\"Extension d\u2019un EHPAD de 103 places \u00e0 Cou\u00ebron (44) \u2013 Gerontim\" \/>\n<meta property=\"og:description\" content=\"D\u00e9couvrez le projet d\u2019extension d\u2019un EHPAD priv\u00e9 de 103 places \u00e0 Cou\u00ebron (44). L\u2019\u00e9tude de faisabilit\u00e9 men\u00e9e par Gerontim pr\u00e9voyait la construction d\u2019une Unit\u00e9 Alzheimer de 15 places, comprenant 13 chambres individuelles et 2 places en accueil de jour.\" \/>\n<meta property=\"og:url\" content=\"https:\/\/www.gerontim.com\/fr\/realisations\/extension-ehpad-103-places\/\" \/>\n<meta property=\"og:site_name\" content=\"Gerontim\" \/>\n<meta property=\"article:modified_time\" content=\"2023-02-22T16:09:31+00:00\" \/>\n<meta property=\"og:image\" content=\"https:\/\/www.gerontim.com\/wp-content\/uploads\/2019\/04\/ehpad-grange-vue-exterieur-extension.jpg\" \/>\n\t<meta property=\"og:image:width\" content=\"1280\" \/>\n\t<meta property=\"og:image:height\" content=\"853\" \/>\n\t<meta property=\"og:image:type\" content=\"image\/jpeg\" \/>\n<meta name=\"twitter:card\" content=\"summary_large_image\" \/>\n<meta name=\"twitter:site\" content=\"@Gerontim\" \/>\n<meta name=\"twitter:label1\" content=\"Dur\u00e9e de lecture estim\u00e9e\" \/>\n\t<meta name=\"twitter:data1\" content=\"2 minutes\" \/>\n<script type=\"application\/ld+json\" class=\"yoast-schema-graph\">{\"@context\":\"https:\\\/\\\/schema.org\",\"@graph\":[{\"@type\":\"WebPage\",\"@id\":\"https:\\\/\\\/www.gerontim.com\\\/fr\\\/realisations\\\/extension-ehpad-103-places\\\/\",\"url\":\"https:\\\/\\\/www.gerontim.com\\\/fr\\\/realisations\\\/extension-ehpad-103-places\\\/\",\"name\":\"Extension d\u2019un EHPAD de 103 places \u00e0 Cou\u00ebron (44) \u2013 Gerontim\",\"isPartOf\":{\"@id\":\"https:\\\/\\\/www.gerontim.com\\\/fr\\\/#website\"},\"primaryImageOfPage\":{\"@id\":\"https:\\\/\\\/www.gerontim.com\\\/fr\\\/realisations\\\/extension-ehpad-103-places\\\/#primaryimage\"},\"image\":{\"@id\":\"https:\\\/\\\/www.gerontim.com\\\/fr\\\/realisations\\\/extension-ehpad-103-places\\\/#primaryimage\"},\"thumbnailUrl\":\"https:\\\/\\\/www.gerontim.com\\\/wp-content\\\/uploads\\\/2019\\\/04\\\/ehpad-grange-vue-exterieur-extension.jpg\",\"datePublished\":\"2019-04-10T21:13:50+00:00\",\"dateModified\":\"2023-02-22T16:09:31+00:00\",\"description\":\"D\u00e9couvrez le projet d\u2019extension d\u2019un EHPAD priv\u00e9 de 103 places \u00e0 Cou\u00ebron (44). L\u2019\u00e9tude de faisabilit\u00e9 men\u00e9e par Gerontim pr\u00e9voyait la construction d\u2019une Unit\u00e9 Alzheimer de 15 places, comprenant 13 chambres individuelles et 2 places en accueil de jour.\",\"breadcrumb\":{\"@id\":\"https:\\\/\\\/www.gerontim.com\\\/fr\\\/realisations\\\/extension-ehpad-103-places\\\/#breadcrumb\"},\"inLanguage\":\"fr-FR\",\"potentialAction\":[{\"@type\":\"ReadAction\",\"target\":[\"https:\\\/\\\/www.gerontim.com\\\/fr\\\/realisations\\\/extension-ehpad-103-places\\\/\"]}]},{\"@type\":\"ImageObject\",\"inLanguage\":\"fr-FR\",\"@id\":\"https:\\\/\\\/www.gerontim.com\\\/fr\\\/realisations\\\/extension-ehpad-103-places\\\/#primaryimage\",\"url\":\"https:\\\/\\\/www.gerontim.com\\\/wp-content\\\/uploads\\\/2019\\\/04\\\/ehpad-grange-vue-exterieur-extension.jpg\",\"contentUrl\":\"https:\\\/\\\/www.gerontim.com\\\/wp-content\\\/uploads\\\/2019\\\/04\\\/ehpad-grange-vue-exterieur-extension.jpg\",\"width\":1280,\"height\":853,\"caption\":\"Vue ext\u00e9rieure de l\u2019extension de l'EHPAD La Grange \u00e0 Cou\u00ebron\"},{\"@type\":\"BreadcrumbList\",\"@id\":\"https:\\\/\\\/www.gerontim.com\\\/fr\\\/realisations\\\/extension-ehpad-103-places\\\/#breadcrumb\",\"itemListElement\":[{\"@type\":\"ListItem\",\"position\":1,\"name\":\"Accueil\",\"item\":\"https:\\\/\\\/www.gerontim.com\\\/fr\\\/\"},{\"@type\":\"ListItem\",\"position\":2,\"name\":\"R\u00e9alisations\",\"item\":\"https:\\\/\\\/www.gerontim.com\\\/fr\\\/realisations\\\/\"},{\"@type\":\"ListItem\",\"position\":3,\"name\":\"Extension EHPAD La Grange \u00e0 Cou\u00ebron (44) \u2013 103 places\"}]},{\"@type\":\"WebSite\",\"@id\":\"https:\\\/\\\/www.gerontim.com\\\/fr\\\/#website\",\"url\":\"https:\\\/\\\/www.gerontim.com\\\/fr\\\/\",\"name\":\"Gerontim\",\"description\":\"L&#039;expertise g\u00e9rontologique\",\"publisher\":{\"@id\":\"https:\\\/\\\/www.gerontim.com\\\/fr\\\/#organization\"},\"potentialAction\":[{\"@type\":\"SearchAction\",\"target\":{\"@type\":\"EntryPoint\",\"urlTemplate\":\"https:\\\/\\\/www.gerontim.com\\\/fr\\\/?s={search_term_string}\"},\"query-input\":{\"@type\":\"PropertyValueSpecification\",\"valueRequired\":true,\"valueName\":\"search_term_string\"}}],\"inLanguage\":\"fr-FR\"},{\"@type\":\"Organization\",\"@id\":\"https:\\\/\\\/www.gerontim.com\\\/fr\\\/#organization\",\"name\":\"Gerontim\",\"url\":\"https:\\\/\\\/www.gerontim.com\\\/fr\\\/\",\"logo\":{\"@type\":\"ImageObject\",\"inLanguage\":\"fr-FR\",\"@id\":\"https:\\\/\\\/www.gerontim.com\\\/fr\\\/#\\\/schema\\\/logo\\\/image\\\/\",\"url\":\"https:\\\/\\\/www.gerontim.com\\\/wp-content\\\/uploads\\\/2019\\\/12\\\/gerontim-logo-sm.png\",\"contentUrl\":\"https:\\\/\\\/www.gerontim.com\\\/wp-content\\\/uploads\\\/2019\\\/12\\\/gerontim-logo-sm.png\",\"width\":140,\"height\":67,\"caption\":\"Gerontim\"},\"image\":{\"@id\":\"https:\\\/\\\/www.gerontim.com\\\/fr\\\/#\\\/schema\\\/logo\\\/image\\\/\"},\"sameAs\":[\"https:\\\/\\\/x.com\\\/Gerontim\",\"https:\\\/\\\/www.linkedin.com\\\/company\\\/gerontim-cabinet-conseil-gerontologie\\\/\"]}]}<\/script>\n<!-- \/ Yoast SEO plugin. -->","yoast_head_json":{"title":"Extension d\u2019un EHPAD de 103 places \u00e0 Cou\u00ebron (44) \u2013 Gerontim","description":"D\u00e9couvrez le projet d\u2019extension d\u2019un EHPAD priv\u00e9 de 103 places \u00e0 Cou\u00ebron (44). L\u2019\u00e9tude de faisabilit\u00e9 men\u00e9e par Gerontim pr\u00e9voyait la construction d\u2019une Unit\u00e9 Alzheimer de 15 places, comprenant 13 chambres individuelles et 2 places en accueil de jour.","robots":{"index":"index","follow":"follow","max-snippet":"max-snippet:-1","max-image-preview":"max-image-preview:large","max-video-preview":"max-video-preview:-1"},"canonical":"https:\/\/www.gerontim.com\/fr\/realisations\/extension-ehpad-103-places\/","og_locale":"fr_FR","og_type":"article","og_title":"Extension d\u2019un EHPAD de 103 places \u00e0 Cou\u00ebron (44) \u2013 Gerontim","og_description":"D\u00e9couvrez le projet d\u2019extension d\u2019un EHPAD priv\u00e9 de 103 places \u00e0 Cou\u00ebron (44). L\u2019\u00e9tude de faisabilit\u00e9 men\u00e9e par Gerontim pr\u00e9voyait la construction d\u2019une Unit\u00e9 Alzheimer de 15 places, comprenant 13 chambres individuelles et 2 places en accueil de jour.","og_url":"https:\/\/www.gerontim.com\/fr\/realisations\/extension-ehpad-103-places\/","og_site_name":"Gerontim","article_modified_time":"2023-02-22T16:09:31+00:00","og_image":[{"width":1280,"height":853,"url":"https:\/\/www.gerontim.com\/wp-content\/uploads\/2019\/04\/ehpad-grange-vue-exterieur-extension.jpg","type":"image\/jpeg"}],"twitter_card":"summary_large_image","twitter_site":"@Gerontim","twitter_misc":{"Dur\u00e9e de lecture estim\u00e9e":"2 minutes"},"schema":{"@context":"https:\/\/schema.org","@graph":[{"@type":"WebPage","@id":"https:\/\/www.gerontim.com\/fr\/realisations\/extension-ehpad-103-places\/","url":"https:\/\/www.gerontim.com\/fr\/realisations\/extension-ehpad-103-places\/","name":"Extension d\u2019un EHPAD de 103 places \u00e0 Cou\u00ebron (44) \u2013 Gerontim","isPartOf":{"@id":"https:\/\/www.gerontim.com\/fr\/#website"},"primaryImageOfPage":{"@id":"https:\/\/www.gerontim.com\/fr\/realisations\/extension-ehpad-103-places\/#primaryimage"},"image":{"@id":"https:\/\/www.gerontim.com\/fr\/realisations\/extension-ehpad-103-places\/#primaryimage"},"thumbnailUrl":"https:\/\/www.gerontim.com\/wp-content\/uploads\/2019\/04\/ehpad-grange-vue-exterieur-extension.jpg","datePublished":"2019-04-10T21:13:50+00:00","dateModified":"2023-02-22T16:09:31+00:00","description":"D\u00e9couvrez le projet d\u2019extension d\u2019un EHPAD priv\u00e9 de 103 places \u00e0 Cou\u00ebron (44). L\u2019\u00e9tude de faisabilit\u00e9 men\u00e9e par Gerontim pr\u00e9voyait la construction d\u2019une Unit\u00e9 Alzheimer de 15 places, comprenant 13 chambres individuelles et 2 places en accueil de jour.","breadcrumb":{"@id":"https:\/\/www.gerontim.com\/fr\/realisations\/extension-ehpad-103-places\/#breadcrumb"},"inLanguage":"fr-FR","potentialAction":[{"@type":"ReadAction","target":["https:\/\/www.gerontim.com\/fr\/realisations\/extension-ehpad-103-places\/"]}]},{"@type":"ImageObject","inLanguage":"fr-FR","@id":"https:\/\/www.gerontim.com\/fr\/realisations\/extension-ehpad-103-places\/#primaryimage","url":"https:\/\/www.gerontim.com\/wp-content\/uploads\/2019\/04\/ehpad-grange-vue-exterieur-extension.jpg","contentUrl":"https:\/\/www.gerontim.com\/wp-content\/uploads\/2019\/04\/ehpad-grange-vue-exterieur-extension.jpg","width":1280,"height":853,"caption":"Vue ext\u00e9rieure de l\u2019extension de l'EHPAD La Grange \u00e0 Cou\u00ebron"},{"@type":"BreadcrumbList","@id":"https:\/\/www.gerontim.com\/fr\/realisations\/extension-ehpad-103-places\/#breadcrumb","itemListElement":[{"@type":"ListItem","position":1,"name":"Accueil","item":"https:\/\/www.gerontim.com\/fr\/"},{"@type":"ListItem","position":2,"name":"R\u00e9alisations","item":"https:\/\/www.gerontim.com\/fr\/realisations\/"},{"@type":"ListItem","position":3,"name":"Extension EHPAD La Grange \u00e0 Cou\u00ebron (44) \u2013 103 places"}]},{"@type":"WebSite","@id":"https:\/\/www.gerontim.com\/fr\/#website","url":"https:\/\/www.gerontim.com\/fr\/","name":"Gerontim","description":"L&#039;expertise g\u00e9rontologique","publisher":{"@id":"https:\/\/www.gerontim.com\/fr\/#organization"},"potentialAction":[{"@type":"SearchAction","target":{"@type":"EntryPoint","urlTemplate":"https:\/\/www.gerontim.com\/fr\/?s={search_term_string}"},"query-input":{"@type":"PropertyValueSpecification","valueRequired":true,"valueName":"search_term_string"}}],"inLanguage":"fr-FR"},{"@type":"Organization","@id":"https:\/\/www.gerontim.com\/fr\/#organization","name":"Gerontim","url":"https:\/\/www.gerontim.com\/fr\/","logo":{"@type":"ImageObject","inLanguage":"fr-FR","@id":"https:\/\/www.gerontim.com\/fr\/#\/schema\/logo\/image\/","url":"https:\/\/www.gerontim.com\/wp-content\/uploads\/2019\/12\/gerontim-logo-sm.png","contentUrl":"https:\/\/www.gerontim.com\/wp-content\/uploads\/2019\/12\/gerontim-logo-sm.png","width":140,"height":67,"caption":"Gerontim"},"image":{"@id":"https:\/\/www.gerontim.com\/fr\/#\/schema\/logo\/image\/"},"sameAs":["https:\/\/x.com\/Gerontim","https:\/\/www.linkedin.com\/company\/gerontim-cabinet-conseil-gerontologie\/"]}]}},"_links":{"self":[{"href":"https:\/\/www.gerontim.com\/fr\/wp-json\/wp\/v2\/astra-portfolio\/2523","targetHints":{"allow":["GET"]}}],"collection":[{"href":"https:\/\/www.gerontim.com\/fr\/wp-json\/wp\/v2\/astra-portfolio"}],"about":[{"href":"https:\/\/www.gerontim.com\/fr\/wp-json\/wp\/v2\/types\/astra-portfolio"}],"version-history":[{"count":53,"href":"https:\/\/www.gerontim.com\/fr\/wp-json\/wp\/v2\/astra-portfolio\/2523\/revisions"}],"predecessor-version":[{"id":11129,"href":"https:\/\/www.gerontim.com\/fr\/wp-json\/wp\/v2\/astra-portfolio\/2523\/revisions\/11129"}],"wp:featuredmedia":[{"embeddable":true,"href":"https:\/\/www.gerontim.com\/fr\/wp-json\/wp\/v2\/media\/3199"}],"wp:attachment":[{"href":"https:\/\/www.gerontim.com\/fr\/wp-json\/wp\/v2\/media?parent=2523"}],"wp:term":[{"taxonomy":"astra-portfolio-categories","embeddable":true,"href":"https:\/\/www.gerontim.com\/fr\/wp-json\/wp\/v2\/astra-portfolio-categories?post=2523"},{"taxonomy":"astra-portfolio-other-categories","embeddable":true,"href":"https:\/\/www.gerontim.com\/fr\/wp-json\/wp\/v2\/astra-portfolio-other-categories?post=2523"},{"taxonomy":"astra-portfolio-tags","embeddable":true,"href":"https:\/\/www.gerontim.com\/fr\/wp-json\/wp\/v2\/astra-portfolio-tags?post=2523"}],"curies":[{"name":"wp","href":"https:\/\/api.w.org\/{rel}","templated":true}]}}