{"id":2478,"date":"2019-04-10T20:16:26","date_gmt":"2019-04-10T20:16:26","guid":{"rendered":"https:\/\/www.gerontim.com\/?post_type=astra-portfolio&#038;p=2478"},"modified":"2025-12-12T10:10:23","modified_gmt":"2025-12-12T09:10:23","slug":"restructuration-extension-ehpad-65-lits","status":"publish","type":"astra-portfolio","link":"https:\/\/www.gerontim.com\/fr\/realisations\/restructuration-extension-ehpad-65-lits\/","title":{"rendered":"Restructuration EHPAD Champrouge \u00e0 Mazille (71) \u2013 65 lits"},"content":{"rendered":"\t\t<div data-elementor-type=\"wp-post\" data-elementor-id=\"2478\" class=\"elementor elementor-2478\" data-elementor-post-type=\"astra-portfolio\">\n\t\t\t\t\t\t<section class=\"elementor-section elementor-top-section elementor-element elementor-element-ef8b73d elementor-section-content-middle elementor-section-boxed elementor-section-height-default elementor-section-height-default\" data-id=\"ef8b73d\" data-element_type=\"section\" data-e-type=\"section\" id=\"section-realcarousel\">\n\t\t\t\t\t\t<div class=\"elementor-container elementor-column-gap-no\">\n\t\t\t\t\t<div class=\"elementor-column elementor-col-100 elementor-top-column elementor-element elementor-element-a245735\" data-id=\"a245735\" data-element_type=\"column\" data-e-type=\"column\" data-settings=\"{&quot;background_background&quot;:&quot;classic&quot;}\">\n\t\t\t<div class=\"elementor-widget-wrap elementor-element-populated\">\n\t\t\t\t\t\t<div class=\"elementor-element elementor-element-a6426d4 elementor-skin-slideshow elementor-arrows-yes elementor-widget elementor-widget-media-carousel\" data-id=\"a6426d4\" data-element_type=\"widget\" data-e-type=\"widget\" data-settings=\"{&quot;skin&quot;:&quot;slideshow&quot;,&quot;centered_slides&quot;:&quot;yes&quot;,&quot;effect&quot;:&quot;fade&quot;,&quot;show_arrows&quot;:&quot;yes&quot;,&quot;speed&quot;:500,&quot;autoplay&quot;:&quot;yes&quot;,&quot;autoplay_speed&quot;:5000,&quot;loop&quot;:&quot;yes&quot;,&quot;pause_on_hover&quot;:&quot;yes&quot;,&quot;pause_on_interaction&quot;:&quot;yes&quot;,&quot;space_between&quot;:{&quot;unit&quot;:&quot;px&quot;,&quot;size&quot;:10,&quot;sizes&quot;:[]},&quot;space_between_tablet&quot;:{&quot;unit&quot;:&quot;px&quot;,&quot;size&quot;:10,&quot;sizes&quot;:[]},&quot;space_between_mobile&quot;:{&quot;unit&quot;:&quot;px&quot;,&quot;size&quot;:10,&quot;sizes&quot;:[]}}\" data-widget_type=\"media-carousel.default\">\n\t\t\t\t<div class=\"elementor-widget-container\">\n\t\t\t\t\t\t\t\t\t<div class=\"elementor-swiper\">\n\t\t\t\t\t<div class=\"elementor-main-swiper swiper\" role=\"region\" aria-roledescription=\"carousel\" aria-label=\"Diapositives\">\n\t\t\t\t<div class=\"swiper-wrapper\">\n\t\t\t\t\t\t\t\t\t\t\t<div class=\"swiper-slide\" role=\"group\" aria-roledescription=\"slide\">\n\t\t\t\t\t\t\t\t\t<div class=\"elementor-carousel-image\" role=\"img\" aria-label=\"Jardin fleuri de l\u2019EHPAD Champrouge \u00e0 Mazille\" style=\"background-image: url(&#039;https:\/\/www.gerontim.com\/wp-content\/uploads\/elementor\/thumbs\/ehpad-champrouge-jardin-fleuri-q90lc6s83eow4zmrcm6e739eike6l6y6sdwqakzsqo.jpg&#039;)\">\n\n\t\t\t\n\t\t\t\t\t<\/div>\n\t\t\t\t\t\t\t\t<\/div>\n\t\t\t\t\t\t\t\t\t\t\t<div class=\"swiper-slide\" role=\"group\" aria-roledescription=\"slide\">\n\t\t\t\t\t\t\t\t\t<div class=\"elementor-carousel-image\" role=\"img\" aria-label=\"Entr\u00e9e ext\u00e9rieure en bois de l\u2019EHPAD Champrouge \u00e0 Mazille\" style=\"background-image: url(&#039;https:\/\/www.gerontim.com\/wp-content\/uploads\/elementor\/thumbs\/ehpad-champrouge-entree-bois-q90lq9f8f3yfyt6u676b11eup910u1tie1jfyq4idc.jpg&#039;)\">\n\n\t\t\t\n\t\t\t\t\t<\/div>\n\t\t\t\t\t\t\t\t<\/div>\n\t\t\t\t\t\t\t\t\t\t\t<div class=\"swiper-slide\" role=\"group\" aria-roledescription=\"slide\">\n\t\t\t\t\t\t\t\t\t<div class=\"elementor-carousel-image\" role=\"img\" aria-label=\"Jardin avec vue sur les montagnes de l\u2019EHPAD Champrouge \u00e0 Mazille\" style=\"background-image: url(&#039;https:\/\/www.gerontim.com\/wp-content\/uploads\/elementor\/thumbs\/ehpad-champrouge-jardin-vue-montagnes-q90lpk1lakzp9c7pae7dnptenui4280rajxc09688w.png&#039;)\">\n\n\t\t\t\n\t\t\t\t\t<\/div>\n\t\t\t\t\t\t\t\t<\/div>\n\t\t\t\t\t\t\t\t\t\t\t<div class=\"swiper-slide\" role=\"group\" aria-roledescription=\"slide\">\n\t\t\t\t\t\t\t\t\t<div class=\"elementor-carousel-image\" role=\"img\" aria-label=\"Coin repas dans le PASA de l\u2019EHPAD Champrouge \u00e0 Mazille\" style=\"background-image: url(&#039;https:\/\/www.gerontim.com\/wp-content\/uploads\/elementor\/thumbs\/ehpad-champrouge-pasa-coin-repas-q90lo5ab1j27ue9fis9ix2mil1gaikf93kp43b9hkw.png&#039;)\">\n\n\t\t\t\n\t\t\t\t\t<\/div>\n\t\t\t\t\t\t\t\t<\/div>\n\t\t\t\t\t\t\t\t\t\t\t<div class=\"swiper-slide\" role=\"group\" aria-roledescription=\"slide\">\n\t\t\t\t\t\t\t\t\t<div class=\"elementor-carousel-image\" role=\"img\" aria-label=\"Coin repas de l\u2019unit\u00e9 Alzheimer de l\u2019EHPAD Champrouge \u00e0 Mazille\" style=\"background-image: url(&#039;https:\/\/www.gerontim.com\/wp-content\/uploads\/elementor\/thumbs\/ehpad-champrouge-unite-alzheimer-coin-repas-q90ln9bsl5ugvnjupeg7kaoudxtt8uwdn6ilrwkqkw.png&#039;)\">\n\n\t\t\t\n\t\t\t\t\t<\/div>\n\t\t\t\t\t\t\t\t<\/div>\n\t\t\t\t\t\t\t\t\t\t\t<div class=\"swiper-slide\" role=\"group\" aria-roledescription=\"slide\">\n\t\t\t\t\t\t\t\t\t<div class=\"elementor-carousel-image\" role=\"img\" aria-label=\"Caf\u00e9 bar du village au sein de l\u2019EHPAD Champrouge \u00e0 Mazille\" style=\"background-image: url(&#039;https:\/\/www.gerontim.com\/wp-content\/uploads\/elementor\/thumbs\/ehpad-champrouge-cafe-bar-q90lmf8yigpak4rjl1g5cia3dly2ejkyv1n2f1tgzk.png&#039;)\">\n\n\t\t\t\n\t\t\t\t\t<\/div>\n\t\t\t\t\t\t\t\t<\/div>\n\t\t\t\t\t\t\t\t\t<\/div>\n\t\t\t\t\t\t\t\t\t\t\t\t\t\t\t<div class=\"elementor-swiper-button elementor-swiper-button-prev\" role=\"button\" tabindex=\"0\" aria-label=\"Pr\u00e9c\u00e9dent\">\n\t\t\t\t\t\t\t<i aria-hidden=\"true\" class=\"eicon-chevron-left\"><\/i>\t\t\t\t\t\t<\/div>\n\t\t\t\t\t\t<div class=\"elementor-swiper-button elementor-swiper-button-next\" role=\"button\" tabindex=\"0\" aria-label=\"Suivant\">\n\t\t\t\t\t\t\t<i aria-hidden=\"true\" class=\"eicon-chevron-right\"><\/i>\t\t\t\t\t\t<\/div>\n\t\t\t\t\t\t\t\t\t\t\t\t\t\t\t\t\t<\/div>\n\t\t\t\t<\/div>\n\t\t\t\t\t\t\t\t<div class=\"elementor-swiper\">\n\t\t\t\t\t<div class=\"elementor-main-swiper swiper elementor-thumbnails-swiper swiper\" role=\"region region\" aria-roledescription=\"carousel carousel\" aria-label=\"Diapositives Diapositives\">\n\t\t\t\t<div class=\"swiper-wrapper\">\n\t\t\t\t\t\t\t\t\t\t\t<div class=\"swiper-slide\" role=\"group\" aria-roledescription=\"slide\">\n\t\t\t\t\t\t\t\t\t<div class=\"elementor-carousel-image\" role=\"img\" aria-label=\"Jardin fleuri de l\u2019EHPAD Champrouge \u00e0 Mazille\" style=\"background-image: url(&#039;https:\/\/www.gerontim.com\/wp-content\/uploads\/elementor\/thumbs\/ehpad-champrouge-jardin-fleuri-q90lc6s83eow4zmrcm6e739eike6l6y6sdwqakzsqo.jpg&#039;)\">\n\n\t\t\t\n\t\t\t\t\t<\/div>\n\t\t\t\t\t\t\t\t<\/div>\n\t\t\t\t\t\t\t\t\t\t\t<div class=\"swiper-slide\" role=\"group\" aria-roledescription=\"slide\">\n\t\t\t\t\t\t\t\t\t<div class=\"elementor-carousel-image\" role=\"img\" aria-label=\"Entr\u00e9e ext\u00e9rieure en bois de l\u2019EHPAD Champrouge \u00e0 Mazille\" style=\"background-image: url(&#039;https:\/\/www.gerontim.com\/wp-content\/uploads\/elementor\/thumbs\/ehpad-champrouge-entree-bois-q90lq9f8f3yfyt6u676b11eup910u1tie1jfyq4idc.jpg&#039;)\">\n\n\t\t\t\n\t\t\t\t\t<\/div>\n\t\t\t\t\t\t\t\t<\/div>\n\t\t\t\t\t\t\t\t\t\t\t<div class=\"swiper-slide\" role=\"group\" aria-roledescription=\"slide\">\n\t\t\t\t\t\t\t\t\t<div class=\"elementor-carousel-image\" role=\"img\" aria-label=\"Jardin avec vue sur les montagnes de l\u2019EHPAD Champrouge \u00e0 Mazille\" style=\"background-image: url(&#039;https:\/\/www.gerontim.com\/wp-content\/uploads\/elementor\/thumbs\/ehpad-champrouge-jardin-vue-montagnes-q90lpk1lakzp9c7pae7dnptenui4280rajxc09688w.png&#039;)\">\n\n\t\t\t\n\t\t\t\t\t<\/div>\n\t\t\t\t\t\t\t\t<\/div>\n\t\t\t\t\t\t\t\t\t\t\t<div class=\"swiper-slide\" role=\"group\" aria-roledescription=\"slide\">\n\t\t\t\t\t\t\t\t\t<div class=\"elementor-carousel-image\" role=\"img\" aria-label=\"Coin repas dans le PASA de l\u2019EHPAD Champrouge \u00e0 Mazille\" style=\"background-image: url(&#039;https:\/\/www.gerontim.com\/wp-content\/uploads\/elementor\/thumbs\/ehpad-champrouge-pasa-coin-repas-q90lo5ab1j27ue9fis9ix2mil1gaikf93kp43b9hkw.png&#039;)\">\n\n\t\t\t\n\t\t\t\t\t<\/div>\n\t\t\t\t\t\t\t\t<\/div>\n\t\t\t\t\t\t\t\t\t\t\t<div class=\"swiper-slide\" role=\"group\" aria-roledescription=\"slide\">\n\t\t\t\t\t\t\t\t\t<div class=\"elementor-carousel-image\" role=\"img\" aria-label=\"Coin repas de l\u2019unit\u00e9 Alzheimer de l\u2019EHPAD Champrouge \u00e0 Mazille\" style=\"background-image: url(&#039;https:\/\/www.gerontim.com\/wp-content\/uploads\/elementor\/thumbs\/ehpad-champrouge-unite-alzheimer-coin-repas-q90ln9bsl5ugvnjupeg7kaoudxtt8uwdn6ilrwkqkw.png&#039;)\">\n\n\t\t\t\n\t\t\t\t\t<\/div>\n\t\t\t\t\t\t\t\t<\/div>\n\t\t\t\t\t\t\t\t\t\t\t<div class=\"swiper-slide\" role=\"group\" aria-roledescription=\"slide\">\n\t\t\t\t\t\t\t\t\t<div class=\"elementor-carousel-image\" role=\"img\" aria-label=\"Caf\u00e9 bar du village au sein de l\u2019EHPAD Champrouge \u00e0 Mazille\" style=\"background-image: url(&#039;https:\/\/www.gerontim.com\/wp-content\/uploads\/elementor\/thumbs\/ehpad-champrouge-cafe-bar-q90lmf8yigpak4rjl1g5cia3dly2ejkyv1n2f1tgzk.png&#039;)\">\n\n\t\t\t\n\t\t\t\t\t<\/div>\n\t\t\t\t\t\t\t\t<\/div>\n\t\t\t\t\t\t\t\t\t<\/div>\n\t\t\t\t\t\t\t\t\t\t\t\t\t\t\t\t\t\t\t\t\t<\/div>\n\t\t\t\t<\/div>\n\t\t\t\t\t\t\t\t<\/div>\n\t\t\t\t<\/div>\n\t\t\t\t<div class=\"elementor-element elementor-element-020b295 credit-image elementor-widget elementor-widget-text-editor\" data-id=\"020b295\" data-element_type=\"widget\" data-e-type=\"widget\" data-widget_type=\"text-editor.default\">\n\t\t\t\t<div class=\"elementor-widget-container\">\n\t\t\t\t\t\t\t\t\t<p>Cr\u00e9dit image : <span style=\"font-weight: 400;\">EHPAD Champrouge<\/span><\/p>\t\t\t\t\t\t\t\t<\/div>\n\t\t\t\t<\/div>\n\t\t\t\t\t<\/div>\n\t\t<\/div>\n\t\t\t\t\t<\/div>\n\t\t<\/section>\n\t\t\t\t<div class=\"elementor-section elementor-top-section elementor-element elementor-element-5fc6f30 elementor-section-boxed elementor-section-height-default elementor-section-height-default\" data-id=\"5fc6f30\" data-element_type=\"section\" data-e-type=\"section\">\n\t\t\t\t\t\t<div class=\"elementor-container elementor-column-gap-default\">\n\t\t\t\t\t<div class=\"elementor-column elementor-col-100 elementor-top-column elementor-element elementor-element-3eb9287\" data-id=\"3eb9287\" data-element_type=\"column\" data-e-type=\"column\">\n\t\t\t<div class=\"elementor-widget-wrap elementor-element-populated\">\n\t\t\t\t\t\t<div class=\"elementor-element elementor-element-7e265c3 elementor-widget elementor-widget-heading\" data-id=\"7e265c3\" data-element_type=\"widget\" data-e-type=\"widget\" data-widget_type=\"heading.default\">\n\t\t\t\t<div class=\"elementor-widget-container\">\n\t\t\t\t\t<h2 class=\"elementor-heading-title elementor-size-default\">Extension de l\u2019EHPAD, cr\u00e9ation d\u2019une Unit\u00e9 Alzheimer, <br>d\u2019un PASA et d\u2019un g\u00eete d\u2019accueil<\/h2>\t\t\t\t<\/div>\n\t\t\t\t<\/div>\n\t\t\t\t\t<\/div>\n\t\t<\/div>\n\t\t\t\t\t<\/div>\n\t\t<\/div>\n\t\t\t\t<div class=\"elementor-section elementor-top-section elementor-element elementor-element-436cf72 elementor-section-content-middle elementor-section-boxed elementor-section-height-default elementor-section-height-default\" data-id=\"436cf72\" data-element_type=\"section\" data-e-type=\"section\">\n\t\t\t\t\t\t<div class=\"elementor-container elementor-column-gap-wide\">\n\t\t\t\t\t<section class=\"elementor-column elementor-col-100 elementor-top-column elementor-element elementor-element-f2bd615\" data-id=\"f2bd615\" data-element_type=\"column\" data-e-type=\"column\">\n\t\t\t<div class=\"elementor-widget-wrap elementor-element-populated\">\n\t\t\t\t\t\t<div class=\"elementor-element elementor-element-e66a74c title-h3 elementor-widget elementor-widget-uael-advanced-heading\" data-id=\"e66a74c\" data-element_type=\"widget\" data-e-type=\"widget\" data-widget_type=\"uael-advanced-heading.default\">\n\t\t\t\t<div class=\"elementor-widget-container\">\n\t\t\t\t\t\n\t\t<div class=\"uael-module-content uael-heading-wrapper\">\n\t\t\t\t\t\t\n\t\t\t<h3 class=\"uael-heading\">\n\t\t\t\t\t\t\t\t\t\t<span class=\"uael-heading-text elementor-inline-editing uael-size--default\" data-elementor-setting-key=\"heading_title\" data-elementor-inline-editing-toolbar=\"basic\">Caract\u00e9ristiques de l'op\u00e9ration<\/span>\n\t\t\t\t\t\t\t<\/h3>\n\n\t\t\t\n\t\t\t\t\t\t<div class=\"uael-module-content uael-separator-parent\">\n\t\t\t\t\t\t\t\t\t\t\t\t\t<div class=\"uael-separator\"><\/div>\n\t\t\t\t\t\t\t<\/div>\n\t\t\t\n\t\t\t\n\t\t\t\t\t\t<\/div>\n\t\t\t\t\t\t<\/div>\n\t\t\t\t<\/div>\n\t\t\t\t<div class=\"elementor-element elementor-element-cdd56fd elementor-widget elementor-widget-text-editor\" data-id=\"cdd56fd\" data-element_type=\"widget\" data-e-type=\"widget\" data-widget_type=\"text-editor.default\">\n\t\t\t\t<div class=\"elementor-widget-container\">\n\t\t\t\t\t\t\t\t\t<p><span style=\"font-weight: 400;\"><strong>Restructuration<\/strong> et <strong>extension<\/strong> d\u2019un <strong>EHPAD<\/strong> priv\u00e9 associatif, avec augmentation de capacit\u00e9, de 50 \u00e0 65 lits et places, et diversification de la prise en charge. Le projet a permis\u00a0:<\/span><\/p><ul><li style=\"font-weight: 400;\"><span style=\"font-weight: 400;\">L\u2019am\u00e9nagement de 50 lits d\u2019<strong>h\u00e9bergement permanent<\/strong> en chambres individuelles \u00a0+ 2 lits d\u2019<strong>h\u00e9bergement temporaire<\/strong>, organis\u00e9s en petits quartiers de 5 ou 6 lits<\/span><\/li><li style=\"font-weight: 400;\"><span style=\"font-weight: 400;\">La cr\u00e9ation d\u2019une Unit\u00e9 <strong>Alzheimer<\/strong> de 12 lits d\u2019h\u00e9bergement permanent + 1 lit d\u2019h\u00e9bergement temporaire<\/span><\/li><li style=\"font-weight: 400;\"><span style=\"font-weight: 400;\">La conception d\u2019un P\u00f4le d\u2019Activit\u00e9s et de Soins adapt\u00e9s (<strong>PASA<\/strong>), b\u00e9n\u00e9ficiant d\u2019une forte connexion avec l\u2019Unit\u00e9 Alzheimer<\/span><\/li><li style=\"font-weight: 400;\"><span style=\"font-weight: 400;\">La r\u00e9alisation d\u2019un p\u00f4le de vie sociale (restaurant, salles d\u2019activit\u00e9s, \u00a0p\u00f4le esth\u00e9tique, p\u00f4le commer\u00e7ant, p\u00f4le spiritualit\u00e9) tourn\u00e9 vers l\u2019ext\u00e9rieur<\/span><\/li><li style=\"font-weight: 400;\"><span style=\"font-weight: 400;\">L\u2019installation de services administratifs, m\u00e9dicaux et logistiques centralis\u00e9s<\/span><\/li><li style=\"font-weight: 400;\"><span style=\"font-weight: 400;\">La cr\u00e9ation d\u2019un g\u00eete d\u2019accueil pour les familles et stagiaires, salari\u00e9s en recherche de logement, ou personnes \u00e2g\u00e9es valides<\/span><\/li><li style=\"font-weight: 400;\"><span style=\"font-weight: 400;\">La mise en place d\u2019une d\u00e9marche de qualit\u00e9 environnementale (chaufferie bois, structure bois pour l\u2019extension\u00a0: avec obtention d\u2019un prix national Bois et Construction)<\/span><\/li><\/ul>\t\t\t\t\t\t\t\t<\/div>\n\t\t\t\t<\/div>\n\t\t\t\t<div class=\"elementor-element elementor-element-912615a elementor-widget elementor-widget-spacer\" data-id=\"912615a\" data-element_type=\"widget\" data-e-type=\"widget\" data-widget_type=\"spacer.default\">\n\t\t\t\t<div class=\"elementor-widget-container\">\n\t\t\t\t\t\t\t<div class=\"elementor-spacer\">\n\t\t\t<div class=\"elementor-spacer-inner\"><\/div>\n\t\t<\/div>\n\t\t\t\t\t\t<\/div>\n\t\t\t\t<\/div>\n\t\t\t\t<div class=\"elementor-element elementor-element-4803610 elementor-widget elementor-widget-heading\" data-id=\"4803610\" data-element_type=\"widget\" data-e-type=\"widget\" data-widget_type=\"heading.default\">\n\t\t\t\t<div class=\"elementor-widget-container\">\n\t\t\t\t\t<h4 class=\"elementor-heading-title elementor-size-default\"><strong>Missions Gerontim<\/strong><\/h4>\t\t\t\t<\/div>\n\t\t\t\t<\/div>\n\t\t\t\t<div class=\"elementor-element elementor-element-5ba08da elementor-align-start elementor-icon-list--layout-traditional elementor-list-item-link-full_width elementor-widget elementor-widget-icon-list\" data-id=\"5ba08da\" data-element_type=\"widget\" data-e-type=\"widget\" data-widget_type=\"icon-list.default\">\n\t\t\t\t<div class=\"elementor-widget-container\">\n\t\t\t\t\t\t\t<ul class=\"elementor-icon-list-items\">\n\t\t\t\t\t\t\t<li class=\"elementor-icon-list-item\">\n\t\t\t\t\t\t\t\t\t\t\t<span class=\"elementor-icon-list-icon\">\n\t\t\t\t\t\t\t<i aria-hidden=\"true\" class=\"fas fa-arrow-circle-right\"><\/i>\t\t\t\t\t\t<\/span>\n\t\t\t\t\t\t\t\t\t\t<span class=\"elementor-icon-list-text\"><a href=\"https:\/\/www.gerontim.com\/fr\/prestations\/etude-faisabilite-architecturale\/\">Diagnostic et \u00e9tude de faisabilit\u00e9 <\/a>en septembre 2007<\/span>\n\t\t\t\t\t\t\t\t\t<\/li>\n\t\t\t\t\t\t\t\t<li class=\"elementor-icon-list-item\">\n\t\t\t\t\t\t\t\t\t\t\t<span class=\"elementor-icon-list-icon\">\n\t\t\t\t\t\t\t<i aria-hidden=\"true\" class=\"fas fa-arrow-circle-right\"><\/i>\t\t\t\t\t\t<\/span>\n\t\t\t\t\t\t\t\t\t\t<span class=\"elementor-icon-list-text\"><a href=\"https:\/\/www.gerontim.com\/fr\/prestations\/projet-etablissement-ou-service\/\">Accompagnement projet d\u2019\u00e9tablissement <\/a>r\u00e9alis\u00e9 en d\u00e9cembre 2009<\/span>\n\t\t\t\t\t\t\t\t\t<\/li>\n\t\t\t\t\t\t\t\t<li class=\"elementor-icon-list-item\">\n\t\t\t\t\t\t\t\t\t\t\t<span class=\"elementor-icon-list-icon\">\n\t\t\t\t\t\t\t<i aria-hidden=\"true\" class=\"fas fa-arrow-circle-right\"><\/i>\t\t\t\t\t\t<\/span>\n\t\t\t\t\t\t\t\t\t\t<span class=\"elementor-icon-list-text\"><a href=\"https:\/\/www.gerontim.com\/fr\/prestations\/programme-architectural\/\">Programme architectural<\/a> en avril 2010 (V1 puis V2)<\/span>\n\t\t\t\t\t\t\t\t\t<\/li>\n\t\t\t\t\t\t\t\t<li class=\"elementor-icon-list-item\">\n\t\t\t\t\t\t\t\t\t\t\t<span class=\"elementor-icon-list-icon\">\n\t\t\t\t\t\t\t<i aria-hidden=\"true\" class=\"fas fa-arrow-circle-right\"><\/i>\t\t\t\t\t\t<\/span>\n\t\t\t\t\t\t\t\t\t\t<span class=\"elementor-icon-list-text\">Aide au <a href=\"https:\/\/www.gerontim.com\/fr\/prestations\/choix-architecte\/\">choix du ma\u00eetre d\u2019\u0153uvre <\/a>en 2010<\/span>\n\t\t\t\t\t\t\t\t\t<\/li>\n\t\t\t\t\t\t\t\t<li class=\"elementor-icon-list-item\">\n\t\t\t\t\t\t\t\t\t\t\t<span class=\"elementor-icon-list-icon\">\n\t\t\t\t\t\t\t<i aria-hidden=\"true\" class=\"fas fa-arrow-circle-right\"><\/i>\t\t\t\t\t\t<\/span>\n\t\t\t\t\t\t\t\t\t\t<span class=\"elementor-icon-list-text\"><a href=\"https:\/\/www.gerontim.com\/fr\/prestations\/suivi-conception-architecturale\/\">Suivi des \u00e9tudes de conception <\/a>(Esquisse, APS, APD, PRO, DCE) jusque juillet 2011<\/span>\n\t\t\t\t\t\t\t\t\t<\/li>\n\t\t\t\t\t\t<\/ul>\n\t\t\t\t\t\t<\/div>\n\t\t\t\t<\/div>\n\t\t\t\t<div class=\"elementor-element elementor-element-d8764fd elementor-widget elementor-widget-spacer\" data-id=\"d8764fd\" data-element_type=\"widget\" data-e-type=\"widget\" data-widget_type=\"spacer.default\">\n\t\t\t\t<div class=\"elementor-widget-container\">\n\t\t\t\t\t\t\t<div class=\"elementor-spacer\">\n\t\t\t<div class=\"elementor-spacer-inner\"><\/div>\n\t\t<\/div>\n\t\t\t\t\t\t<\/div>\n\t\t\t\t<\/div>\n\t\t\t\t<div class=\"elementor-element elementor-element-32b51c0 elementor-widget elementor-widget-heading\" data-id=\"32b51c0\" data-element_type=\"widget\" data-e-type=\"widget\" data-widget_type=\"heading.default\">\n\t\t\t\t<div class=\"elementor-widget-container\">\n\t\t\t\t\t<h4 class=\"elementor-heading-title elementor-size-default\"><strong>Th\u00e8mes qui ont guid\u00e9 nos missions<\/strong><\/h4>\t\t\t\t<\/div>\n\t\t\t\t<\/div>\n\t\t\t\t<div class=\"elementor-element elementor-element-73070ce elementor-align-start elementor-icon-list--layout-traditional elementor-list-item-link-full_width elementor-widget elementor-widget-icon-list\" data-id=\"73070ce\" data-element_type=\"widget\" data-e-type=\"widget\" data-widget_type=\"icon-list.default\">\n\t\t\t\t<div class=\"elementor-widget-container\">\n\t\t\t\t\t\t\t<ul class=\"elementor-icon-list-items\">\n\t\t\t\t\t\t\t<li class=\"elementor-icon-list-item\">\n\t\t\t\t\t\t\t\t\t\t\t<span class=\"elementor-icon-list-icon\">\n\t\t\t\t\t\t\t<i aria-hidden=\"true\" class=\"fas fa-arrow-circle-right\"><\/i>\t\t\t\t\t\t<\/span>\n\t\t\t\t\t\t\t\t\t\t<span class=\"elementor-icon-list-text\">La pr\u00e9servation de la dimension humaine et familiale de la maison<\/span>\n\t\t\t\t\t\t\t\t\t<\/li>\n\t\t\t\t\t\t\t\t<li class=\"elementor-icon-list-item\">\n\t\t\t\t\t\t\t\t\t\t\t<span class=\"elementor-icon-list-icon\">\n\t\t\t\t\t\t\t<i aria-hidden=\"true\" class=\"fas fa-arrow-circle-right\"><\/i>\t\t\t\t\t\t<\/span>\n\t\t\t\t\t\t\t\t\t\t<span class=\"elementor-icon-list-text\">L\u2019int\u00e9gration dans un cadre de vie calme, champ\u00eatre (rural)<\/span>\n\t\t\t\t\t\t\t\t\t<\/li>\n\t\t\t\t\t\t\t\t<li class=\"elementor-icon-list-item\">\n\t\t\t\t\t\t\t\t\t\t\t<span class=\"elementor-icon-list-icon\">\n\t\t\t\t\t\t\t<i aria-hidden=\"true\" class=\"fas fa-arrow-circle-right\"><\/i>\t\t\t\t\t\t<\/span>\n\t\t\t\t\t\t\t\t\t\t<span class=\"elementor-icon-list-text\">Un climat de vie harmonieux, favorisant la mixit\u00e9 et l\u2019h\u00e9t\u00e9rog\u00e9n\u00e9it\u00e9<\/span>\n\t\t\t\t\t\t\t\t\t<\/li>\n\t\t\t\t\t\t\t\t<li class=\"elementor-icon-list-item\">\n\t\t\t\t\t\t\t\t\t\t\t<span class=\"elementor-icon-list-icon\">\n\t\t\t\t\t\t\t<i aria-hidden=\"true\" class=\"fas fa-arrow-circle-right\"><\/i>\t\t\t\t\t\t<\/span>\n\t\t\t\t\t\t\t\t\t\t<span class=\"elementor-icon-list-text\">La mise en valeur de la vie de la maison, <a href=\"https:\/\/www.gerontim.com\/fr\/articles\/experts\/role-projet-vie-animation-ehpad\/\">le d\u00e9veloppement de la vie sociale et des animations<\/a>, pour plus d\u2019attractivit\u00e9<\/span>\n\t\t\t\t\t\t\t\t\t<\/li>\n\t\t\t\t\t\t\t\t<li class=\"elementor-icon-list-item\">\n\t\t\t\t\t\t\t\t\t\t\t<span class=\"elementor-icon-list-icon\">\n\t\t\t\t\t\t\t<i aria-hidden=\"true\" class=\"fas fa-arrow-circle-right\"><\/i>\t\t\t\t\t\t<\/span>\n\t\t\t\t\t\t\t\t\t\t<span class=\"elementor-icon-list-text\">Des chambres confortables et fonctionnelles, spacieuses et personnalisables, diff\u00e9renci\u00e9es, bannissant l\u2019uniformit\u00e9 et promouvant la diff\u00e9renciation \/ l\u2019individualisation<\/span>\n\t\t\t\t\t\t\t\t\t<\/li>\n\t\t\t\t\t\t\t\t<li class=\"elementor-icon-list-item\">\n\t\t\t\t\t\t\t\t\t\t\t<span class=\"elementor-icon-list-icon\">\n\t\t\t\t\t\t\t<i aria-hidden=\"true\" class=\"fas fa-arrow-circle-right\"><\/i>\t\t\t\t\t\t<\/span>\n\t\t\t\t\t\t\t\t\t\t<span class=\"elementor-icon-list-text\">L\u2019am\u00e9lioration de la s\u00e9curit\u00e9 et de l\u2019accessibilit\u00e9<\/span>\n\t\t\t\t\t\t\t\t\t<\/li>\n\t\t\t\t\t\t<\/ul>\n\t\t\t\t\t\t<\/div>\n\t\t\t\t<\/div>\n\t\t\t\t<div class=\"elementor-element elementor-element-b5367e7 elementor-widget elementor-widget-spacer\" data-id=\"b5367e7\" data-element_type=\"widget\" data-e-type=\"widget\" data-widget_type=\"spacer.default\">\n\t\t\t\t<div class=\"elementor-widget-container\">\n\t\t\t\t\t\t\t<div class=\"elementor-spacer\">\n\t\t\t<div class=\"elementor-spacer-inner\"><\/div>\n\t\t<\/div>\n\t\t\t\t\t\t<\/div>\n\t\t\t\t<\/div>\n\t\t\t\t<section class=\"elementor-section elementor-inner-section elementor-element elementor-element-654fc3f trois-blocs elementor-section-boxed elementor-section-height-default elementor-section-height-default\" data-id=\"654fc3f\" data-element_type=\"section\" data-e-type=\"section\">\n\t\t\t\t\t\t<div class=\"elementor-container elementor-column-gap-default\">\n\t\t\t\t\t<div class=\"elementor-column elementor-col-50 elementor-inner-column elementor-element elementor-element-4405e72 fond-gris\" data-id=\"4405e72\" data-element_type=\"column\" data-e-type=\"column\" data-settings=\"{&quot;background_background&quot;:&quot;classic&quot;}\">\n\t\t\t<div class=\"elementor-widget-wrap elementor-element-populated\">\n\t\t\t\t\t\t<div class=\"elementor-element elementor-element-50468de elementor-view-default elementor-position-block-start elementor-mobile-position-block-start elementor-widget elementor-widget-icon-box\" data-id=\"50468de\" data-element_type=\"widget\" data-e-type=\"widget\" data-widget_type=\"icon-box.default\">\n\t\t\t\t<div class=\"elementor-widget-container\">\n\t\t\t\t\t\t\t<div class=\"elementor-icon-box-wrapper\">\n\n\t\t\t\t\t\t<div class=\"elementor-icon-box-icon\">\n\t\t\t\t<span  class=\"elementor-icon\">\n\t\t\t\t<i class=\"fa fa-arrows-alt\" aria-hidden=\"true\"><\/i>\t\t\t\t<\/span>\n\t\t\t<\/div>\n\t\t\t\n\t\t\t\t\t\t<div class=\"elementor-icon-box-content\">\n\n\t\t\t\t\t\t\t\t\t<h3 class=\"elementor-icon-box-title\">\n\t\t\t\t\t\t<span  >\n\t\t\t\t\t\t\tSURFACE\t\t\t\t\t\t<\/span>\n\t\t\t\t\t<\/h3>\n\t\t\t\t\n\t\t\t\t\t\t\t\t\t<p class=\"elementor-icon-box-description\">\n\t\t\t\t\t\t3659 m\u00b2 SDO soit 4423 m\u00b2 SHON<br>(env. 2600 m\u00b2 pour l\u2019extension + 1800 m\u00b2 pour l\u2019existant)\t\t\t\t\t<\/p>\n\t\t\t\t\n\t\t\t<\/div>\n\t\t\t\n\t\t<\/div>\n\t\t\t\t\t\t<\/div>\n\t\t\t\t<\/div>\n\t\t\t\t<div class=\"elementor-element elementor-element-2a780cf elementor-view-default elementor-position-block-start elementor-mobile-position-block-start elementor-widget elementor-widget-icon-box\" data-id=\"2a780cf\" data-element_type=\"widget\" data-e-type=\"widget\" data-widget_type=\"icon-box.default\">\n\t\t\t\t<div class=\"elementor-widget-container\">\n\t\t\t\t\t\t\t<div class=\"elementor-icon-box-wrapper\">\n\n\t\t\t\t\t\t<div class=\"elementor-icon-box-icon\">\n\t\t\t\t<span  class=\"elementor-icon\">\n\t\t\t\t<i class=\"fa fa-users\" aria-hidden=\"true\"><\/i>\t\t\t\t<\/span>\n\t\t\t<\/div>\n\t\t\t\n\t\t\t\t\t\t<div class=\"elementor-icon-box-content\">\n\n\t\t\t\t\t\t\t\t\t<h3 class=\"elementor-icon-box-title\">\n\t\t\t\t\t\t<span  >\n\t\t\t\t\t\t\tMAITRE D'OUVRAGE\t\t\t\t\t\t<\/span>\n\t\t\t\t\t<\/h3>\n\t\t\t\t\n\t\t\t\t\t\t\t\t\t<p class=\"elementor-icon-box-description\">\n\t\t\t\t\t\tEHPAD Champrouge\t\t\t\t\t<\/p>\n\t\t\t\t\n\t\t\t<\/div>\n\t\t\t\n\t\t<\/div>\n\t\t\t\t\t\t<\/div>\n\t\t\t\t<\/div>\n\t\t\t\t<div class=\"elementor-element elementor-element-e5a2365 elementor-view-default elementor-position-block-start elementor-mobile-position-block-start elementor-widget elementor-widget-icon-box\" data-id=\"e5a2365\" data-element_type=\"widget\" data-e-type=\"widget\" data-widget_type=\"icon-box.default\">\n\t\t\t\t<div class=\"elementor-widget-container\">\n\t\t\t\t\t\t\t<div class=\"elementor-icon-box-wrapper\">\n\n\t\t\t\t\t\t<div class=\"elementor-icon-box-icon\">\n\t\t\t\t<span  class=\"elementor-icon\">\n\t\t\t\t\t\t\t\t<\/span>\n\t\t\t<\/div>\n\t\t\t\n\t\t\t\t\t\t<div class=\"elementor-icon-box-content\">\n\n\t\t\t\t\t\t\t\t\t<h3 class=\"elementor-icon-box-title\">\n\t\t\t\t\t\t<span  >\n\t\t\t\t\t\t\tMAITRE D'OEUVRE\t\t\t\t\t\t<\/span>\n\t\t\t\t\t<\/h3>\n\t\t\t\t\n\t\t\t\t\t\t\t\t\t<p class=\"elementor-icon-box-description\">\n\t\t\t\t\t\tAgence Jacques Gerbe \u2013 architecte dplg\n<br>Agence SCRI_BE \u2013 agenceur conseil   \n\t\t\t\t\t<\/p>\n\t\t\t\t\n\t\t\t<\/div>\n\t\t\t\n\t\t<\/div>\n\t\t\t\t\t\t<\/div>\n\t\t\t\t<\/div>\n\t\t\t\t<div class=\"elementor-element elementor-element-7b675a5 elementor-widget elementor-widget-spacer\" data-id=\"7b675a5\" data-element_type=\"widget\" data-e-type=\"widget\" data-widget_type=\"spacer.default\">\n\t\t\t\t<div class=\"elementor-widget-container\">\n\t\t\t\t\t\t\t<div class=\"elementor-spacer\">\n\t\t\t<div class=\"elementor-spacer-inner\"><\/div>\n\t\t<\/div>\n\t\t\t\t\t\t<\/div>\n\t\t\t\t<\/div>\n\t\t\t\t\t<\/div>\n\t\t<\/div>\n\t\t\t\t<div class=\"elementor-column elementor-col-50 elementor-inner-column elementor-element elementor-element-bb60935 fond-gris fond-grissombre\" data-id=\"bb60935\" data-element_type=\"column\" data-e-type=\"column\" data-settings=\"{&quot;background_background&quot;:&quot;classic&quot;}\">\n\t\t\t<div class=\"elementor-widget-wrap elementor-element-populated\">\n\t\t\t\t\t\t<div class=\"elementor-element elementor-element-53385d7 elementor-view-default elementor-position-block-start elementor-mobile-position-block-start elementor-widget elementor-widget-icon-box\" data-id=\"53385d7\" data-element_type=\"widget\" data-e-type=\"widget\" data-widget_type=\"icon-box.default\">\n\t\t\t\t<div class=\"elementor-widget-container\">\n\t\t\t\t\t\t\t<div class=\"elementor-icon-box-wrapper\">\n\n\t\t\t\t\t\t<div class=\"elementor-icon-box-icon\">\n\t\t\t\t<span  class=\"elementor-icon\">\n\t\t\t\t<i class=\"fa fa-database\" aria-hidden=\"true\"><\/i>\t\t\t\t<\/span>\n\t\t\t<\/div>\n\t\t\t\n\t\t\t\t\t\t<div class=\"elementor-icon-box-content\">\n\n\t\t\t\t\t\t\t\t\t<h3 class=\"elementor-icon-box-title\">\n\t\t\t\t\t\t<span  >\n\t\t\t\t\t\t\tCOUT DES TRAVAUX\t\t\t\t\t\t<\/span>\n\t\t\t\t\t<\/h3>\n\t\t\t\t\n\t\t\t\t\t\t\t\t\t<p class=\"elementor-icon-box-description\">\n\t\t\t\t\t\tEstim\u00e9 \u00e0 5 905 000 \u20ac HT <br> en fin d\u2019\u00e9tudes de conception\n<br>Projet qui a co\u00fbt\u00e9 7 700 000 \u20ac TDC<br>(dont 1,8 millions financ\u00e9s par le Conseil D\u00e9partemental) en fin de travaux \n\t\t\t\t\t<\/p>\n\t\t\t\t\n\t\t\t<\/div>\n\t\t\t\n\t\t<\/div>\n\t\t\t\t\t\t<\/div>\n\t\t\t\t<\/div>\n\t\t\t\t<div class=\"elementor-element elementor-element-b4f3a75 elementor-view-default elementor-position-block-start elementor-mobile-position-block-start elementor-widget elementor-widget-icon-box\" data-id=\"b4f3a75\" data-element_type=\"widget\" data-e-type=\"widget\" data-widget_type=\"icon-box.default\">\n\t\t\t\t<div class=\"elementor-widget-container\">\n\t\t\t\t\t\t\t<div class=\"elementor-icon-box-wrapper\">\n\n\t\t\t\t\t\t<div class=\"elementor-icon-box-icon\">\n\t\t\t\t<span  class=\"elementor-icon\">\n\t\t\t\t<i class=\"fa fa-calendar\" aria-hidden=\"true\"><\/i>\t\t\t\t<\/span>\n\t\t\t<\/div>\n\t\t\t\n\t\t\t\t\t\t<div class=\"elementor-icon-box-content\">\n\n\t\t\t\t\t\t\t\t\t<h3 class=\"elementor-icon-box-title\">\n\t\t\t\t\t\t<span  >\n\t\t\t\t\t\t\tDATES ET AVANCEMENT DU PROJET\t\t\t\t\t\t<\/span>\n\t\t\t\t\t<\/h3>\n\t\t\t\t\n\t\t\t\t\t\t\t\t\t<p class=\"elementor-icon-box-description\">\n\t\t\t\t\t\tAccompagnement Gerontim de 2007 \u00e0 2011.<br>Travaux ensuite r\u00e9alis\u00e9s avec l\u2019\u00e9quipe de ma\u00eetrise d\u2019\u0153uvre, en 2 tranches :\n<br><u>1e tranche achev\u00e9e en avril 2014<\/u> : 17 mois de travaux pour la r\u00e9alisation de l\u2019extension (notamment PASA, Unit\u00e9 Alzheimer) \n<br><u>2e tranche achev\u00e9e en mai 2015<\/u> : 13 mois de travaux pour la r\u00e9habilitation de l\u2019existant\t\t\t\t\t<\/p>\n\t\t\t\t\n\t\t\t<\/div>\n\t\t\t\n\t\t<\/div>\n\t\t\t\t\t\t<\/div>\n\t\t\t\t<\/div>\n\t\t\t\t\t<\/div>\n\t\t<\/div>\n\t\t\t\t\t<\/div>\n\t\t<\/section>\n\t\t\t\t\t<\/div>\n\t\t<\/section>\n\t\t\t\t\t<\/div>\n\t\t<\/div>\n\t\t\t\t<section class=\"elementor-section elementor-top-section elementor-element elementor-element-acc6b7b elementor-section-full_width elementor-section-height-default elementor-section-height-default\" data-id=\"acc6b7b\" data-element_type=\"section\" data-e-type=\"section\" id=\"cta-demarrer\">\n\t\t\t\t\t\t<div class=\"elementor-container elementor-column-gap-no\">\n\t\t\t\t\t<div class=\"elementor-column elementor-col-100 elementor-top-column elementor-element elementor-element-d279a6e\" data-id=\"d279a6e\" data-element_type=\"column\" data-e-type=\"column\">\n\t\t\t<div class=\"elementor-widget-wrap elementor-element-populated\">\n\t\t\t\t\t\t<div class=\"elementor-element elementor-element-da209f4 elementor-cta--skin-classic elementor-animated-content elementor-bg-transform elementor-bg-transform-zoom-in elementor-widget elementor-widget-call-to-action\" data-id=\"da209f4\" data-element_type=\"widget\" data-e-type=\"widget\" data-widget_type=\"call-to-action.default\">\n\t\t\t\t<div class=\"elementor-widget-container\">\n\t\t\t\t\t\t\t<div class=\"elementor-cta\">\n\t\t\t\t\t\t\t<div class=\"elementor-cta__content\">\n\t\t\t\t\t\t\t\t\t<div class=\"elementor-content-item elementor-cta__content-item elementor-icon-wrapper elementor-cta__icon elementor-view-default\">\n\t\t\t\t\t\t<div class=\"elementor-icon\">\n\t\t\t\t\t\t\t<i aria-hidden=\"true\" class=\"far fa-edit\"><\/i>\t\t\t\t\t\t<\/div>\n\t\t\t\t\t<\/div>\n\t\t\t\t\n\t\t\t\t\t\t\t\t\t<h3 class=\"elementor-cta__title elementor-cta__content-item elementor-content-item\">\n\t\t\t\t\t\tVous avez besoin de conseils d\u2019experts<br> pour votre projet de restructuration, extension, r\u00e9habilitation ?\t\t\t\t\t<\/h3>\n\t\t\t\t\n\t\t\t\t\n\t\t\t\t\t\t\t\t\t<div class=\"elementor-cta__button-wrapper elementor-cta__content-item elementor-content-item \">\n\t\t\t\t\t<a class=\"elementor-cta__button elementor-button elementor-size-\" rel=\"noreferrer noopener\" href=\"\/fr\/contact\/\">\n\t\t\t\t\t\tCONTACTEZ-NOUS\t\t\t\t\t<\/a>\n\t\t\t\t\t<\/div>\n\t\t\t\t\t\t\t<\/div>\n\t\t\t\t\t\t<\/div>\n\t\t\t\t\t\t<\/div>\n\t\t\t\t<\/div>\n\t\t\t\t\t<\/div>\n\t\t<\/div>\n\t\t\t\t\t<\/div>\n\t\t<\/section>\n\t\t\t\t<section class=\"elementor-section elementor-top-section elementor-element elementor-element-72745c4 elementor-section-boxed elementor-section-height-default elementor-section-height-default\" data-id=\"72745c4\" data-element_type=\"section\" data-e-type=\"section\">\n\t\t\t\t\t\t<div class=\"elementor-container elementor-column-gap-default\">\n\t\t\t\t\t<div class=\"elementor-column elementor-col-100 elementor-top-column elementor-element elementor-element-6ce78fb\" data-id=\"6ce78fb\" data-element_type=\"column\" data-e-type=\"column\">\n\t\t\t<div class=\"elementor-widget-wrap elementor-element-populated\">\n\t\t\t\t\t\t<div class=\"elementor-element elementor-element-dcee93a elementor-widget elementor-widget-global elementor-global-4226 elementor-widget-html\" data-id=\"dcee93a\" data-element_type=\"widget\" data-e-type=\"widget\" data-widget_type=\"html.default\">\n\t\t\t\t<div class=\"elementor-widget-container\">\n\t\t\t\t\t\t\t\t\t<\/div>\n\t\t\t\t<\/div>\n\t\t\t\t\t<\/div>\n\t\t<\/div>\n\t\t\t\t\t<\/div>\n\t\t<\/section>\n\t\t\t\t<\/div>\n\t\t","protected":false},"excerpt":{"rendered":"<p>D\u00e9couvrez le projet de r\u00e9habilitation et extension de cet EHPAD priv\u00e9 associatif de 65 places. L\u2019accompagnement de Gerontim jusqu\u2019au d\u00e9but des travaux pr\u00e9voyait notamment la cr\u00e9ation d\u2019un PASA, d\u2019une unit\u00e9 Alzheimer, d\u2019un p\u00f4le de vie sociale ainsi que la construction d\u2019un g\u00eete d\u2019accueil pour les familles, stagiaires, salari\u00e9s ou personnes \u00e2g\u00e9es autonomes.<\/p>\n","protected":false},"featured_media":2483,"template":"","meta":{"site-sidebar-layout":"no-sidebar","site-content-layout":"page-builder","ast-site-content-layout":"default","site-content-style":"default","site-sidebar-style":"default","ast-global-header-display":"","ast-banner-title-visibility":"","ast-main-header-display":"","ast-hfb-above-header-display":"","ast-hfb-below-header-display":"","ast-hfb-mobile-header-display":"","site-post-title":"disabled","ast-breadcrumbs-content":"","ast-featured-img":"disabled","footer-sml-layout":"","ast-disable-related-posts":"","theme-transparent-header-meta":"disabled","adv-header-id-meta":"1614","stick-header-meta":"default","header-above-stick-meta":"","header-main-stick-meta":"","header-below-stick-meta":"","astra-migrate-meta-layouts":"default","ast-page-background-enabled":"default","ast-page-background-meta":{"desktop":{"background-color":"","background-image":"","background-repeat":"repeat","background-position":"center center","background-size":"auto","background-attachment":"scroll","background-type":"","background-media":"","overlay-type":"","overlay-color":"","overlay-opacity":"","overlay-gradient":""},"tablet":{"background-color":"","background-image":"","background-repeat":"repeat","background-position":"center center","background-size":"auto","background-attachment":"scroll","background-type":"","background-media":"","overlay-type":"","overlay-color":"","overlay-opacity":"","overlay-gradient":""},"mobile":{"background-color":"","background-image":"","background-repeat":"repeat","background-position":"center center","background-size":"auto","background-attachment":"scroll","background-type":"","background-media":"","overlay-type":"","overlay-color":"","overlay-opacity":"","overlay-gradient":""}},"ast-content-background-meta":{"desktop":{"background-color":"var(--ast-global-color-5)","background-image":"","background-repeat":"repeat","background-position":"center center","background-size":"auto","background-attachment":"scroll","background-type":"","background-media":"","overlay-type":"","overlay-color":"","overlay-opacity":"","overlay-gradient":""},"tablet":{"background-color":"var(--ast-global-color-5)","background-image":"","background-repeat":"repeat","background-position":"center center","background-size":"auto","background-attachment":"scroll","background-type":"","background-media":"","overlay-type":"","overlay-color":"","overlay-opacity":"","overlay-gradient":""},"mobile":{"background-color":"var(--ast-global-color-5)","background-image":"","background-repeat":"repeat","background-position":"center center","background-size":"auto","background-attachment":"scroll","background-type":"","background-media":"","overlay-type":"","overlay-color":"","overlay-opacity":"","overlay-gradient":""}}},"astra-portfolio-categories":[],"astra-portfolio-other-categories":[],"astra-portfolio-tags":[103,101,100,102,73],"class_list":["post-2478","astra-portfolio","type-astra-portfolio","status-publish","has-post-thumbnail","hentry","astra-portfolio-tags-alzheimer","astra-portfolio-tags-architecte","astra-portfolio-tags-bailleurs","astra-portfolio-tags-construction","astra-portfolio-tags-ehpad"],"astra-site-call-to-action":"","astra-site-open-in-new-tab":0,"astra-site-open-portfolio-in":"new-tab","astra-site-url":"","thumbnail-image-url":null,"thumbnail-image-meta":{"alt":"","title":""},"lightbox-image-url":null,"portfolio-type":"page","portfolio-video-url":"","request_time":0.6598129272460938,"yoast_head":"<!-- This site is optimized with the Yoast SEO plugin v27.4 - https:\/\/yoast.com\/product\/yoast-seo-wordpress\/ -->\n<title>Restructuration d\u2019un EHPAD de 65 lits \u00e0 Mazille (71) \u2013 Gerontim<\/title>\n<meta name=\"description\" content=\"Restructuration et extension d\u2019un EHPAD priv\u00e9 associatif de 65 lits \u00e0 Mazille (71), et diversification de la prise en charge : cr\u00e9ation d\u2019un P\u00f4le d\u2019Activit\u00e9s et de Soins Adapt\u00e9s (PASA), d\u2019une Unit\u00e9 Alzheimer, d\u2019un p\u00f4le de vie sociale et d\u2019un g\u00eete d\u2019accueil.\" \/>\n<meta name=\"robots\" content=\"index, follow, max-snippet:-1, max-image-preview:large, max-video-preview:-1\" \/>\n<link rel=\"canonical\" href=\"https:\/\/www.gerontim.com\/fr\/realisations\/restructuration-extension-ehpad-65-lits\/\" \/>\n<meta property=\"og:locale\" content=\"fr_FR\" \/>\n<meta property=\"og:type\" content=\"article\" \/>\n<meta property=\"og:title\" content=\"Restructuration d\u2019un EHPAD de 65 lits \u00e0 Mazille (71) \u2013 Gerontim\" \/>\n<meta property=\"og:description\" content=\"Restructuration et extension d\u2019un EHPAD priv\u00e9 associatif de 65 lits \u00e0 Mazille (71), et diversification de la prise en charge : cr\u00e9ation d\u2019un P\u00f4le d\u2019Activit\u00e9s et de Soins Adapt\u00e9s (PASA), d\u2019une Unit\u00e9 Alzheimer, d\u2019un p\u00f4le de vie sociale et d\u2019un g\u00eete d\u2019accueil.\" \/>\n<meta property=\"og:url\" content=\"https:\/\/www.gerontim.com\/fr\/realisations\/restructuration-extension-ehpad-65-lits\/\" \/>\n<meta property=\"og:site_name\" content=\"Gerontim\" \/>\n<meta property=\"article:modified_time\" content=\"2025-12-12T09:10:23+00:00\" \/>\n<meta property=\"og:image\" content=\"https:\/\/www.gerontim.com\/wp-content\/uploads\/2019\/04\/ehpad-champrouge-jardin-fleuri.jpg\" \/>\n\t<meta property=\"og:image:width\" content=\"3648\" \/>\n\t<meta property=\"og:image:height\" content=\"2736\" \/>\n\t<meta property=\"og:image:type\" content=\"image\/jpeg\" \/>\n<meta name=\"twitter:card\" content=\"summary_large_image\" \/>\n<meta name=\"twitter:site\" content=\"@Gerontim\" \/>\n<meta name=\"twitter:label1\" content=\"Dur\u00e9e de lecture estim\u00e9e\" \/>\n\t<meta name=\"twitter:data1\" content=\"2 minutes\" \/>\n<script type=\"application\/ld+json\" class=\"yoast-schema-graph\">{\"@context\":\"https:\\\/\\\/schema.org\",\"@graph\":[{\"@type\":\"WebPage\",\"@id\":\"https:\\\/\\\/www.gerontim.com\\\/fr\\\/realisations\\\/restructuration-extension-ehpad-65-lits\\\/\",\"url\":\"https:\\\/\\\/www.gerontim.com\\\/fr\\\/realisations\\\/restructuration-extension-ehpad-65-lits\\\/\",\"name\":\"Restructuration d\u2019un EHPAD de 65 lits \u00e0 Mazille (71) \u2013 Gerontim\",\"isPartOf\":{\"@id\":\"https:\\\/\\\/www.gerontim.com\\\/fr\\\/#website\"},\"primaryImageOfPage\":{\"@id\":\"https:\\\/\\\/www.gerontim.com\\\/fr\\\/realisations\\\/restructuration-extension-ehpad-65-lits\\\/#primaryimage\"},\"image\":{\"@id\":\"https:\\\/\\\/www.gerontim.com\\\/fr\\\/realisations\\\/restructuration-extension-ehpad-65-lits\\\/#primaryimage\"},\"thumbnailUrl\":\"https:\\\/\\\/www.gerontim.com\\\/wp-content\\\/uploads\\\/2019\\\/04\\\/ehpad-champrouge-jardin-fleuri.jpg\",\"datePublished\":\"2019-04-10T20:16:26+00:00\",\"dateModified\":\"2025-12-12T09:10:23+00:00\",\"description\":\"Restructuration et extension d\u2019un EHPAD priv\u00e9 associatif de 65 lits \u00e0 Mazille (71), et diversification de la prise en charge : cr\u00e9ation d\u2019un P\u00f4le d\u2019Activit\u00e9s et de Soins Adapt\u00e9s (PASA), d\u2019une Unit\u00e9 Alzheimer, d\u2019un p\u00f4le de vie sociale et d\u2019un g\u00eete d\u2019accueil.\",\"breadcrumb\":{\"@id\":\"https:\\\/\\\/www.gerontim.com\\\/fr\\\/realisations\\\/restructuration-extension-ehpad-65-lits\\\/#breadcrumb\"},\"inLanguage\":\"fr-FR\",\"potentialAction\":[{\"@type\":\"ReadAction\",\"target\":[\"https:\\\/\\\/www.gerontim.com\\\/fr\\\/realisations\\\/restructuration-extension-ehpad-65-lits\\\/\"]}]},{\"@type\":\"ImageObject\",\"inLanguage\":\"fr-FR\",\"@id\":\"https:\\\/\\\/www.gerontim.com\\\/fr\\\/realisations\\\/restructuration-extension-ehpad-65-lits\\\/#primaryimage\",\"url\":\"https:\\\/\\\/www.gerontim.com\\\/wp-content\\\/uploads\\\/2019\\\/04\\\/ehpad-champrouge-jardin-fleuri.jpg\",\"contentUrl\":\"https:\\\/\\\/www.gerontim.com\\\/wp-content\\\/uploads\\\/2019\\\/04\\\/ehpad-champrouge-jardin-fleuri.jpg\",\"width\":3648,\"height\":2736,\"caption\":\"Jardin fleuri de l\u2019EHPAD Champrouge \u00e0 Mazille\"},{\"@type\":\"BreadcrumbList\",\"@id\":\"https:\\\/\\\/www.gerontim.com\\\/fr\\\/realisations\\\/restructuration-extension-ehpad-65-lits\\\/#breadcrumb\",\"itemListElement\":[{\"@type\":\"ListItem\",\"position\":1,\"name\":\"Accueil\",\"item\":\"https:\\\/\\\/www.gerontim.com\\\/fr\\\/\"},{\"@type\":\"ListItem\",\"position\":2,\"name\":\"R\u00e9alisations\",\"item\":\"https:\\\/\\\/www.gerontim.com\\\/fr\\\/realisations\\\/\"},{\"@type\":\"ListItem\",\"position\":3,\"name\":\"Restructuration EHPAD Champrouge \u00e0 Mazille (71) \u2013 65 lits\"}]},{\"@type\":\"WebSite\",\"@id\":\"https:\\\/\\\/www.gerontim.com\\\/fr\\\/#website\",\"url\":\"https:\\\/\\\/www.gerontim.com\\\/fr\\\/\",\"name\":\"Gerontim\",\"description\":\"L&#039;expertise g\u00e9rontologique\",\"publisher\":{\"@id\":\"https:\\\/\\\/www.gerontim.com\\\/fr\\\/#organization\"},\"potentialAction\":[{\"@type\":\"SearchAction\",\"target\":{\"@type\":\"EntryPoint\",\"urlTemplate\":\"https:\\\/\\\/www.gerontim.com\\\/fr\\\/?s={search_term_string}\"},\"query-input\":{\"@type\":\"PropertyValueSpecification\",\"valueRequired\":true,\"valueName\":\"search_term_string\"}}],\"inLanguage\":\"fr-FR\"},{\"@type\":\"Organization\",\"@id\":\"https:\\\/\\\/www.gerontim.com\\\/fr\\\/#organization\",\"name\":\"Gerontim\",\"url\":\"https:\\\/\\\/www.gerontim.com\\\/fr\\\/\",\"logo\":{\"@type\":\"ImageObject\",\"inLanguage\":\"fr-FR\",\"@id\":\"https:\\\/\\\/www.gerontim.com\\\/fr\\\/#\\\/schema\\\/logo\\\/image\\\/\",\"url\":\"https:\\\/\\\/www.gerontim.com\\\/wp-content\\\/uploads\\\/2019\\\/12\\\/gerontim-logo-sm.png\",\"contentUrl\":\"https:\\\/\\\/www.gerontim.com\\\/wp-content\\\/uploads\\\/2019\\\/12\\\/gerontim-logo-sm.png\",\"width\":140,\"height\":67,\"caption\":\"Gerontim\"},\"image\":{\"@id\":\"https:\\\/\\\/www.gerontim.com\\\/fr\\\/#\\\/schema\\\/logo\\\/image\\\/\"},\"sameAs\":[\"https:\\\/\\\/x.com\\\/Gerontim\",\"https:\\\/\\\/www.linkedin.com\\\/company\\\/gerontim-cabinet-conseil-gerontologie\\\/\"]}]}<\/script>\n<!-- \/ Yoast SEO plugin. -->","yoast_head_json":{"title":"Restructuration d\u2019un EHPAD de 65 lits \u00e0 Mazille (71) \u2013 Gerontim","description":"Restructuration et extension d\u2019un EHPAD priv\u00e9 associatif de 65 lits \u00e0 Mazille (71), et diversification de la prise en charge : cr\u00e9ation d\u2019un P\u00f4le d\u2019Activit\u00e9s et de Soins Adapt\u00e9s (PASA), d\u2019une Unit\u00e9 Alzheimer, d\u2019un p\u00f4le de vie sociale et d\u2019un g\u00eete d\u2019accueil.","robots":{"index":"index","follow":"follow","max-snippet":"max-snippet:-1","max-image-preview":"max-image-preview:large","max-video-preview":"max-video-preview:-1"},"canonical":"https:\/\/www.gerontim.com\/fr\/realisations\/restructuration-extension-ehpad-65-lits\/","og_locale":"fr_FR","og_type":"article","og_title":"Restructuration d\u2019un EHPAD de 65 lits \u00e0 Mazille (71) \u2013 Gerontim","og_description":"Restructuration et extension d\u2019un EHPAD priv\u00e9 associatif de 65 lits \u00e0 Mazille (71), et diversification de la prise en charge : cr\u00e9ation d\u2019un P\u00f4le d\u2019Activit\u00e9s et de Soins Adapt\u00e9s (PASA), d\u2019une Unit\u00e9 Alzheimer, d\u2019un p\u00f4le de vie sociale et d\u2019un g\u00eete d\u2019accueil.","og_url":"https:\/\/www.gerontim.com\/fr\/realisations\/restructuration-extension-ehpad-65-lits\/","og_site_name":"Gerontim","article_modified_time":"2025-12-12T09:10:23+00:00","og_image":[{"width":3648,"height":2736,"url":"https:\/\/www.gerontim.com\/wp-content\/uploads\/2019\/04\/ehpad-champrouge-jardin-fleuri.jpg","type":"image\/jpeg"}],"twitter_card":"summary_large_image","twitter_site":"@Gerontim","twitter_misc":{"Dur\u00e9e de lecture estim\u00e9e":"2 minutes"},"schema":{"@context":"https:\/\/schema.org","@graph":[{"@type":"WebPage","@id":"https:\/\/www.gerontim.com\/fr\/realisations\/restructuration-extension-ehpad-65-lits\/","url":"https:\/\/www.gerontim.com\/fr\/realisations\/restructuration-extension-ehpad-65-lits\/","name":"Restructuration d\u2019un EHPAD de 65 lits \u00e0 Mazille (71) \u2013 Gerontim","isPartOf":{"@id":"https:\/\/www.gerontim.com\/fr\/#website"},"primaryImageOfPage":{"@id":"https:\/\/www.gerontim.com\/fr\/realisations\/restructuration-extension-ehpad-65-lits\/#primaryimage"},"image":{"@id":"https:\/\/www.gerontim.com\/fr\/realisations\/restructuration-extension-ehpad-65-lits\/#primaryimage"},"thumbnailUrl":"https:\/\/www.gerontim.com\/wp-content\/uploads\/2019\/04\/ehpad-champrouge-jardin-fleuri.jpg","datePublished":"2019-04-10T20:16:26+00:00","dateModified":"2025-12-12T09:10:23+00:00","description":"Restructuration et extension d\u2019un EHPAD priv\u00e9 associatif de 65 lits \u00e0 Mazille (71), et diversification de la prise en charge : cr\u00e9ation d\u2019un P\u00f4le d\u2019Activit\u00e9s et de Soins Adapt\u00e9s (PASA), d\u2019une Unit\u00e9 Alzheimer, d\u2019un p\u00f4le de vie sociale et d\u2019un g\u00eete d\u2019accueil.","breadcrumb":{"@id":"https:\/\/www.gerontim.com\/fr\/realisations\/restructuration-extension-ehpad-65-lits\/#breadcrumb"},"inLanguage":"fr-FR","potentialAction":[{"@type":"ReadAction","target":["https:\/\/www.gerontim.com\/fr\/realisations\/restructuration-extension-ehpad-65-lits\/"]}]},{"@type":"ImageObject","inLanguage":"fr-FR","@id":"https:\/\/www.gerontim.com\/fr\/realisations\/restructuration-extension-ehpad-65-lits\/#primaryimage","url":"https:\/\/www.gerontim.com\/wp-content\/uploads\/2019\/04\/ehpad-champrouge-jardin-fleuri.jpg","contentUrl":"https:\/\/www.gerontim.com\/wp-content\/uploads\/2019\/04\/ehpad-champrouge-jardin-fleuri.jpg","width":3648,"height":2736,"caption":"Jardin fleuri de l\u2019EHPAD Champrouge \u00e0 Mazille"},{"@type":"BreadcrumbList","@id":"https:\/\/www.gerontim.com\/fr\/realisations\/restructuration-extension-ehpad-65-lits\/#breadcrumb","itemListElement":[{"@type":"ListItem","position":1,"name":"Accueil","item":"https:\/\/www.gerontim.com\/fr\/"},{"@type":"ListItem","position":2,"name":"R\u00e9alisations","item":"https:\/\/www.gerontim.com\/fr\/realisations\/"},{"@type":"ListItem","position":3,"name":"Restructuration EHPAD Champrouge \u00e0 Mazille (71) \u2013 65 lits"}]},{"@type":"WebSite","@id":"https:\/\/www.gerontim.com\/fr\/#website","url":"https:\/\/www.gerontim.com\/fr\/","name":"Gerontim","description":"L&#039;expertise g\u00e9rontologique","publisher":{"@id":"https:\/\/www.gerontim.com\/fr\/#organization"},"potentialAction":[{"@type":"SearchAction","target":{"@type":"EntryPoint","urlTemplate":"https:\/\/www.gerontim.com\/fr\/?s={search_term_string}"},"query-input":{"@type":"PropertyValueSpecification","valueRequired":true,"valueName":"search_term_string"}}],"inLanguage":"fr-FR"},{"@type":"Organization","@id":"https:\/\/www.gerontim.com\/fr\/#organization","name":"Gerontim","url":"https:\/\/www.gerontim.com\/fr\/","logo":{"@type":"ImageObject","inLanguage":"fr-FR","@id":"https:\/\/www.gerontim.com\/fr\/#\/schema\/logo\/image\/","url":"https:\/\/www.gerontim.com\/wp-content\/uploads\/2019\/12\/gerontim-logo-sm.png","contentUrl":"https:\/\/www.gerontim.com\/wp-content\/uploads\/2019\/12\/gerontim-logo-sm.png","width":140,"height":67,"caption":"Gerontim"},"image":{"@id":"https:\/\/www.gerontim.com\/fr\/#\/schema\/logo\/image\/"},"sameAs":["https:\/\/x.com\/Gerontim","https:\/\/www.linkedin.com\/company\/gerontim-cabinet-conseil-gerontologie\/"]}]}},"_links":{"self":[{"href":"https:\/\/www.gerontim.com\/fr\/wp-json\/wp\/v2\/astra-portfolio\/2478","targetHints":{"allow":["GET"]}}],"collection":[{"href":"https:\/\/www.gerontim.com\/fr\/wp-json\/wp\/v2\/astra-portfolio"}],"about":[{"href":"https:\/\/www.gerontim.com\/fr\/wp-json\/wp\/v2\/types\/astra-portfolio"}],"version-history":[{"count":59,"href":"https:\/\/www.gerontim.com\/fr\/wp-json\/wp\/v2\/astra-portfolio\/2478\/revisions"}],"predecessor-version":[{"id":12701,"href":"https:\/\/www.gerontim.com\/fr\/wp-json\/wp\/v2\/astra-portfolio\/2478\/revisions\/12701"}],"wp:featuredmedia":[{"embeddable":true,"href":"https:\/\/www.gerontim.com\/fr\/wp-json\/wp\/v2\/media\/2483"}],"wp:attachment":[{"href":"https:\/\/www.gerontim.com\/fr\/wp-json\/wp\/v2\/media?parent=2478"}],"wp:term":[{"taxonomy":"astra-portfolio-categories","embeddable":true,"href":"https:\/\/www.gerontim.com\/fr\/wp-json\/wp\/v2\/astra-portfolio-categories?post=2478"},{"taxonomy":"astra-portfolio-other-categories","embeddable":true,"href":"https:\/\/www.gerontim.com\/fr\/wp-json\/wp\/v2\/astra-portfolio-other-categories?post=2478"},{"taxonomy":"astra-portfolio-tags","embeddable":true,"href":"https:\/\/www.gerontim.com\/fr\/wp-json\/wp\/v2\/astra-portfolio-tags?post=2478"}],"curies":[{"name":"wp","href":"https:\/\/api.w.org\/{rel}","templated":true}]}}